{"id":2330,"date":"2025-02-02T03:50:32","date_gmt":"2025-02-02T03:50:32","guid":{"rendered":"https:\/\/www.vmtc.net\/?page_id=2330"},"modified":"2025-02-05T04:24:32","modified_gmt":"2025-02-05T04:24:32","slug":"vmtc-boneformedling-historia","status":"publish","type":"page","link":"https:\/\/www.vmtc.net\/sv\/vmtc-prayer-ministry-history\/","title":{"rendered":"VMTC:s historia"},"content":{"rendered":"<section class=\"l-section wpb_row height_custom color_primary with_img\"><div class=\"l-section-img\" role=\"img\" aria-label=\"VMTC Segerrikt ministerium genom Kristus\" data-img-width=\"2560\" data-img-height=\"1656\" style=\"background-image: url(https:\/\/www.vmtc.net\/wp-content\/uploads\/2025\/01\/getty-images-fh5LcndTtLk-unsplash-scaled.jpg);\"><\/div><div class=\"l-section-overlay\" style=\"background:rgba(26,26,26,0.25)\"><\/div><div class=\"l-section-h i-cf\"><div class=\"g-cols vc_row via_grid cols_1 laptops-cols_inherit tablets-cols_inherit mobiles-cols_1 valign_top type_default stacking_default\"><div class=\"wpb_column vc_column_container us_custom_a2aeb65f\"><div class=\"vc_column-inner\"><h1 class=\"w-text us_custom_eb849559\"><span class=\"w-text-h\"><span class=\"w-text-value\">VMTC:s begynnelse<\/span><\/span><\/h1><\/div><\/div><\/div><\/div><\/section><section class=\"l-section wpb_row height_custom\"><div class=\"l-section-h i-cf\"><div class=\"g-cols vc_row via_grid cols_2 laptops-cols_inherit tablets-cols_1 mobiles-cols_1 valign_middle type_default reversed stacking_default\" style=\"--columns-gap:0rem;\"><div class=\"wpb_column vc_column_container us_custom_8a2a463d\"><div class=\"vc_column-inner\"><div class=\"wpb_text_column us_custom_3fdaf282\"><div class=\"wpb_wrapper\"><div class=\"flex-shrink-0 flex flex-col relative items-end\">\n<div class=\"pt-0\">\n<div class=\"gizmo-bot-avatar flex h-8 w-8 items-center justify-center overflow-hidden rounded-full\">\n<h4 class=\"relative p-1 rounded-sm flex items-center justify-center bg-token-main-surface-primary text-token-text-primary h-8 w-8\"><strong>Anne S. Whites vision<\/strong><\/h4>\n<p class=\"relative p-1 rounded-sm flex items-center justify-center bg-token-main-surface-primary text-token-text-primary h-8 w-8\">Victorious Ministry Through Christ (VMTC)<span> b\u00f6rjade med ett gudomligt m\u00f6te som f\u00f6r\u00e4ndrade en kvinnas liv och utl\u00f6ste en r\u00f6relse av <\/span>helande, befrielse och f\u00f6rvandling<span>. <\/span>VMTC har sina r\u00f6tter i Ann S. White, en karismatisk evangelist med en djup passion f\u00f6r andligt uppvaknande. \u00c4ven om hon s\u00e5g m\u00e5nga komma till Kristus k\u00e4nde hon att n\u00e5got saknades - m\u00e4nniskor s\u00f6kte helande, men deras problem kvarstod. Denna \u00f6nskan om djupare frihet och f\u00f6rvandling blev drivkraften bakom hennes tj\u00e4nst.<\/p>\n<p class=\"relative p-1 rounded-sm flex items-center justify-center bg-token-main-surface-primary text-token-text-primary h-8 w-8\"><strong>En gudomlig uppenbarelse genom b\u00f6n<\/strong><\/p>\n<\/div>\n<\/div>\n<\/div>\n<div class=\"group\/conversation-turn relative flex w-full min-w-0 flex-col agent-turn\">\n<div class=\"flex-col gap-1 md:gap-3\">\n<div class=\"flex max-w-full flex-col flex-grow\">\n<div class=\"min-h-8 text-message flex w-full flex-col items-end gap-2 whitespace-normal break-words text-start &#091;.text-message+&amp;&#093;:mt-5\" dir=\"auto\" data-message-author-role=\"assistant\" data-message-id=\"aa48efa0-e260-4cd1-a0f6-4167de13f66f\" data-message-model-slug=\"gpt-4o\">\n<div class=\"flex w-full flex-col gap-1 empty:hidden first:pt-&#091;3px&#093;\">\n<div class=\"markdown prose w-full break-words dark:prose-invert light\">\n<p>Annes personliga genombrott kom p\u00e5 ett ov\u00e4ntat s\u00e4tt. Hennes unge son led av sv\u00e5r astma som inte gick att behandla med medicin. I stillheten under en desperat natt v\u00e4nde sig Anne till b\u00f6n. Under den tiden uppenbarade Gud en dold andlig barri\u00e4r - of\u00f6rl\u00e5telse. Med \u00f6vertygelsen i beh\u00e5ll erk\u00e4nde hon en l\u00e5ngvarig f\u00f6rbittring mot en familjemedlem. Omedelbart upplevde hon en kraftfull f\u00f6r\u00e4ndring och mirakul\u00f6st nog f\u00f6rb\u00e4ttrades hennes sons tillst\u00e5nd direkt. Denna gudomliga uppenbarelse blev grunden f\u00f6r hennes livsl\u00e5nga tj\u00e4nst - helande och frihet genom bek\u00e4nnelse, f\u00f6rl\u00e5telse och den Helige Andes kraft.<\/p>\n<h4><strong>VMTC:s f\u00f6delse<\/strong><\/h4>\n<p>I slutet av 1970-talet grundade Anne Victorious Ministry Through Christ (VMTC) f\u00f6r att utrusta troende med en biblisk, andestyrd modell f\u00f6r b\u00f6nearbete. Det som b\u00f6rjade som utbildning f\u00f6r pr\u00e4sterskapets b\u00f6neteam utvidgades snart till att omfatta lekm\u00e4n, som fick m\u00f6jlighet att verka f\u00f6r helande och frihet genom strukturerad, andestyrd b\u00f6n.<\/p>\n<h4><strong>Ett best\u00e5ende arv<\/strong><\/h4>\n<p>Annes p\u00e5verkan forts\u00e4tter \u00e4n idag genom hennes skrifter och undervisning, som ligger till grund f\u00f6r VMTC:s k\u00e4rnprinciper f\u00f6r b\u00f6nearbete. VMTC \u00e4r nu en global organisation som verkar i flera l\u00e4nder och f\u00f6r tusentals m\u00e4nniskor till helhet, frihet och en djupare n\u00e4rhet till Kristus.<\/p>\n<p>\"S\u00e5 om Sonen g\u00f6r er fria, d\u00e5 \u00e4r ni verkligen fria.\" - Johannes 8:36<\/p>\n<\/div>\n<\/div>\n<\/div>\n<\/div>\n<\/div>\n<\/div>\n<\/div><\/div><\/div><\/div><div class=\"wpb_column vc_column_container\"><div class=\"vc_column-inner\"><div class=\"w-image us_custom_447bff20 align_none\"><div class=\"w-image-h\"><img decoding=\"async\" width=\"1707\" height=\"2560\" src=\"https:\/\/www.vmtc.net\/wp-content\/uploads\/2025\/01\/VMTC2024-54-scaled.jpg\" class=\"attachment-full size-full\" alt=\"VMTC Victorious Ministry Through Christ, b\u00f6neskola, ordinerade ministrar, skriftlig grund, Helige Ande, Jesu Kristi helande kraft\" loading=\"lazy\" srcset=\"https:\/\/www.vmtc.net\/wp-content\/uploads\/2025\/01\/VMTC2024-54-scaled.jpg 1707w, https:\/\/www.vmtc.net\/wp-content\/uploads\/2025\/01\/VMTC2024-54-200x300.jpg 200w, https:\/\/www.vmtc.net\/wp-content\/uploads\/2025\/01\/VMTC2024-54-683x1024.jpg 683w, https:\/\/www.vmtc.net\/wp-content\/uploads\/2025\/01\/VMTC2024-54-600x900.jpg 600w\" sizes=\"auto, (max-width: 1707px) 100vw, 1707px\" \/><\/div><\/div><\/div><\/div><\/div><\/div><\/section><section class=\"l-section wpb_row height_custom\"><div class=\"l-section-h i-cf\"><div class=\"g-cols vc_row via_grid cols_2 laptops-cols_inherit tablets-cols_1 mobiles-cols_1 valign_middle type_default reversed stacking_default\" style=\"--columns-gap:0rem;\"><div class=\"wpb_column vc_column_container us_custom_8a2a463d\"><div class=\"vc_column-inner\"><div class=\"w-image has_ratio align_none\"><div class=\"w-image-h\"><div style=\"padding-bottom:100%\"><\/div><img decoding=\"async\" width=\"1024\" height=\"683\" src=\"https:\/\/www.vmtc.net\/wp-content\/uploads\/2025\/02\/getty-images-mDmMlu8DL9E-unsplash-1024x683.jpg\" class=\"attachment-large size-large\" alt=\"\" loading=\"lazy\" \/><\/div><\/div><\/div><\/div><div class=\"wpb_column vc_column_container\"><div class=\"vc_column-inner\"><div class=\"wpb_text_column us_custom_3fdaf282\"><div class=\"wpb_wrapper\"><div class=\"flex-shrink-0 flex flex-col relative items-end\">\n<div class=\"pt-0\">\n<div class=\"gizmo-bot-avatar flex h-8 w-8 items-center justify-center overflow-hidden rounded-full\">\n<h3>VMTC:s internationella expansion<\/h3>\n<p>Anne S. White ins\u00e5g att det fanns en kritisk lucka i pr\u00e4sterskapet - pr\u00e4sterna saknade ofta konfidentiellt b\u00f6nest\u00f6d. Denna insikt ledde till grundandet av Victorious Ministry Through Christ (VMTC), som ursprungligen fokuserade p\u00e5 att utrusta pr\u00e4ster och deras makar som b\u00f6nest\u00f6djare. Men i takt med att behovet av helande b\u00f6n v\u00e4xte b\u00f6rjade \u00e4ven lekm\u00e4n att ta en aktiv roll och bli en integrerad del av verksamheten. Traditionellt har pr\u00e4sterskapet haft ledarpositioner, men detta h\u00e5ller p\u00e5 att f\u00f6r\u00e4ndras och fler lekmannaledare tar p\u00e5 sig nyckelroller.<\/p>\n<h4><strong>Den f\u00f6rsta VMTC-skolan och tidig tillv\u00e4xt<\/strong><\/h4>\n<p>Den f\u00f6rsta VMTC-skolan h\u00f6lls i Florida i slutet av 1970. \u00c5ret d\u00e4rp\u00e5 etablerades VMTC Florida formellt som en interkonfessionell v\u00e4lg\u00f6renhetsorganisation, med Anne S. White som ordf\u00f6rande tillsammans med en styrelse som representerade olika lokala kyrkor.<\/p>\n<p>Fr\u00e5n denna blygsamma b\u00f6rjan utvecklades VMTC:s b\u00f6nemissionsverksamhet internationellt. Idag betj\u00e4nar VMTC individer i:<\/p>\n<ul>\n<li>Sverige, Finland, Norge, Australien, Nya Zeeland, Kanada och USA, var och en med sin egen nationella styrelse som \u00f6vervakar b\u00f6neverksamheten.<\/li>\n<li>I Norge \u00e4r verksamheten k\u00e4nd som \"Helhet gjennom Kristus\" (Helhet genom Kristus).<\/li>\n<li>VMTC Pakistan, som en g\u00e5ng var aktivt, upplever f\u00f6r n\u00e4rvarande en period av f\u00f6rnyelse och v\u00e4ckelse.<\/li>\n<\/ul>\n<\/div>\n<\/div>\n<\/div>\n<\/div><\/div><\/div><\/div><\/div><\/div><\/section><section class=\"l-section wpb_row height_auto\"><div class=\"l-section-h i-cf\"><div class=\"g-cols vc_row via_grid cols_2 laptops-cols_inherit tablets-cols_inherit mobiles-cols_1 valign_middle type_default stacking_default\" style=\"--columns-gap:0rem;\"><div class=\"wpb_column vc_column_container us_custom_35b89359 has_bg_color\"><div class=\"vc_column-inner\"><\/div><\/div><div class=\"wpb_column vc_column_container us_custom_72119110 has_bg_color\"><div class=\"vc_column-inner\"><h2 class=\"w-text us_custom_9ad16fb4 has_text_color\"><span class=\"w-text-h\"><span class=\"w-text-value\">V\u00e5ra k\u00e4rnv\u00e4rden<\/span><\/span><\/h2><div class=\"wpb_text_column us_custom_f2f613e8 has_text_color\"><div class=\"wpb_wrapper\"><ul class=\"n8H08c UVNKR\">\n<li class=\"zfr3Q TYR86d eD0Rn\" dir=\"ltr\">\n<p>Som en f\u00f6rsamling \u00e4r vi h\u00e4ngivna att tj\u00e4na i Jesu Kristi k\u00e4rlek och sanning, v\u00e4gledda av den Helige Ande. V\u00e5ra grundl\u00e4ggande v\u00e4rderingar \u00e5terspeglar hans kallelse till oss:<\/p>\n<ul>\n<li><strong>Att vandra i den Helige Andes k\u00e4rlek, kraft och v\u00e4gledning<\/strong> - Vi arbetar under Andens ledning och f\u00f6rlitar oss p\u00e5 hans visdom och helande kraft.<\/li>\n<li><strong>Tj\u00e4nstg\u00f6ring med medk\u00e4nsla, integritet och kristuslik \u00f6dmjukhet<\/strong> - Att \u00e5terspegla Jesu hj\u00e4rta genom att behandla varje individ med k\u00e4rlek, v\u00e4rdighet och n\u00e5d.<\/li>\n<li><strong>Uppr\u00e4tth\u00e5lla konfidentialitet och biblisk etik i b\u00f6nemissionen<\/strong> - Skapa ett heligt utrymme av tillit d\u00e4r Guds verk kan utvecklas fritt.<\/li>\n<li><strong>Uppmuntra andlig tillv\u00e4xt och l\u00e4rjungaskap f\u00f6r b\u00f6neutdelare<\/strong> - Att engagera sig i livsl\u00e5ngt l\u00e4rande, djupare tro och en v\u00e4xande relation med Kristus.<\/li>\n<\/ul>\n<p><strong>\"Vad ni \u00e4n g\u00f6r, arbeta av hj\u00e4rtans lust, som f\u00f6r Herren och inte f\u00f6r m\u00e4nniskor.\"<\/strong> - Kolosserbrevet 3:23<\/p>\n<p>Skulle du vilja ha n\u00e5gra f\u00f6rb\u00e4ttringar eller till\u00e4gg f\u00f6r att anpassa detta n\u00e4rmare till ditt ministeriums vision?<\/p>\n<\/li>\n<\/ul>\n<\/div><\/div><\/div><\/div><\/div><\/div><\/section><section class=\"l-section wpb_row us_custom_3e1eb913 height_auto\"><div class=\"l-section-h i-cf\"><div class=\"g-cols vc_row via_grid cols_1 laptops-cols_inherit tablets-cols_inherit mobiles-cols_1 valign_middle type_default reversed stacking_default\"><div class=\"wpb_column vc_column_container\"><div class=\"vc_column-inner\"><div class=\"g-cols wpb_row us_custom_f8d90600 via_grid cols_2 laptops-cols_inherit tablets-cols_inherit mobiles-cols_1 valign_middle type_default reversed stacking_default\" style=\"--columns-gap:0rem;\"><div class=\"wpb_column vc_column_container us_custom_0e1fc3dd has_bg_color\"><div class=\"vc_column-inner\"><h4 class=\"w-text us_custom_6745946f has_text_color\"><span class=\"w-text-h\"><span class=\"w-text-value\">VMTC:s b\u00f6nemottagning<\/span><\/span><\/h4><h2 class=\"w-text\"><span class=\"w-text-h\"><span class=\"w-text-value\">Har du n\u00e5gra fr\u00e5gor?<\/span><\/span><\/h2><div class=\"wpb_text_column us_custom_59aee68e\"><div class=\"wpb_wrapper\"><p class=\"zfr3Q CDt4Ke\" dir=\"ltr\"><span class=\"gBYvFf C9DxTc\"><span>L\u00e4r dig\u00a0<\/span><strong>f\u00e4rdigheter i att arbeta med b\u00f6n<\/strong><span>\u00a0som \u00e4r\u00a0<\/span><strong>skriftbaserad, disciplinerad och ledd av den Helige Ande<\/strong><span>, ans\u00f6kan\u00a0<\/span><strong>Jesu l\u00f6ften om helande och frihet<\/strong><span>\u00a0till dem som lider. Genom\u00a0<\/span><strong>praktisk utbildning, person-till-person<\/strong><span>kommer du att bevittna\u00a0<\/span><strong>Kristi f\u00f6rvandlande kraft<\/strong><span>, utrusta dig f\u00f6r att hj\u00e4lpa andra\u00a0<\/span><strong>bryta sig loss och g\u00e5 i seger<\/strong><span>.<\/span><\/span><\/p>\n<p class=\"zfr3Q CDt4Ke\" dir=\"ltr\"><span class=\"gBYvFf C9DxTc\">\u00a0<\/span><\/p>\n<\/div><\/div><div class=\"w-separator size_custom\" style=\"height:40px\"><\/div><div class=\"w-btn-wrapper align_none\"><a class=\"w-btn us-btn-style_2\" href=\"\/sv\/about\/\"><span class=\"w-btn-label\">L\u00e4s mer om oss<\/span><\/a><\/div><\/div><\/div><div class=\"wpb_column vc_column_container us_custom_a156e83a has_bg_color\"><div class=\"vc_column-inner\"><\/div><\/div><\/div><\/div><\/div><\/div><\/div><\/section>","protected":false},"excerpt":{"rendered":"","protected":false},"author":1,"featured_media":0,"parent":0,"menu_order":0,"comment_status":"closed","ping_status":"closed","template":"","meta":{"om_disable_all_campaigns":false,"_monsterinsights_skip_tracking":false,"_monsterinsights_sitenote_active":false,"_monsterinsights_sitenote_note":"","_monsterinsights_sitenote_category":0,"footnotes":""},"class_list":["post-2330","page","type-page","status-publish","hentry"],"aioseo_notices":[],"_links":{"self":[{"href":"https:\/\/www.vmtc.net\/sv\/wp-json\/wp\/v2\/pages\/2330","targetHints":{"allow":["GET"]}}],"collection":[{"href":"https:\/\/www.vmtc.net\/sv\/wp-json\/wp\/v2\/pages"}],"about":[{"href":"https:\/\/www.vmtc.net\/sv\/wp-json\/wp\/v2\/types\/page"}],"author":[{"embeddable":true,"href":"https:\/\/www.vmtc.net\/sv\/wp-json\/wp\/v2\/users\/1"}],"replies":[{"embeddable":true,"href":"https:\/\/www.vmtc.net\/sv\/wp-json\/wp\/v2\/comments?post=2330"}],"version-history":[{"count":0,"href":"https:\/\/www.vmtc.net\/sv\/wp-json\/wp\/v2\/pages\/2330\/revisions"}],"wp:attachment":[{"href":"https:\/\/www.vmtc.net\/sv\/wp-json\/wp\/v2\/media?parent=2330"}],"curies":[{"name":"wp","href":"https:\/\/api.w.org\/{rel}","templated":true}]}}