{"id":2221,"date":"2025-01-31T02:51:08","date_gmt":"2025-01-31T02:51:08","guid":{"rendered":"http:\/\/lbw.8f3.mytemp.website\/?page_id=2221"},"modified":"2025-04-14T00:43:34","modified_gmt":"2025-04-14T00:43:34","slug":"vmtc-bonesession","status":"publish","type":"page","link":"https:\/\/www.vmtc.net\/sv\/vmtc-prayer-session\/","title":{"rendered":"B\u00f6nesession"},"content":{"rendered":"<section class=\"l-section wpb_row height_custom color_primary with_img\"><div class=\"l-section-img\" role=\"img\" aria-label=\"befrielseministerium, andlig krigf\u00f6ring, b\u00f6neministerium\" data-img-width=\"2560\" data-img-height=\"1707\" style=\"background-image: url(https:\/\/www.vmtc.net\/wp-content\/uploads\/2025\/04\/group-of-people-sitting-in-circle-on-therapy-meeti-2025-03-11-04-21-51-utc-scaled.jpg);background-position: top center;\"><\/div><div class=\"l-section-overlay\" style=\"background:rgba(0,0,0,0.35)\"><\/div><div class=\"l-section-h i-cf\"><div class=\"g-cols vc_row via_grid cols_1 laptops-cols_inherit tablets-cols_inherit mobiles-cols_1 valign_top type_default stacking_default\"><div class=\"wpb_column vc_column_container us_custom_10c6fbac\"><div class=\"vc_column-inner\"><h2 class=\"w-text us_custom_83e089d9\"><span class=\"w-text-h\"><span class=\"w-text-value\">Personlig b\u00f6nesession<\/span><\/span><\/h2><div class=\"w-separator size_large\"><\/div><\/div><\/div><\/div><\/div><\/section><section class=\"l-section wpb_row height_auto\"><div class=\"l-section-h i-cf\"><div class=\"g-cols vc_row via_grid cols_1 laptops-cols_inherit tablets-cols_inherit mobiles-cols_1 valign_top type_default stacking_default\"><div class=\"wpb_column vc_column_container us_custom_97f97f54 has_bg_color\"><div class=\"vc_column-inner\"><div class=\"wpb_text_column us_custom_316b0327\"><div class=\"wpb_wrapper\"><p><em>\"Men tack vare Gud! Han ger oss segern genom v\u00e5r Herre Jesus Kristus.\"<\/em> 1 Korintierbrevet 15:57<\/p>\n<\/div><\/div><\/div><\/div><\/div><\/div><\/section><section class=\"l-section wpb_row height_large\"><div class=\"l-section-h i-cf\"><div class=\"g-cols vc_row via_grid cols_1 laptops-cols_inherit tablets-cols_inherit mobiles-cols_1 valign_top type_default stacking_default\"><div class=\"wpb_column vc_column_container\"><div class=\"vc_column-inner\"><div class=\"wpb_text_column us_custom_2e9da019\"><div class=\"wpb_wrapper\"><h2 class=\"CjVfdc\" style=\"text-align: center;\"><span class=\"C9DxTc\"><strong>VMTC<\/strong> \u00e4r baserad p\u00e5 Jesu ord<\/span><\/h2>\n<h5 class=\"zfr3Q CDt4Ke\" dir=\"ltr\" style=\"text-align: center;\"><em><span class=\"gBYvFf C9DxTc\">\"Herrens ande \u00e4r \u00f6ver mig <\/span><span class=\"gBYvFf C9DxTc\">eftersom han har smort mig att f\u00f6rkunna goda nyheter f\u00f6r de fattiga.\u00a0<\/span><span class=\"gBYvFf C9DxTc\">Han har s\u00e4nt mig f\u00f6r att f\u00f6rkunna frihet f\u00f6r f\u00e5ngarna\u00a0<\/span><span class=\"gBYvFf C9DxTc\">och \u00e5terf\u00e5 synen f\u00f6r blinda,\u00a0<\/span><span class=\"gBYvFf C9DxTc\">att befria de f\u00f6rtryckta, att f\u00f6rkunna Herrens gunst\u00e5r.\"<\/span><\/em><span class=\"gBYvFf C9DxTc\">\u00a0 <\/span><span class=\"gBYvFf C9DxTc\">Lukas 4:18-19\u00a0<span>\u00a0<\/span><\/span><\/h5>\n<\/div><\/div><div class=\"w-separator size_large\"><\/div><div class=\"g-cols wpb_row via_grid cols_2 laptops-cols_inherit tablets-cols_inherit mobiles-cols_1 valign_middle type_default reversed stacking_default\" style=\"--columns-gap:4vw;\"><div class=\"wpb_column vc_column_container\"><div class=\"vc_column-inner\"><div class=\"w-image has_ratio align_none\"><div class=\"w-image-h\"><div style=\"padding-bottom:75%\"><\/div><img decoding=\"async\" width=\"1024\" height=\"683\" src=\"https:\/\/www.vmtc.net\/wp-content\/uploads\/2025\/01\/getty-images-GpftgLqbB2k-unsplash-1024x683.jpg\" class=\"attachment-large size-large\" alt=\"vmtc personlig b\u00f6n ministry s\u00e4tta f\u00e5ngar fri\" loading=\"lazy\" \/><\/div><\/div><\/div><\/div><div class=\"wpb_column vc_column_container\"><div class=\"vc_column-inner\"><div class=\"wpb_text_column us_custom_d98eb4eb\"><div class=\"wpb_wrapper\"><h3 class=\"CjVfdc\"><span class=\"C9DxTc\">Personlig b\u00f6neverksamhet<\/span><\/h3>\n<p>Vid <strong>Segerrik tj\u00e4nst genom Kristus<\/strong>Vi tror p\u00e5 b\u00f6nens transformerande kraft som kan ge djup l\u00e4kning och sann frihet. Jesus beskrev sin verksamhet med ord som <strong>goda nyheter, frihet, \u00e5terh\u00e4mtning och fav\u00f6r<\/strong>-och det \u00e4r precis vad vi f\u00f6rs\u00f6ker odla i livet f\u00f6r dem vi tj\u00e4nar.<\/p>\n<p>V\u00e5r <strong>Personlig b\u00f6neverksamhet<\/strong> f\u00f6ljer ett kraftfullt, andestyrt m\u00f6nster som \u00e4r utformat f\u00f6r att v\u00e4gleda troende till st\u00f6rre helhet och frihet. Denna process inkluderar:<\/p>\n<ul>\n<li><strong>F\u00f6rl\u00e5telse genom bek\u00e4nnelse<\/strong> - Att sl\u00e4ppa tidigare skador och ta emot Guds n\u00e5d.<\/li>\n<li><strong>Emotionell l\u00e4kning<\/strong> - Till\u00e5ter Jesus att \u00e5terst\u00e4lla s\u00e5rade hj\u00e4rtan.<\/li>\n<li><strong>Frihet fr\u00e5n andliga f\u00e4sten<\/strong> - Att bryta sig loss fr\u00e5n negativa influenser och vanor.<\/li>\n<li><strong>F\u00f6rst\u00e4rkning i den Helige Ande<\/strong> - Att dagligen leva i hans n\u00e4rvaro och kraft.<\/li>\n<\/ul>\n<p>Genom denna b\u00f6neresa upplever individerna <strong>djup f\u00f6rnyelse, varaktig frid och en st\u00f6rre n\u00e4rhet till Gud<\/strong>. Vi inbjuder dig att g\u00e5 in i denna process och uppt\u00e4cka det \u00f6verfl\u00f6dande liv som Jesus har lovat!<\/p>\n<\/div><\/div><\/div><\/div><\/div><div class=\"w-separator size_large\"><\/div><div class=\"g-cols wpb_row via_grid cols_2 laptops-cols_inherit tablets-cols_inherit mobiles-cols_1 valign_middle type_default stacking_default\" style=\"--columns-gap:4vw;\"><div class=\"wpb_column vc_column_container\"><div class=\"vc_column-inner\"><div class=\"wpb_text_column us_custom_b818dcba\"><div class=\"wpb_wrapper\"><h3><strong>\u00c4r b\u00f6neutdelning r\u00e4tt f\u00f6r dig?<\/strong><\/h3>\n<p>K\u00e4nner du dig fast, \u00f6verv\u00e4ldigad eller tyngd av livets utmaningar? Vi m\u00f6ter alla sv\u00e5righeter som kan tynga ner oss, men du beh\u00f6ver inte b\u00e4ra dem ensam.<\/p>\n<ul>\n<li><strong>K\u00e4nslom\u00e4ssiga b\u00f6rdor<\/strong> - Obearbetad sm\u00e4rta kan k\u00e4nnas \u00f6verv\u00e4ldigande.<\/li>\n<li><strong>Relationsproblem<\/strong> - Tidigare s\u00e5r kan p\u00e5verka hur vi tar kontakt med andra.<\/li>\n<li><strong>\u00d6verbelastning av stress<\/strong> - Det dagliga livets p\u00e5frestningar kan g\u00f6ra oss utmattade.<\/li>\n<li><strong>Tidigare trauman<\/strong> - Sm\u00e4rtsamma upplevelser kan forts\u00e4tta att p\u00e5verka ditt nuvarande v\u00e4lbefinnande.<\/li>\n<li><strong>Skadliga vanor<\/strong> - Oh\u00e4lsosamma m\u00f6nster kan f\u00e5 dig att k\u00e4nna dig inst\u00e4ngd.<\/li>\n<\/ul>\n<p>Om n\u00e5got av dessa st\u00e4mmer in p\u00e5 dig, kan en <strong>Session f\u00f6r personlig b\u00f6neverksamhet<\/strong> kan hj\u00e4lpa till. Genom andligt ledd b\u00f6n kan du finna helande, frihet och f\u00f6rnyelse i Guds n\u00e4rvaro.<\/p>\n<p>\u00c4r du redo att ta n\u00e4sta steg mot helheten?<\/p>\n<\/div><\/div><\/div><\/div><div class=\"wpb_column vc_column_container\"><div class=\"vc_column-inner\"><div class=\"w-image has_ratio align_none\"><div class=\"w-image-h\"><div style=\"padding-bottom:100%\"><\/div><img decoding=\"async\" width=\"1024\" height=\"683\" src=\"https:\/\/www.vmtc.net\/wp-content\/uploads\/2025\/04\/people-supporting-depressed-woman-at-psychotherapy-2025-03-10-00-52-11-utc-1024x683.jpg\" class=\"attachment-large size-large\" alt=\"vmtc\" loading=\"lazy\" \/><\/div><\/div><\/div><\/div><\/div><div class=\"w-separator size_large\"><\/div><div class=\"g-cols wpb_row via_grid cols_2 laptops-cols_inherit tablets-cols_inherit mobiles-cols_1 valign_middle type_default reversed stacking_default\" style=\"--columns-gap:4vw;\"><div class=\"wpb_column vc_column_container\"><div class=\"vc_column-inner\"><div class=\"w-image has_ratio align_none\"><div class=\"w-image-h\"><div style=\"padding-bottom:100%\"><\/div><img decoding=\"async\" width=\"683\" height=\"1024\" src=\"https:\/\/www.vmtc.net\/wp-content\/uploads\/2025\/01\/ave-calvar-6wfR3aKYyhU-unsplash-683x1024.jpg\" class=\"attachment-large size-large\" alt=\"vmtc depression \u00e5ngest\" loading=\"lazy\" \/><\/div><\/div><\/div><\/div><div class=\"wpb_column vc_column_container\"><div class=\"vc_column-inner\"><div class=\"wpb_text_column us_custom_d98eb4eb\"><div class=\"wpb_wrapper\"><div class=\"flex-shrink-0 flex flex-col relative items-end\">\n<div>\n<div class=\"pt-0\">\n<div class=\"gizmo-bot-avatar flex h-8 w-8 items-center justify-center overflow-hidden rounded-full\">\n<div class=\"relative p-1 rounded-sm flex items-center justify-center bg-token-main-surface-primary text-token-text-primary h-8 w-8\">\u00a0<\/div>\n<\/div>\n<\/div>\n<\/div>\n<\/div>\n<div class=\"group\/conversation-turn relative flex w-full min-w-0 flex-col agent-turn\">\n<div class=\"flex-col gap-1 md:gap-3\">\n<div class=\"flex max-w-full flex-col flex-grow\">\n<div class=\"min-h-8 text-message flex w-full flex-col items-end gap-2 whitespace-normal break-words text-start &#091;.text-message+&amp;&#093;:mt-5\" dir=\"auto\" data-message-author-role=\"assistant\" data-message-id=\"ee411f7d-4d24-44e9-b36e-4a6df5395964\" data-message-model-slug=\"gpt-4o\">\n<div class=\"flex w-full flex-col gap-1 empty:hidden first:pt-&#091;3px&#093;\">\n<div class=\"markdown prose w-full break-words dark:prose-invert light\">\n<p><strong>Vad b\u00f6neutdelning INTE \u00e4r<\/strong><\/p>\n<p>B\u00f6nemissionen \u00e4r ett kraftfullt verktyg f\u00f6r helande och frihet, men det \u00e4r viktigt att f\u00f6rst\u00e5 vad det \u00e4r <em>inte<\/em>:<\/p>\n<ul>\n<li><strong>Krisintervention<\/strong> - V\u00e5rt fokus ligger p\u00e5 att l\u00e4ka tidigare s\u00e5r fr\u00e5n trauma och hj\u00e4rtesorg, snarare \u00e4n att hantera omedelbara kriser.<\/li>\n<li><strong>R\u00e5dgivning<\/strong> - Vi erbjuder inte r\u00e5d eller personliga \u00e5sikter. Ist\u00e4llet skapar vi utrymme f\u00f6r den Helige Ande att leda och ge uppenbarelser.<\/li>\n<li><strong>P\u00e5g\u00e5ende sessioner<\/strong> - B\u00f6nemottagning \u00e4r en <em>eng\u00e5ng<\/em> och litar p\u00e5 att den Helige Ande ska forts\u00e4tta sitt arbete efter den stunden. Vi uppmuntrar dock individer att ta emot b\u00f6negudstj\u00e4nster <strong>\u00e5rligen<\/strong> f\u00f6r kontinuerlig andlig f\u00f6rnyelse.<\/li>\n<\/ul>\n<p>V\u00e5rt m\u00e5l \u00e4r att hj\u00e4lpa dig att g\u00e5 in <strong>helande, frihet och helhet<\/strong>, i f\u00f6rtr\u00f6stan p\u00e5 Guds p\u00e5g\u00e5ende arbete i ditt liv.<\/p>\n<\/div>\n<\/div>\n<\/div>\n<\/div>\n<\/div>\n<\/div>\n<\/div><\/div><\/div><\/div><\/div><\/div><\/div><\/div><\/div><\/section><section class=\"l-section wpb_row height_custom\"><div class=\"l-section-h i-cf\"><div class=\"g-cols vc_row via_grid cols_2 laptops-cols_inherit tablets-cols_inherit mobiles-cols_1 valign_top type_default stacking_default\"><div class=\"wpb_column vc_column_container\"><div class=\"vc_column-inner\"><div class=\"w-separator size_huge\"><\/div><div class=\"w-separator size_huge\"><\/div><div class=\"w-separator size_medium\"><\/div><div class=\"w-image align_none\"><div class=\"w-image-h\"><img decoding=\"async\" width=\"563\" height=\"1024\" src=\"https:\/\/www.vmtc.net\/wp-content\/uploads\/2025\/04\/IMG_7460-563x1024.jpg\" class=\"attachment-large size-large\" alt=\"VMTC Victorious Ministry Through Christ usa\" loading=\"lazy\" srcset=\"https:\/\/www.vmtc.net\/wp-content\/uploads\/2025\/04\/IMG_7460-563x1024.jpg 563w, https:\/\/www.vmtc.net\/wp-content\/uploads\/2025\/04\/IMG_7460-165x300.jpg 165w, https:\/\/www.vmtc.net\/wp-content\/uploads\/2025\/04\/IMG_7460-7x12.jpg 7w, https:\/\/www.vmtc.net\/wp-content\/uploads\/2025\/04\/IMG_7460-600x1092.jpg 600w, https:\/\/www.vmtc.net\/wp-content\/uploads\/2025\/04\/IMG_7460.jpg 754w\" sizes=\"auto, (max-width: 563px) 100vw, 563px\" \/><\/div><\/div><\/div><\/div><div class=\"wpb_column vc_column_container us_custom_21c3ffa6 has_bg_color\"><div class=\"vc_column-inner\"><div class=\"wpb_text_column\"><div class=\"wpb_wrapper\"><h3 class=\"CjVfdc\"><span class=\"C9DxTc\">Vad du kan f\u00f6rv\u00e4nta dig under en b\u00f6nesession<\/span><\/h3>\n<\/div><\/div><div class=\"w-separator size_small\"><\/div><div class=\"wpb_text_column\"><div class=\"wpb_wrapper\"><h5><strong>Utbildat team<\/strong><\/h5>\n<p>Varje session leds av tv\u00e5 utbildade b\u00f6nepastorer - en huvudpastor och en st\u00f6dpastor. Ibland kan en tredje person, en s\u00e5 kallad f\u00f6rb\u00f6nsman, ocks\u00e5 vara n\u00e4rvarande. Varje teammedlem har genomg\u00e5tt omfattande utbildning genom Victorious Ministry Through Christ, inklusive flera skolor f\u00f6r b\u00f6nepastorat och mentorskapsm\u00f6jligheter, vilket s\u00e4kerst\u00e4ller en andestyrd och effektiv upplevelse.<\/p>\n<p><strong>L\u00e5ngsiktig omvandling<\/strong><\/p>\n<p>Prayer Ministry \u00e4r inte en snabb l\u00f6sning p\u00e5 omedelbara kriser. Ist\u00e4llet f\u00f6rs\u00f6ker den \u00e5stadkomma en djup, best\u00e5ende f\u00f6r\u00e4ndring genom att hj\u00e4lpa individer att \u00f6verl\u00e4mna b\u00f6rdor till Guds helande n\u00e5d, vilket leder till djup frihet i Kristus.<\/p>\n<p><strong>Fri och frivillig tj\u00e4nst<\/strong><\/p>\n<p>V\u00e5ra b\u00f6neutdelare arbetar frivilligt och det kostar inget att ta emot b\u00f6neutdelning. Donationer till VMTC \u00e4r v\u00e4lkomna f\u00f6r att st\u00f6dja tj\u00e4nsten, och om b\u00f6neutroparna har rest f\u00f6r din session uppskattas ett bidrag till deras transportkostnader.<\/p>\n<p><strong>Uppt\u00e4cka bakomliggande orsaker<\/strong><\/p>\n<p>Prayer Ministry g\u00e5r bortom ytliga problem f\u00f6r att ta itu med de underliggande andliga, k\u00e4nslom\u00e4ssiga och relationella fr\u00e5gor som kan hindra din frihet och helhet.<\/p>\n<p><strong>\u00d6ppenhet och f\u00f6rl\u00e5telse<\/strong><\/p>\n<p>L\u00e4kning b\u00f6rjar med ett \u00f6dmjukt och \u00e4rligt hj\u00e4rta. Du kommer att f\u00e5 m\u00f6jlighet att:<\/p>\n<ul>\n<li>Ta emot Guds f\u00f6rl\u00e5telse f\u00f6r tidigare synder.<\/li>\n<li>Visa f\u00f6rl\u00e5telse f\u00f6r andra som har s\u00e5rat dig.<\/li>\n<li>L\u00e5t den Helige Ande bringa helande och frihet i de omr\u00e5den d\u00e4r det beh\u00f6vs.<\/li>\n<\/ul>\n<h5><strong>Troget \u00e5tagande<\/strong><\/h5>\n<p>Att uppleva helande \u00e4r bara b\u00f6rjan. F\u00f6r att vandra i varaktig frihet \u00e4r det viktigt att aktivt samarbeta med den Helige Ande efter din session och f\u00f6rbinda sig till ett liv av \u00f6verl\u00e5telse och tillv\u00e4xt i Kristus.<\/p>\n<h5><strong>Fullst\u00e4ndig konfidentialitet<\/strong><\/h5>\n<p>Din session \u00e4r helt privat. Inga anteckningar g\u00f6rs och inga detaljer delas med n\u00e5gon vid n\u00e5got tillf\u00e4lle. Detta garanterar ett s\u00e4kert och heligt utrymme f\u00f6r din helande resa.<\/p>\n<h5><strong>Logistik<\/strong><\/h5>\n<ul>\n<li>Plats - Sessionerna \u00e4ger rum i en bekv\u00e4m och privat milj\u00f6, ofta i en lokal kyrka.<\/li>\n<li>Varaktighet - R\u00e4kna med tre timmar f\u00f6r din b\u00f6nesession f\u00f6r att s\u00e4kerst\u00e4lla en grundlig och lugn tid av tj\u00e4nstg\u00f6ring.<\/li>\n<\/ul>\n<\/div><\/div><div class=\"w-separator size_medium\"><\/div><div class=\"w-btn-wrapper align_none\"><a class=\"w-btn us-btn-style_1\" href=\"\/sv\/session_intag_formular\/\"><span class=\"w-btn-label\">Formul\u00e4r f\u00f6re sessionen<\/span><\/a><\/div><\/div><\/div><\/div><\/div><\/section><section class=\"l-section wpb_row us_custom_10ed3c95 height_auto\"><div class=\"l-section-h i-cf\"><div class=\"g-cols vc_row via_grid cols_custom laptops-cols_inherit tablets-cols_inherit mobiles-cols_1 valign_middle type_default reversed stacking_default\"><\/div><\/div><\/section><div class=\"wpb_column vc_column_container\"><div class=\"vc_column-inner\"><div class=\"g-cols wpb_row via_grid cols_2 laptops-cols_inherit tablets-cols_inherit mobiles-cols_1 valign_middle type_default reversed stacking_default\" style=\"--columns-gap:0rem;\"><div class=\"wpb_column vc_column_container us_custom_b4843623 has_bg_color\"><div class=\"vc_column-inner\"><h4 class=\"w-text us_custom_6745946f has_text_color\"><span class=\"w-text-h\"><span class=\"w-text-value\">H\u00c4R F\u00d6R ATT HJ\u00c4LPA<\/span><\/span><\/h4><h2 class=\"w-text\"><span class=\"w-text-h\"><span class=\"w-text-value\">Har du n\u00e5gra fr\u00e5gor?<\/span><\/span><\/h2><div class=\"wpb_text_column us_custom_59aee68e\"><div class=\"wpb_wrapper\"><h3><strong>L\u00e4r dig att vara minister i b\u00f6n<\/strong><\/h3>\n<p>Utveckla <strong>skriftbaserad, disciplinerad och ledd av den Helige Ande<\/strong> f\u00e4rdigheter i b\u00f6nearbete som g\u00e4ller <strong>Jesu l\u00f6ften<\/strong> till dem som lider. Genom <strong>utbildning fr\u00e5n person till person<\/strong>f\u00e5r du praktisk erfarenhet och andlig insikt som g\u00f6r dig rustad att hj\u00e4lpa andra att finna helande och frihet i Kristus.<\/p>\n<p>F\u00f6lj med oss i detta <strong>transformativ resa<\/strong> och bli en del av att se liv f\u00f6r\u00e4ndras genom b\u00f6nens kraft!<\/p>\n<\/div><\/div><div class=\"w-separator size_custom\" style=\"height:40px\"><\/div><div class=\"w-btn-wrapper align_none\"><a class=\"w-btn us-btn-style_2\" href=\"\/sv\/kontaktformular-allmant\/\"><span class=\"w-btn-label\">Kontakta oss<\/span><\/a><\/div><\/div><\/div><div class=\"wpb_column vc_column_container us_custom_a541fb6c has_bg_color\"><div class=\"vc_column-inner\"><\/div><\/div><\/div><\/div><\/div>","protected":false},"excerpt":{"rendered":"","protected":false},"author":1,"featured_media":0,"parent":0,"menu_order":0,"comment_status":"closed","ping_status":"closed","template":"","meta":{"om_disable_all_campaigns":false,"_monsterinsights_skip_tracking":false,"_monsterinsights_sitenote_active":false,"_monsterinsights_sitenote_note":"","_monsterinsights_sitenote_category":0,"footnotes":""},"class_list":["post-2221","page","type-page","status-publish","hentry"],"aioseo_notices":[],"_links":{"self":[{"href":"https:\/\/www.vmtc.net\/sv\/wp-json\/wp\/v2\/pages\/2221","targetHints":{"allow":["GET"]}}],"collection":[{"href":"https:\/\/www.vmtc.net\/sv\/wp-json\/wp\/v2\/pages"}],"about":[{"href":"https:\/\/www.vmtc.net\/sv\/wp-json\/wp\/v2\/types\/page"}],"author":[{"embeddable":true,"href":"https:\/\/www.vmtc.net\/sv\/wp-json\/wp\/v2\/users\/1"}],"replies":[{"embeddable":true,"href":"https:\/\/www.vmtc.net\/sv\/wp-json\/wp\/v2\/comments?post=2221"}],"version-history":[{"count":0,"href":"https:\/\/www.vmtc.net\/sv\/wp-json\/wp\/v2\/pages\/2221\/revisions"}],"wp:attachment":[{"href":"https:\/\/www.vmtc.net\/sv\/wp-json\/wp\/v2\/media?parent=2221"}],"curies":[{"name":"wp","href":"https:\/\/api.w.org\/{rel}","templated":true}]}}