{"id":2163,"date":"2025-01-30T00:57:43","date_gmt":"2025-01-30T00:57:43","guid":{"rendered":"http:\/\/lbw.8f3.mytemp.website\/?page_id=2163"},"modified":"2025-02-12T23:57:38","modified_gmt":"2025-02-12T23:57:38","slug":"vmtc-boneministerium-amerika","status":"publish","type":"page","link":"https:\/\/www.vmtc.net\/sv\/vmtc-prayer-ministry-america\/","title":{"rendered":"VMTC"},"content":{"rendered":"<section class=\"l-section wpb_row height_custom color_primary with_img\"><div class=\"l-section-img\" role=\"img\" aria-label=\"Bild\" data-img-width=\"2560\" data-img-height=\"1183\" style=\"background-image: url(https:\/\/www.vmtc.net\/wp-content\/uploads\/2025\/02\/VMTC2024-7-3-scaled.jpg);\"><\/div><div class=\"l-section-overlay\" style=\"background:rgba(26,26,26,0.25)\"><\/div><div class=\"l-section-h i-cf\"><div class=\"g-cols vc_row via_grid cols_1 laptops-cols_inherit tablets-cols_inherit mobiles-cols_1 valign_top type_default stacking_default\"><div class=\"wpb_column vc_column_container us_custom_a2aeb65f\"><div class=\"vc_column-inner\"><h1 class=\"w-text us_custom_eb849559\"><span class=\"w-text-h\"><span class=\"w-text-value\">VMTC Vilka vi \u00e4r<\/span><\/span><\/h1><\/div><\/div><\/div><\/div><\/section><section class=\"l-section wpb_row height_custom\"><div class=\"l-section-h i-cf\"><div class=\"g-cols vc_row via_grid cols_2 laptops-cols_inherit tablets-cols_1 mobiles-cols_1 valign_middle type_default reversed stacking_default\" style=\"--columns-gap:0rem;\"><div class=\"wpb_column vc_column_container us_custom_8a2a463d\"><div class=\"vc_column-inner\"><div class=\"wpb_text_column us_custom_3fdaf282\"><div class=\"wpb_wrapper\"><div class=\"flex-shrink-0 flex flex-col relative items-end\">\n<div>\n<div class=\"pt-0\">\n<div class=\"gizmo-bot-avatar flex h-8 w-8 items-center justify-center overflow-hidden rounded-full\">\n<h2 class=\"relative p-1 rounded-sm flex items-center justify-center bg-token-main-surface-primary text-token-text-primary h-8 w-8\"><strong>V\u00e5r vision<\/strong><\/h2>\n<\/div>\n<\/div>\n<\/div>\n<\/div>\n<div class=\"group\/conversation-turn relative flex w-full min-w-0 flex-col agent-turn\">\n<div class=\"flex-col gap-1 md:gap-3\">\n<div class=\"flex max-w-full flex-col flex-grow\">\n<div class=\"min-h-8 text-message flex w-full flex-col items-end gap-2 whitespace-normal break-words text-start &#091;.text-message+&amp;&#093;:mt-5\" dir=\"auto\" data-message-author-role=\"assistant\" data-message-id=\"aa48efa0-e260-4cd1-a0f6-4167de13f66f\" data-message-model-slug=\"gpt-4o\">\n<div class=\"flex w-full flex-col gap-1 empty:hidden first:pt-&#091;3px&#093;\">\n<div class=\"markdown prose w-full break-words dark:prose-invert light\">\n<p>Vi f\u00f6rest\u00e4ller oss att m\u00e4nniskor m\u00f6ter <strong>sant helande - ande, sj\u00e4l och kropp - genom Jesu Kristi fullbordade verk<\/strong> och <strong>Den Helige Andes livsf\u00f6rvandlande kraft<\/strong>.<\/p>\n<p>Det \u00e4r v\u00e5r djupa \u00f6vertygelse att <strong>varje troende \u00e4r kallad att leva i fullheten av Kristi frihet<\/strong>och vandrar i hans k\u00e4rlek, n\u00e5d och uppr\u00e4ttelse. Genom <strong>b\u00f6n, \u00f6verl\u00e5telse och kraften i Guds ord<\/strong>, vi f\u00f6rs\u00f6ker se liv <strong>helad, f\u00f6rnyad och fri<\/strong> f\u00f6r Hans \u00e4ra.<\/p>\n<\/div>\n<\/div>\n<\/div>\n<\/div>\n<\/div>\n<\/div>\n<h2>V\u00e5rt uppdrag<\/h2>\n<p>Med r\u00f6tterna i <strong>b\u00f6nens kraft<\/strong>\u00e4r v\u00e5rt uppdrag att skapa utrymme f\u00f6r <strong>Helige Ande f\u00f6r att ge djup l\u00e4kning och full frihet<\/strong> till anh\u00e4ngare av Jesus Kristus.<\/p>\n<p>Genom <strong>VMTC Leva fullt ut<\/strong>Vi utbildar och utrustar troende f\u00f6r att tj\u00e4na i <strong>Andligt ledd b\u00f6n<\/strong>, efter Jesu f\u00f6rebild. Genom <strong>skolor f\u00f6r b\u00f6n ministry<\/strong>f\u00f6rbereder vi Guds folk f\u00f6r att vandra i hans helande kraft och hj\u00e4lpa andra att hitta <strong>frihet, \u00e5terst\u00e4llande och helhet<\/strong> i Kristus.<\/p>\n<p><strong>\"Det \u00e4r f\u00f6r friheten som Kristus har befriat oss.\"<\/strong> - Galaterbrevet 5:1<\/p>\n<\/div><\/div><\/div><\/div><div class=\"wpb_column vc_column_container\"><div class=\"vc_column-inner\"><div class=\"w-image us_custom_447bff20 align_none\"><div class=\"w-image-h\"><img decoding=\"async\" width=\"1600\" height=\"1824\" src=\"https:\/\/www.vmtc.net\/wp-content\/uploads\/2025\/02\/vmtc_blessing.jpg\" class=\"attachment-full size-full\" alt=\"\" loading=\"lazy\" srcset=\"https:\/\/www.vmtc.net\/wp-content\/uploads\/2025\/02\/vmtc_blessing.jpg 1600w, https:\/\/www.vmtc.net\/wp-content\/uploads\/2025\/02\/vmtc_blessing-263x300.jpg 263w, https:\/\/www.vmtc.net\/wp-content\/uploads\/2025\/02\/vmtc_blessing-898x1024.jpg 898w, https:\/\/www.vmtc.net\/wp-content\/uploads\/2025\/02\/vmtc_blessing-600x684.jpg 600w\" sizes=\"auto, (max-width: 1600px) 100vw, 1600px\" \/><\/div><\/div><\/div><\/div><\/div><\/div><\/section><section class=\"l-section wpb_row height_auto\"><div class=\"l-section-h i-cf\"><div class=\"g-cols vc_row via_grid cols_2 laptops-cols_inherit tablets-cols_inherit mobiles-cols_1 valign_middle type_default stacking_default\" style=\"--columns-gap:0rem;\"><div class=\"wpb_column vc_column_container us_custom_5fbca1b4 has_bg_color\"><div class=\"vc_column-inner\"><\/div><\/div><div class=\"wpb_column vc_column_container us_custom_72119110 has_bg_color\"><div class=\"vc_column-inner\"><h2 class=\"w-text us_custom_9ad16fb4 has_text_color\"><span class=\"w-text-h\"><span class=\"w-text-value\">V\u00e5ra k\u00e4rnv\u00e4rden<\/span><\/span><\/h2><div class=\"wpb_text_column us_custom_f2f613e8 has_text_color\"><div class=\"wpb_wrapper\"><ul class=\"n8H08c UVNKR\">\n<li class=\"zfr3Q TYR86d eD0Rn\" dir=\"ltr\">\n<p>Som en f\u00f6rsamling \u00e4r vi h\u00e4ngivna att tj\u00e4na i Jesu Kristi k\u00e4rlek och sanning, v\u00e4gledda av den Helige Ande. V\u00e5ra grundl\u00e4ggande v\u00e4rderingar \u00e5terspeglar hans kallelse till oss:<\/p>\n<ul>\n<li><strong>Att vandra i den Helige Andes k\u00e4rlek, kraft och v\u00e4gledning<\/strong> - Vi arbetar under Andens ledning och f\u00f6rlitar oss p\u00e5 hans visdom och helande kraft.<\/li>\n<li><strong>Tj\u00e4nstg\u00f6ring med medk\u00e4nsla, integritet och kristuslik \u00f6dmjukhet<\/strong> - Att \u00e5terspegla Jesu hj\u00e4rta genom att behandla varje individ med k\u00e4rlek, v\u00e4rdighet och n\u00e5d.<\/li>\n<li><strong>Uppr\u00e4tth\u00e5lla konfidentialitet och biblisk etik i b\u00f6nemissionen<\/strong> - Skapa ett heligt utrymme av tillit d\u00e4r Guds verk kan utvecklas fritt.<\/li>\n<li><strong>Uppmuntra andlig tillv\u00e4xt och l\u00e4rjungaskap f\u00f6r b\u00f6neutdelare<\/strong> - Att engagera sig i livsl\u00e5ngt l\u00e4rande, djupare tro och en v\u00e4xande relation med Kristus.<\/li>\n<\/ul>\n<p><strong>\"Vad ni \u00e4n g\u00f6r, arbeta av hj\u00e4rtans lust, som f\u00f6r Herren och inte f\u00f6r m\u00e4nniskor.\"<\/strong> - Kolosserbrevet 3:23<\/p>\n<p>Skulle du vilja ha n\u00e5gra f\u00f6rb\u00e4ttringar eller till\u00e4gg f\u00f6r att anpassa detta n\u00e4rmare till ditt ministeriums vision?<\/p>\n<\/li>\n<\/ul>\n<\/div><\/div><\/div><\/div><\/div><\/div><\/section><section class=\"l-section wpb_row height_custom\"><div class=\"l-section-h i-cf\"><div class=\"g-cols vc_row via_grid cols_1 laptops-cols_inherit tablets-cols_inherit mobiles-cols_1 valign_top type_default stacking_default\"><div class=\"wpb_column vc_column_container\"><div class=\"vc_column-inner\"><h2 class=\"w-text us_custom_eb849559\"><span class=\"w-text-h\"><span class=\"w-text-value\">P\u00e5 VMTC tror vi p\u00e5<\/span><\/span><\/h2><div class=\"w-separator size_custom\" style=\"height:30px\" id=\"odbd\"><style>@media(max-width:1024px){ #odbd{height:50px!important}}@media(max-width:600px){ #odbd{height:50px!important}}<\/style><\/div><div class=\"g-cols wpb_row us_custom_30ee0eb0 via_grid cols_2 laptops-cols_inherit tablets-cols_1 mobiles-cols_1 valign_top type_default stacking_default\" style=\"--columns-gap:3rem;\"><div class=\"wpb_column vc_column_container us_custom_1360a273 has_bg_color\"><div class=\"vc_column-inner\"><div class=\"w-iconbox iconpos_top style_default color_primary align_left\"><div class=\"w-iconbox-icon\" style=\"font-size:2.8rem;\"><\/div><div class=\"w-iconbox-meta\"><h3 class=\"w-iconbox-title\">Bibelns Gud<\/h3><div class=\"w-iconbox-text\"><p>Vi tror p\u00e5<span>\u00a0<\/span><strong>en sann Gud<\/strong>som finns f\u00f6r evigt i<span>\u00a0<\/span><strong>tre personer<\/strong>:<\/p>\n<ul>\n<li><strong>Gud Fader<\/strong><span>\u00a0<\/span>- Skaparen och uppr\u00e4tth\u00e5llaren av alla ting.<\/li>\n<li><strong>Gud Sonen, Jesus Kristus<\/strong><span>\u00a0<\/span>- Fr\u00e4lsaren och \u00c5terl\u00f6saren, helt och h\u00e5llet Gud och helt och h\u00e5llet m\u00e4nniska.<\/li>\n<li><strong>Gud den Helige Ande<\/strong><span>\u00a0<\/span>- Tr\u00f6staren och v\u00e4gledaren, som ger de troende kraft att leva i helighet.<\/li>\n<\/ul>\n<p><em>\"H\u00f6r, O Israel: Herren, v\u00e5r Gud, Herren \u00e4r en.\"<\/em><span>\u00a0<\/span>- Femte Moseboken 6:4<br \/><em>\"G\u00e5 d\u00e4rf\u00f6r ut och g\u00f6r alla folk till l\u00e4rjungar och d\u00f6p dem i Faderns och Sonens och den helige Andes namn.\"<\/em><span>\u00a0<\/span>- Matteus 28:19<\/p>\n<p><span>\u00a0<\/span><\/p>\n<\/div><\/div><\/div><\/div><\/div><div class=\"wpb_column vc_column_container us_custom_1360a273 has_bg_color\"><div class=\"vc_column-inner\"><div class=\"w-iconbox iconpos_top style_default color_primary align_left\"><div class=\"w-iconbox-icon\" style=\"font-size:2.8rem;\"><\/div><div class=\"w-iconbox-meta\"><h3 class=\"w-iconbox-title\">Den heliga skrifts auktoritet<\/h3><div class=\"w-iconbox-text\"><p>Vi anser att <strong>Bibeln \u00e4r Guds inspirerade ord<\/strong>, fullt auktoritativ i <strong>alla fr\u00e5gor som r\u00f6r tro och praktik<\/strong>. Det \u00e4r den <strong>gudomlig uppenbarelse<\/strong> av Guds sanning, som utg\u00f6r grunden f\u00f6r ett kristet liv och andlig tillv\u00e4xt.<\/p>\n<ul>\n<li><strong>Gudaf\u00f6rklarad och ofelbar<\/strong> - Skrifterna \u00e4r inspirerade av Gud och helt tillf\u00f6rlitliga. (<strong>2 Timoteus 3:16-17<\/strong>)<\/li>\n<li><strong>Den slutliga myndigheten<\/strong> - Bibeln \u00e4r den ultimata standarden f\u00f6r tro, l\u00e4ra och moraliskt uppf\u00f6rande. (<strong>Psalm 19:7-11<\/strong>)<\/li>\n<li><strong>Transformativ och livgivande<\/strong> - Guds ord f\u00f6rnyar sinnena, utrustar de troende och leder till andlig mognad. (<strong>Hebreerbrevet 4:12<\/strong>)<\/li>\n<\/ul>\n<p><em>\"Hela Skriften \u00e4r andad av Gud och anv\u00e4ndbar till undervisning, tillr\u00e4ttavisning, r\u00e4ttelse och fostran i r\u00e4ttf\u00e4rdighet, s\u00e5 att Guds tj\u00e4nare blir v\u00e4l rustade f\u00f6r allt gott arbete.\"<\/em> - 2 Timoteus 3:16-17<\/p>\n<p><span>\u00a0<\/span><\/p>\n<\/div><\/div><\/div><\/div><\/div><div class=\"wpb_column vc_column_container us_custom_b1e66f27 has_bg_color\"><div class=\"vc_column-inner\"><div class=\"w-iconbox iconpos_top style_default color_primary align_left\"><div class=\"w-iconbox-icon\" style=\"font-size:2.8rem;\"><\/div><div class=\"w-iconbox-meta\"><h3 class=\"w-iconbox-title\">Jesus Kristus: Fullst\u00e4ndigt Gud, fullst\u00e4ndigt m\u00e4nniska och det enda s\u00e4ttet att bli fr\u00e4lst<\/h3><div class=\"w-iconbox-text\"><div class=\"group\/conversation-turn relative flex w-full min-w-0 flex-col agent-turn\">\n<div class=\"flex-col gap-1 md:gap-3\">\n<div class=\"flex max-w-full flex-col flex-grow\">\n<div class=\"min-h-8 text-message flex w-full flex-col items-end gap-2 whitespace-normal break-words text-start &#091;.text-message+&amp;&#093;:mt-5\" dir=\"auto\" data-message-author-role=\"assistant\" data-message-id=\"6391429d-650e-497f-bc7e-c769b40f7b29\" data-message-model-slug=\"gpt-4o\">\n<div class=\"flex w-full flex-col gap-1 empty:hidden first:pt-&#091;3px&#093;\">\n<div class=\"markdown prose w-full break-words dark:prose-invert light\">\n<p>Vi anser att <strong>Jesus Kristus \u00e4r helt och h\u00e5llet Gud och helt och h\u00e5llet m\u00e4nniska<\/strong>Han \u00e4r Guds evige Son som tog p\u00e5 sig m\u00e4nskligt k\u00f6tt f\u00f6r att \u00e5terl\u00f6sa m\u00e4nskligheten. Han \u00e4r den enda v\u00e4gen till fr\u00e4lsning och f\u00f6rsoning med Gud.<\/p>\n<ul>\n<li><strong>Fullst\u00e4ndig Gud, fullst\u00e4ndig m\u00e4nniska<\/strong> - Jesus \u00e4r Ordet som blivit k\u00f6tt, den exakta avbildningen av Guds natur. (<strong>Johannes 1:1-4, Kolosserbrevet 2:9<\/strong>)<\/li>\n<li><strong>Den ende Fr\u00e4lsaren<\/strong> - Genom sitt perfekta liv, sin offerd\u00f6d och sin segerrika uppst\u00e5ndelse erbjuder Jesus den enda v\u00e4gen till fr\u00e4lsning. (<strong>Johannes 14:6, Apostlag\u00e4rningarna 4:12<\/strong>)<\/li>\n<li><strong>Herre och kung<\/strong> - Han regerar i h\u00e4rlighet och kommer att \u00e5terv\u00e4nda f\u00f6r att uppr\u00e4tta sitt eviga rike. (<strong>Filipperbrevet 2:9-11, Uppenbarelseboken 19:16<\/strong>)<\/li>\n<\/ul>\n<p><em>\"I begynnelsen var Ordet, och Ordet var hos Gud, och Ordet var Gud. Genom honom blev allting till; utan honom blev ingenting till av allt som har blivit till. I Honom var livet, och detta liv var ljuset f\u00f6r hela m\u00e4nskligheten.\"<\/em> - Johannes 1:1-4<\/p>\n<p><em>\"Ty i Kristus lever hela gudomens fullhet i kroppslig gestalt.\"<\/em> - Kolosserbrevet 2:9<\/p>\n<\/div>\n<\/div>\n<\/div>\n<\/div>\n<\/div>\n<\/div>\n<p><span>\u00a0<\/span><\/p>\n<\/div><\/div><\/div><\/div><\/div><div class=\"wpb_column vc_column_container us_custom_b1e66f27 has_bg_color\"><div class=\"vc_column-inner\"><div class=\"w-iconbox iconpos_top style_default color_primary align_left\"><div class=\"w-iconbox-icon\" style=\"font-size:2.8rem;\"><\/div><div class=\"w-iconbox-meta\"><h3 class=\"w-iconbox-title\">Den Helige Andes kraft<\/h3><div class=\"w-iconbox-text\"><p>Vi anser att <strong>Den Helige Ande ger kraft \u00e5t de troende<\/strong> att leva segerrikt, tj\u00e4na effektivt och vandra i fullheten av Guds syfte. Han utrustar och st\u00e4rker Jesu efterf\u00f6ljare genom sin n\u00e4rvaro, kraft och andliga g\u00e5vor.<\/p>\n<ul>\n<li><strong>St\u00e4rkt f\u00f6r tj\u00e4nstg\u00f6ring<\/strong> - Den Helige Ande g\u00f6r det m\u00f6jligt f\u00f6r troende att frimodigt f\u00f6rkunna evangeliet, tj\u00e4na genom b\u00f6n och ge helande till andra. (<strong>Apostlag\u00e4rningarna 1:8<\/strong>)<\/li>\n<li><strong>Beg\u00e5vad f\u00f6r service<\/strong> - Han delar ut <strong>andliga g\u00e5vor<\/strong> f\u00f6r att uppmuntra, uppbygga och st\u00e4rka Kristi kropp. (<strong>1 Korintierbrevet 12:7-11<\/strong>)<\/li>\n<li><strong>Ledda av Anden<\/strong> - Den Helige Ande v\u00e4gleder, \u00f6verbevisar och ger kraft \u00e5t de troende att leva ett liv i helighet och seger. (<strong>Romarbrevet 8:14, Galaterbrevet 5:16<\/strong>)<\/li>\n<\/ul>\n<p><em>\"Men ni skall f\u00e5 kraft n\u00e4r den helige Ande kommer \u00f6ver er; och ni skall vara mina vittnen i Jerusalem och i hela Jud\u00e9en och Samarien och \u00e4nda till jordens yttersta gr\u00e4ns.\"<\/em> - Apostlag\u00e4rningarna 1:8<\/p>\n<p><em>\"Till var och en ges nu Andens manifestation f\u00f6r det allm\u00e4nnas b\u00e4sta.\" <\/em>- 1 Korintierbrevet 12:7<\/p>\n<p><span>\u00a0<\/span><\/p>\n<\/div><\/div><\/div><\/div><\/div><\/div><div class=\"w-separator size_medium\"><\/div><div class=\"g-cols wpb_row us_custom_30ee0eb0 via_grid cols_2 laptops-cols_inherit tablets-cols_1 mobiles-cols_1 valign_top type_default stacking_default\" style=\"--columns-gap:3rem;\"><div class=\"wpb_column vc_column_container us_custom_1360a273 has_bg_color\"><div class=\"vc_column-inner\"><div class=\"w-iconbox iconpos_top style_default color_primary align_left\"><div class=\"w-iconbox-icon\" style=\"font-size:2.8rem;\"><\/div><div class=\"w-iconbox-meta\"><h3 class=\"w-iconbox-title\">Behovet av fr\u00e4lsning:<\/h3><div class=\"w-iconbox-text\"><p>Vi anser att <strong>alla m\u00e4nniskor \u00e4r syndare i behov av Guds f\u00f6rl\u00e5telse<\/strong> och att fr\u00e4lsningen kommer <strong>endast genom tro p\u00e5 Jesus Kristus<\/strong>. Utan honom \u00e4r vi skilda fr\u00e5n Gud, men genom hans n\u00e5d \u00e4r vi \u00e5terl\u00f6sta och \u00e5terst\u00e4llda.<\/p>\n<ul>\n<li><strong>Alla har syndat<\/strong> - Varje m\u00e4nniska har inte uppfyllt Guds perfekta standard och \u00e4r i behov av fr\u00e4lsning. (<strong>Romarbrevet 3:23<\/strong>)<\/li>\n<li><strong>Fr\u00e4lsning genom Kristus allena<\/strong> - Jesus \u00e4r den enda v\u00e4gen till Fadern och erbjuder f\u00f6rl\u00e5telse, fr\u00e4lsning och evigt liv. (<strong>Johannes 14:6<\/strong>)<\/li>\n<li><strong>N\u00e5d genom tro<\/strong> - Fr\u00e4lsningen \u00e4r inget man f\u00f6rtj\u00e4nar utan en g\u00e5va av Guds n\u00e5d, som man f\u00e5r genom tron p\u00e5 Jesus. (<strong>Efesierbrevet 2:8-9<\/strong>)<\/li>\n<\/ul>\n<p><em>\"F\u00f6r alla har syndat och saknar Guds h\u00e4rlighet.\"<\/em> - Romarbrevet 3:23<\/p>\n<p><em>\"Jesus svarade: 'Jag \u00e4r v\u00e4gen, sanningen och livet. Ingen kommer till Fadern utom genom mig.'\"<\/em> - Johannes 14:6<\/p>\n<p><span>\u00a0<\/span><\/p>\n<\/div><\/div><\/div><\/div><\/div><div class=\"wpb_column vc_column_container us_custom_1360a273 has_bg_color\"><div class=\"vc_column-inner\"><div class=\"w-iconbox iconpos_top style_default color_primary align_left\"><div class=\"w-iconbox-icon\" style=\"font-size:2.8rem;\"><\/div><div class=\"w-iconbox-meta\"><h3 class=\"w-iconbox-title\">Kraften i b\u00f6nen:<\/h3><div class=\"w-iconbox-text\"><p>Vi anser att <strong>B\u00f6n som framf\u00f6rs i tro<\/strong> \u00e4r ett kraftfullt verktyg f\u00f6r <strong>omvandling, helande och befrielse<\/strong>. Genom b\u00f6nen f\u00e5r vi kontakt med Gud, riktar v\u00e5ra hj\u00e4rtan efter hans vilja och upplever hans mirakul\u00f6sa kraft i v\u00e5ra liv.<\/p>\n<ul>\n<li><strong>Transformativ kraft<\/strong> - B\u00f6nen ger andlig f\u00f6rnyelse och f\u00f6rdjupar v\u00e5r relation till Gud. (<strong>Filipperbrevet 4:6-7<\/strong>)<\/li>\n<li><strong>L\u00e4kning och \u00e5terst\u00e4llande<\/strong> - Gud r\u00f6r sig genom b\u00f6n f\u00f6r att \u00e5stadkomma fysisk, k\u00e4nslom\u00e4ssig och andlig l\u00e4kning. (<strong>Jakob 5:16<\/strong>)<\/li>\n<li><strong>Befrielse och seger<\/strong> - B\u00f6nen st\u00e4rker de troende i den andliga kampen, bryter kedjor och frig\u00f6r Guds frihet. (<strong>Efesierbrevet 6:18<\/strong>)<\/li>\n<\/ul>\n<p><em>\"En r\u00e4ttf\u00e4rdig m\u00e4nniskas b\u00f6n \u00e4r kraftfull och effektiv.\"<\/em> - Jakob 5:16<\/p>\n<p>Vill du lyfta fram f\u00f6rb\u00f6n, gemensam b\u00f6n eller n\u00e5gon annan specifik aspekt av b\u00f6neverksamheten?<\/p>\n<p><span>\u00a0<\/span><\/p>\n<\/div><\/div><\/div><\/div><\/div><div class=\"wpb_column vc_column_container us_custom_1360a273 has_bg_color\"><div class=\"vc_column-inner\"><div class=\"w-iconbox iconpos_top style_default color_primary align_left\"><div class=\"w-iconbox-icon\" style=\"font-size:2.8rem;\"><\/div><div class=\"w-iconbox-meta\"><h3 class=\"w-iconbox-title\">Ministeriet f\u00f6r helande<\/h3><div class=\"w-iconbox-text\"><p>Vi anser att <strong>Jesus visade och befallde helande av sjuka<\/strong>och avsl\u00f6jar Guds hj\u00e4rta f\u00f6r \u00e5terst\u00e4llande och helhet. Denna tj\u00e4nst forts\u00e4tter idag <strong>genom den Helige Andes kraft<\/strong>och ger l\u00e4kning till kropp, sinne och sj\u00e4l.<\/p>\n<ul>\n<li><strong>Jesu exempel<\/strong> - Kristus botade de sjuka som ett tecken p\u00e5 Guds rike och instruerade sina efterf\u00f6ljare att g\u00f6ra detsamma. (<strong>Matteus 10:8<\/strong>)<\/li>\n<li><strong>L\u00e4kning genom tro<\/strong> - B\u00f6n och tro p\u00e5 Jesus frig\u00f6r hans helande kraft i v\u00e5ra liv. (<strong>Markus 16:18<\/strong>)<\/li>\n<li><strong>Den Helige Andes verk i dag<\/strong> - Helandeverksamheten forts\u00e4tter genom att den Helige Ande ger de troende m\u00f6jlighet att be om helande och \u00e5teruppr\u00e4ttande. (<strong>Jakob 5:14-15<\/strong>)<\/li>\n<\/ul>\n<p><em>\"Bota de sjuka, v\u00e4ck de d\u00f6da till liv, rena dem som har spet\u00e4lska, driv ut demonerna. Fritt har ni f\u00e5tt, fritt skall ni ge.\"<\/em> - Matteus 10:8<\/p>\n<p><em>\"De kommer att l\u00e4gga sina h\u00e4nder p\u00e5 sjuka m\u00e4nniskor och de kommer att bli friska.\" <\/em>- Markus 16:18<\/p>\n<p>Vill du betona s\u00e4rskilda aspekter, t.ex. k\u00e4nslom\u00e4ssig healing, inre healing eller sambandet mellan healing och tro?<\/p>\n<p><span>\u00a0<\/span><\/p>\n<\/div><\/div><\/div><\/div><\/div><div class=\"wpb_column vc_column_container us_custom_1360a273 has_bg_color\"><div class=\"vc_column-inner\"><div class=\"w-iconbox iconpos_top style_default color_primary align_left\"><div class=\"w-iconbox-icon\" style=\"font-size:2.8rem;\"><\/div><div class=\"w-iconbox-meta\"><h3 class=\"w-iconbox-title\">Betydelsen av bikt och f\u00f6rl\u00e5telse<\/h3><div class=\"w-iconbox-text\"><p>Som Kristi efterf\u00f6ljare tror vi att <strong>bek\u00e4nnelse och f\u00f6rl\u00e5telse \u00e4r avg\u00f6rande f\u00f6r andlig l\u00e4kning och frihet<\/strong>. Att h\u00e5lla fast vid synd eller of\u00f6rl\u00e5telse kan hindra v\u00e5r relation med Gud och blockera den Helige Andes arbete i v\u00e5ra liv. Men n\u00e4r vi <strong>bek\u00e4nna v\u00e5ra synder och f\u00f6rl\u00e5ta andra<\/strong>\u00f6ppnar vi d\u00f6rren till Guds n\u00e5d, helande och \u00e5terst\u00e4llande.<\/p>\n<ul>\n<li><strong>Bek\u00e4nnelse ger rening<\/strong> - N\u00e4r vi <strong>\u00f6dmjukt \u00e5ngra sig<\/strong>...Gud \u00e4r trogen att f\u00f6rl\u00e5ta och rena oss. (<strong>1 Johannes 1:9<\/strong>)<\/li>\n<li><strong>F\u00f6rl\u00e5telse frig\u00f6r frihet<\/strong> - Of\u00f6rl\u00e5telse skapar ett andligt f\u00e4ste, men att f\u00f6rl\u00e5ta andra g\u00f6r att Gud kan l\u00e4ka v\u00e5ra hj\u00e4rtan. (<strong>Matteus 6:14-15<\/strong>)<\/li>\n<li><strong>Att vandra i Kristuslik k\u00e4rlek<\/strong> - Eftersom Gud har f\u00f6rl\u00e5tit oss genom Kristus, \u00e4r vi kallade att utstr\u00e4cka samma n\u00e5d till andra. (<strong>Efesierbrevet 4:31-32<\/strong>)<\/li>\n<\/ul>\n<p><em>\"Om vi bek\u00e4nner v\u00e5ra synder, d\u00e5 \u00e4r han trofast och r\u00e4ttf\u00e4rdig och f\u00f6rl\u00e5ter oss v\u00e5ra synder och renar oss fr\u00e5n all or\u00e4ttf\u00e4rdighet.\" <\/em>- 1 Johannes 1:9<\/p>\n<p><em>\"Ty om ni f\u00f6rl\u00e5ter andra m\u00e4nniskor n\u00e4r de syndar mot er, skall ocks\u00e5 er himmelske Fader f\u00f6rl\u00e5ta er. Men om ni inte f\u00f6rl\u00e5ter andra deras synder, skall er Fader inte heller f\u00f6rl\u00e5ta er era synder.\"<\/em> - Matteus 6:14-15<\/p>\n<p><strong>\"Var v\u00e4nliga och barmh\u00e4rtiga mot varandra och f\u00f6rl\u00e5t varandra, liksom Gud i Kristus har f\u00f6rl\u00e5tit er.\"<\/strong> - Efesierbrevet 4:31-32<\/p>\n<p>F\u00f6rl\u00e5telse \u00e4r inte valfritt - det \u00e4r ett bud fr\u00e5n Jesus och en nyckel till att vandra i <strong>andlig frihet, k\u00e4nslom\u00e4ssigt helande och djupare n\u00e4rhet till Gud<\/strong>.<\/p>\n<p>\u00a0<\/p>\n<p><span>\u00a0<\/span><\/p>\n<\/div><\/div><\/div><\/div><\/div><\/div><div class=\"w-separator size_medium\"><\/div><div class=\"g-cols wpb_row us_custom_30ee0eb0 via_grid cols_2 laptops-cols_inherit tablets-cols_1 mobiles-cols_1 valign_top type_default stacking_default\" style=\"--columns-gap:3rem;\"><div class=\"wpb_column vc_column_container us_custom_1360a273 has_bg_color\"><div class=\"vc_column-inner\"><div class=\"w-iconbox iconpos_top style_default color_primary align_left\"><div class=\"w-iconbox-icon\" style=\"font-size:2.8rem;\"><\/div><div class=\"w-iconbox-meta\"><h3 class=\"w-iconbox-title\">De troendes f\u00f6rvandling<\/h3><div class=\"w-iconbox-text\"><p>Som Kristi efterf\u00f6ljare \u00e4r vi <strong>kallad till ett liv i st\u00e4ndig tillv\u00e4xt och helgelse<\/strong>. Genom kraften i den <strong>Helige Ande<\/strong>arbetar Gud st\u00e4ndigt i oss f\u00f6r att <strong>f\u00f6rnyar v\u00e5ra sinnen, formar v\u00e5r karakt\u00e4r och g\u00f6r oss mer lika Jesus<\/strong>. Omvandling \u00e4r inte en eng\u00e5ngsf\u00f6reteelse utan en <strong>en livsl\u00e5ng resa f\u00f6r att bli helig, avskild f\u00f6r Guds syften<\/strong>.<\/p>\n<ul>\n<li><strong>Ett f\u00f6rnyat sinne och liv<\/strong> - Vi \u00e4r kallade att <strong>erbjuda oss sj\u00e4lva fullt ut till Gud<\/strong>och l\u00e5ta honom f\u00f6r\u00e4ndra v\u00e5ra tankar, \u00f6nskningar och handlingar. (<strong>Romarbrevet 12:1-2<\/strong>)<\/li>\n<li><strong>Guds fortl\u00f6pande arbete i oss<\/strong> - V\u00e5r helgelse \u00e4r <strong>en process<\/strong>och Gud lovar att <strong>fullborda det goda arbete som han har p\u00e5b\u00f6rjat i oss<\/strong>. (<strong>Filipperbrevet 1:6<\/strong>)<\/li>\n<li><strong>Att bli lik Kristus<\/strong> - Genom den Helige Ande \u00e4r vi <strong>anpassas till Jesu avbild<\/strong>och \u00e5terspeglar hans k\u00e4rlek, n\u00e5d och helighet. (<strong>2 Korintierbrevet 3:18<\/strong>)<\/li>\n<\/ul>\n<p><em>\"Anpassa er inte efter den h\u00e4r v\u00e4rldens m\u00f6nster, utan l\u00e5t er f\u00f6rvandlas genom att ert sinne f\u00f6rnyas. D\u00e5 kommer ni att kunna pr\u00f6va och godk\u00e4nna vad som \u00e4r Guds vilja - hans goda, behagliga och fullkomliga vilja.\"<\/em> - Romarbrevet 12:2<\/p>\n<p><em>\"Vi \u00e4r f\u00f6rvissade om detta, att han som har b\u00f6rjat ett gott verk i er skall fullf\u00f6lja det till Kristi Jesu dag.\" <\/em>- Filipperbrevet 1:6<\/p>\n<p><em>\"Och vi alla, som med avt\u00e4ckta ansikten betraktar Herrens h\u00e4rlighet, f\u00f6rvandlas till hans avbild med st\u00e4ndigt tilltagande h\u00e4rlighet, som kommer fr\u00e5n Herren, som \u00e4r Anden.\" <\/em>- 2 Korintierbrevet 3:18<\/p>\n<p>Genom <strong>b\u00f6n, lydnad och f\u00f6rlitan p\u00e5 den Helige Ande<\/strong>, troende \u00e4r <strong>st\u00e4ndigt f\u00f6rvandlad<\/strong>, v\u00e4xer i tro, helighet och Kristuslik k\u00e4rlek.<\/p>\n<p>Skulle du vilja betona praktiska s\u00e4tt f\u00f6r troende att str\u00e4va efter helgelse, till exempel andliga discipliner eller l\u00e4rjungaskap?<\/p>\n<p><span>\u00a0<\/span><\/p>\n<\/div><\/div><\/div><\/div><\/div><div class=\"wpb_column vc_column_container us_custom_1360a273 has_bg_color\"><div class=\"vc_column-inner\"><div class=\"w-iconbox iconpos_top style_default color_primary align_left\"><div class=\"w-iconbox-icon\" style=\"font-size:2.8rem;\"><\/div><div class=\"w-iconbox-meta\"><h3 class=\"w-iconbox-title\">Hoppet om evigt liv<\/h3><div class=\"w-iconbox-text\"><p>Vi tror p\u00e5 <strong>v\u00e4lsignat hopp<\/strong> av <strong>Jesu Kristi \u00e5terkomst<\/strong> och uppfyllandet av Guds l\u00f6fte om <strong>evigt liv<\/strong>. Som troende ser vi fram emot den dag d\u00e5 Kristus kommer tillbaka och f\u00f6r med sig <strong>slutlig seger \u00f6ver synd och d\u00f6d<\/strong>, och inr\u00e4ttande <strong>en ny himmel och en ny jord<\/strong>d\u00e4r vi kommer att bo med honom f\u00f6r evigt.<\/p>\n<ul>\n<li><strong>Kristi \u00e5terkomst<\/strong> - Jesus ska komma igen f\u00f6r att <strong>samla sitt folk, d\u00f6ma v\u00e4rlden och uppr\u00e4tta sitt eviga kungarike<\/strong>. (<strong>1 Tessalonikerbrevet 4:13-18<\/strong>)<\/li>\n<li><strong>En ny himmel och en ny jord<\/strong> - Gud kommer att <strong>f\u00f6rnya alla ting<\/strong>och det kommer inte att finnas n\u00e5got mer lidande, sm\u00e4rta eller d\u00f6d. (<strong>Uppenbarelseboken 21:1-5<\/strong>)<\/li>\n<li><strong>Evigt liv med Gud<\/strong> - De som litar p\u00e5 Kristus kommer att leva i hans n\u00e4rvaro f\u00f6r evigt och uppleva <strong>fullkomlig gl\u00e4dje, frid och r\u00e4ttf\u00e4rdighet<\/strong>. (<strong>Johannes 14:2-3<\/strong>)<\/li>\n<\/ul>\n<p><em>\"Ty Herren sj\u00e4lv skall komma ned fr\u00e5n himmelen, med ett ljudligt befallande, med \u00e4rke\u00e4ngelns r\u00f6st och med Guds basunrop, och de d\u00f6da i Kristus skall uppst\u00e5 f\u00f6rst. D\u00e4refter ska vi som fortfarande lever och \u00e4r kvar ryckas upp tillsammans med dem i molnen f\u00f6r att m\u00f6ta Herren i luften. Och s\u00e5 kommer vi att vara med Herren i evighet.\"<\/em> - 1 Tessalonikerbrevet 4:16-17<\/p>\n<p><em>\"Sedan s\u00e5g jag en ny himmel och en ny jord, ty den f\u00f6rsta himlen och den f\u00f6rsta jorden hade f\u00f6rg\u00e5tt... Han skall torka bort alla t\u00e5rar fr\u00e5n deras \u00f6gon. Det skall inte l\u00e4ngre finnas n\u00e5gon d\u00f6d eller sorg eller gr\u00e5t eller sm\u00e4rta, ty den gamla tingens ordning har f\u00f6rsvunnit.\" <\/em>- Uppenbarelseboken 21:1, 4<\/p>\n<p>Detta <strong>str\u00e5lande hopp<\/strong> ger oss <strong>styrka, uth\u00e5llighet och gl\u00e4dje<\/strong>, med vetskap om att <strong>v\u00e5r framtid \u00e4r tryggad i Kristus<\/strong>.<\/p>\n<p>Skulle du vilja utveckla <strong>bel\u00f6ningar i form av evigt liv, de troendes uppst\u00e5ndelse eller att leva i ljuset av Kristi \u00e5terkomst<\/strong>?<\/p>\n<p><span>\u00a0<\/span><\/p>\n<\/div><\/div><\/div><\/div><\/div><div class=\"wpb_column vc_column_container us_custom_1360a273 has_bg_color\"><div class=\"vc_column-inner\"><div class=\"w-iconbox iconpos_top style_default color_primary align_left\"><div class=\"w-iconbox-icon\" style=\"font-size:2.8rem;\"><\/div><div class=\"w-iconbox-meta\"><h3 class=\"w-iconbox-title\">V\u00e4rdet av familj och \u00e4ktenskap<\/h3><div class=\"w-iconbox-text\"><p>Vi anser att <strong>Gud skapade familjen som samh\u00e4llets grundl\u00e4ggande institution<\/strong>utformade f\u00f6r att \u00e5terspegla Hans k\u00e4rlek och syfte. <strong>\u00c4ktenskapet \u00e4r ett heligt f\u00f6rbund<\/strong> mellan en man och en kvinna, instiftad av Gud som h\u00f6rnstenen i en sund familj och ett levande vittnesb\u00f6rd om Kristi k\u00e4rlek till sin kyrka.<\/p>\n<ul>\n<li><strong>Guds design f\u00f6r familjen<\/strong> - Familjen \u00e4r rotad i Guds gudomliga ordning, d\u00e4r tron f\u00e5r n\u00e4ring och hans k\u00e4rlek g\u00f6rs k\u00e4nd \u00f6ver generationer. (<strong>Efesierbrevet 3:14-15<\/strong>)<\/li>\n<li><strong>\u00c4ktenskapet som ett heligt f\u00f6rbund<\/strong> - \u00c4ktenskapet \u00e4r en av Gud ordinerad, livsl\u00e5ng f\u00f6rening mellan <strong>en man och en kvinna<\/strong>, inr\u00e4ttad f\u00f6r kamratskap, k\u00e4rlek och uppfostran av gudfruktiga barn. (<strong>F\u00f6rsta Moseboken 2:24, Matteus 19:4-6<\/strong>)<\/li>\n<li><strong>En reflektion av Kristus och kyrkan<\/strong> - \u00c4ktenskapet symboliserar <strong>Kristi osj\u00e4lviska k\u00e4rlek till sin kyrka<\/strong>och kallar m\u00e4n och kvinnor till \u00f6msesidig k\u00e4rlek, heder och engagemang. (<strong>Efesierbrevet 5:22-25<\/strong>)<\/li>\n<\/ul>\n<p><em>\"D\u00e4rf\u00f6r skall en man l\u00e4mna sin far och sin mor och f\u00f6renas med sin hustru, och de tv\u00e5 skall bli ett k\u00f6tt.\" <\/em>- F\u00f6rsta Moseboken 2:24<\/p>\n<p><em>\"Har du inte l\u00e4st\", svarade han, \"att Skaparen i begynnelsen 'gjorde dem till man och kvinna' och sade: 'D\u00e4rf\u00f6r skall en man l\u00e4mna sin far och sin mor och f\u00f6renas med sin hustru, och de tv\u00e5 skall bli ett k\u00f6tt'? De \u00e4r allts\u00e5 inte l\u00e4ngre tv\u00e5, utan ett k\u00f6tt. Vad d\u00e4rf\u00f6r Gud har f\u00f6renat, det m\u00e5 ingen skilja \u00e5t.\" <\/em>- Matteus 19:4-6<\/p>\n<p>A <strong>Kristuscentrerad familj<\/strong> \u00e4r en plats f\u00f6r k\u00e4rlek, l\u00e4rjungaskap och trofasthet, d\u00e4r barn fostras i Herrens v\u00e4g och generationer st\u00e4rks i hans sanning.<\/p>\n<p>Skulle du vilja utveckla <strong>f\u00f6r\u00e4ldraskap, familjens roll i l\u00e4rjungaskapet eller bibliskt ansvar inom \u00e4ktenskapet<\/strong>?<\/p>\n<p><span>\u00a0<\/span><\/p>\n<\/div><\/div><\/div><\/div><\/div><div class=\"wpb_column vc_column_container us_custom_1360a273 has_bg_color\"><div class=\"vc_column-inner\"><div class=\"w-iconbox iconpos_top style_default color_primary align_left\"><div class=\"w-iconbox-icon\" style=\"font-size:2.8rem;\"><\/div><div class=\"w-iconbox-meta\"><h3 class=\"w-iconbox-title\">jesus fr\u00e4lsande kraft<\/h3><div class=\"w-iconbox-text\"><p>Vi anser att <strong>Jesus Kristus \u00e4r Fr\u00e4lsaren<\/strong>, och genom <strong>Genom hans blod f\u00e5r vi f\u00f6rl\u00e5telse, frihet och nytt liv<\/strong>. Hans offer p\u00e5 korset betalade priset f\u00f6r v\u00e5ra synder, \u00e5terst\u00e4llde oss till en r\u00e4tt relation med Gud och gav oss hopp om evigt liv.<\/p>\n<ul>\n<li><strong>Fr\u00e4lsning genom hans blod<\/strong> - Jesu offer renar oss fr\u00e5n synd och f\u00f6r oss in i Guds n\u00e5d. (<strong>Efesierbrevet 1:7<\/strong>)<\/li>\n<li><strong>Frihet fr\u00e5n syndens makt<\/strong> - Genom Kristus \u00e4r vi inte l\u00e4ngre slavar under synden utan vandrar i <strong>nytt liv<\/strong>. (<strong>Romarbrevet 6:6-7<\/strong>)<\/li>\n<li><strong>\u00c5terst\u00e4lld relation med Gud<\/strong> - Hans fr\u00e4lsningsverk f\u00f6rsonar oss med Fadern och g\u00f6r oss till hans \u00e4lskade barn. (<strong>Kolosserbrevet 1:13-14<\/strong>)<\/li>\n<\/ul>\n<p><strong>\"<\/strong><em>I honom har vi \u00e5terl\u00f6sning genom hans blod, syndernas f\u00f6rl\u00e5telse, i enlighet med Guds n\u00e5ds rikedomar.\"<\/em> - Efesierbrevet 1:7<\/p>\n<p><em>\"Ty han har r\u00e4ddat oss fr\u00e5n m\u00f6rkrets v\u00e4lde och f\u00f6rt oss till den Son han \u00e4lskar, i vars rike vi har fr\u00e4lsning, syndernas f\u00f6rl\u00e5telse.\"<\/em> - Kolosserbrevet 1:13-14<\/p>\n<p>Genom <strong>tro p\u00e5 Jesus Kristus<\/strong>upplever vi <strong>fullst\u00e4ndig \u00e5terl\u00f6sning, n\u00e5dens kraft och hoppet om evig h\u00e4rlighet<\/strong>.<\/p>\n<p>Skulle du vilja inkludera mer om <strong>leva i fr\u00e4lsningen, n\u00e5dens roll eller den seger vi har i Kristus<\/strong>?<\/p>\n<p><span>\u00a0<\/span><\/p>\n<\/div><\/div><\/div><\/div><\/div><\/div><\/div><\/div><\/div><\/div><\/section><section class=\"l-section wpb_row height_auto\"><div class=\"l-section-h i-cf\"><div class=\"g-cols vc_row via_grid cols_1-2 laptops-cols_inherit tablets-cols_inherit mobiles-cols_1 valign_middle type_default stacking_default\"><div class=\"wpb_column vc_column_container us_custom_7d871805 has_bg_color\"><div class=\"vc_column-inner\"><div class=\"w-iconbox us_custom_9ad16fb4 has_text_color iconpos_top style_default color_contrast align_left\"><div class=\"w-iconbox-icon\" style=\"font-size:3.8rem;\"><\/div><div class=\"w-iconbox-meta\"><h4 class=\"w-iconbox-title\">VMTC F\u00f6rb\u00f6nsmottagare: Utbildning, ackreditering och tj\u00e4nstg\u00f6ring<\/h4><div class=\"w-iconbox-text\"><p>Alla <strong>VMTC:s b\u00f6neutropare<\/strong> \u00e4r <strong>utbildad och ackrediterad<\/strong> av <strong>Australiensiska VMTC-styrelsen<\/strong> och m\u00e5ste genomg\u00e5 <strong>omackreditering vartannat \u00e5r<\/strong> f\u00f6r att s\u00e4kerst\u00e4lla att de forts\u00e4tter att verka effektivt under den Helige Andes ledning.<\/p>\n<ul>\n<li><strong>Rigor\u00f6s utbildning och ackreditering<\/strong> - B\u00f6neutroparna genomg\u00e5r en djupg\u00e5ende utbildning och mentorskap f\u00f6r att uppr\u00e4tth\u00e5lla VMTC:s standarder f\u00f6r <strong>biblisk integritet, utm\u00e4rkt b\u00f6neverksamhet och andlig urskiljning<\/strong>.<\/li>\n<li><strong>P\u00e5g\u00e5ende utveckling<\/strong> - Vartannat \u00e5r ackrediteras ministrarna p\u00e5 nytt f\u00f6r att beh\u00e5lla sin <strong>andlig beredskap, etisk praxis och effektivitet<\/strong> i att leda b\u00f6negudstj\u00e4nster.<\/li>\n<li><strong>Helt frivilligt<\/strong> - VMTC:s b\u00f6neverksamhet \u00e4r <strong>erbjuds utan kostnad<\/strong>. Alla b\u00f6neutropare <strong>tj\u00e4na frivilligt<\/strong>De ger av sin tid frivilligt som en handling av lydnad och k\u00e4rlek till Kristus och dem som s\u00f6ker helande och frihet.<\/li>\n<\/ul>\n<p><em>\"Fritt har ni mottagit, fritt skall ni ge.\"<\/em> - Matteus 10:8<\/p>\n<\/div><\/div><\/div><\/div><\/div><div class=\"wpb_column vc_column_container us_custom_a120d893\"><div class=\"vc_column-inner\"><div class=\"g-cols wpb_row via_grid cols_3 laptops-cols_inherit tablets-cols_inherit mobiles-cols_1 valign_top type_default stacking_default\" style=\"--columns-gap:3rem;\"><div class=\"wpb_column vc_column_container us_custom_695d6eff\"><div class=\"vc_column-inner\"><div class=\"w-image us_custom_9763d61b align_none\"><div class=\"w-image-h\"><img decoding=\"async\" width=\"683\" height=\"1024\" src=\"https:\/\/www.vmtc.net\/wp-content\/uploads\/2025\/01\/VMTC2024-54-683x1024.jpg\" class=\"attachment-large size-large\" alt=\"VMTC Victorious Ministry Through Christ, b\u00f6neskola, ordinerade ministrar, skriftlig grund, Helige Ande, Jesu Kristi helande kraft\" loading=\"lazy\" srcset=\"https:\/\/www.vmtc.net\/wp-content\/uploads\/2025\/01\/VMTC2024-54-683x1024.jpg 683w, https:\/\/www.vmtc.net\/wp-content\/uploads\/2025\/01\/VMTC2024-54-200x300.jpg 200w, https:\/\/www.vmtc.net\/wp-content\/uploads\/2025\/01\/VMTC2024-54-600x900.jpg 600w, https:\/\/www.vmtc.net\/wp-content\/uploads\/2025\/01\/VMTC2024-54-scaled.jpg 1707w\" sizes=\"auto, (max-width: 683px) 100vw, 683px\" \/><\/div><\/div><div class=\"w-separator size_small\"><\/div><h5 class=\"w-text us_custom_eb849559\"><span class=\"w-text-h\"><span class=\"w-text-value\">Bill Westlund<\/span><\/span><\/h5><div class=\"w-text us_custom_819600a9 has_text_color\"><span class=\"w-text-h\"><span class=\"w-text-value\">Pastor<\/span><\/span><\/div><div class=\"wpb_text_column us_custom_eb849559\"><div class=\"wpb_wrapper\"><p>VMTC USA:s ordf\u00f6rande 1998-2024<\/p>\n<p>Nuvarande VMTC Worldwide Vice President<\/p>\n<\/div><\/div><\/div><\/div><div class=\"wpb_column vc_column_container us_custom_695d6eff\"><div class=\"vc_column-inner\"><div class=\"w-image us_custom_9763d61b align_none\"><div class=\"w-image-h\"><img decoding=\"async\" width=\"683\" height=\"1024\" src=\"https:\/\/www.vmtc.net\/wp-content\/uploads\/2025\/01\/VMTC2024-52-683x1024.jpg\" class=\"attachment-large size-large\" alt=\"Thomas Schrock var vice VD f\u00f6r VMTC\" loading=\"lazy\" srcset=\"https:\/\/www.vmtc.net\/wp-content\/uploads\/2025\/01\/VMTC2024-52-683x1024.jpg 683w, https:\/\/www.vmtc.net\/wp-content\/uploads\/2025\/01\/VMTC2024-52-200x300.jpg 200w, https:\/\/www.vmtc.net\/wp-content\/uploads\/2025\/01\/VMTC2024-52-600x900.jpg 600w, https:\/\/www.vmtc.net\/wp-content\/uploads\/2025\/01\/VMTC2024-52-scaled.jpg 1707w\" sizes=\"auto, (max-width: 683px) 100vw, 683px\" \/><\/div><\/div><div class=\"w-separator size_small\"><\/div><h5 class=\"w-text us_custom_eb849559\"><span class=\"w-text-h\"><span class=\"w-text-value\">Thomas Schrock<\/span><\/span><\/h5><div class=\"w-text us_custom_819600a9 has_text_color\"><span class=\"w-text-h\"><span class=\"w-text-value\">Pastor<\/span><\/span><\/div><div class=\"wpb_text_column us_custom_eb849559\"><div class=\"wpb_wrapper\"><p>Satt i VMTC:s styrelse i 20 \u00e5r och utbildar f\u00f6r n\u00e4rvarande framtida ministrar i ministeriet f\u00f6r att bevara dess arv.<\/p>\n<\/div><\/div><\/div><\/div><div class=\"wpb_column vc_column_container\"><div class=\"vc_column-inner\"><div class=\"w-image us_custom_9763d61b align_none\"><div class=\"w-image-h\"><img decoding=\"async\" width=\"683\" height=\"1024\" src=\"https:\/\/www.vmtc.net\/wp-content\/uploads\/2025\/01\/VMTC2024-50-683x1024.jpg\" class=\"attachment-large size-large\" alt=\"VMTC:s b\u00f6neutropare Gris Waters\" loading=\"lazy\" srcset=\"https:\/\/www.vmtc.net\/wp-content\/uploads\/2025\/01\/VMTC2024-50-683x1024.jpg 683w, https:\/\/www.vmtc.net\/wp-content\/uploads\/2025\/01\/VMTC2024-50-200x300.jpg 200w, https:\/\/www.vmtc.net\/wp-content\/uploads\/2025\/01\/VMTC2024-50-600x900.jpg 600w, https:\/\/www.vmtc.net\/wp-content\/uploads\/2025\/01\/VMTC2024-50-scaled.jpg 1707w\" sizes=\"auto, (max-width: 683px) 100vw, 683px\" \/><\/div><\/div><div class=\"w-separator size_small\"><\/div><h5 class=\"w-text us_custom_eb849559\"><span class=\"w-text-h\"><span class=\"w-text-value\">Gris vatten<\/span><\/span><\/h5><div class=\"w-text us_custom_819600a9 has_text_color\"><span class=\"w-text-h\"><span class=\"w-text-value\">Pastor<\/span><\/span><\/div><div class=\"wpb_text_column us_custom_eb849559\"><div class=\"wpb_wrapper\"><p>\u00d6ver 25 \u00e5rs tj\u00e4nstg\u00f6ring som VMTC:s b\u00f6nepastor <\/p>\n<\/div><\/div><\/div><\/div><\/div><\/div><\/div><\/div><\/div><\/section><section class=\"l-section wpb_row us_custom_3e1eb913 height_auto\"><div class=\"l-section-h i-cf\"><div class=\"g-cols vc_row via_grid cols_1 laptops-cols_inherit tablets-cols_inherit mobiles-cols_1 valign_middle type_default reversed stacking_default\"><div class=\"wpb_column vc_column_container\"><div class=\"vc_column-inner\"><div class=\"g-cols wpb_row us_custom_f8d90600 via_grid cols_2 laptops-cols_inherit tablets-cols_inherit mobiles-cols_1 valign_middle type_default reversed stacking_default\" style=\"--columns-gap:0rem;\"><div class=\"wpb_column vc_column_container us_custom_0e1fc3dd has_bg_color\"><div class=\"vc_column-inner\"><h4 class=\"w-text us_custom_6745946f has_text_color\"><span class=\"w-text-h\"><span class=\"w-text-value\">VI HAR KONTAKT<\/span><\/span><\/h4><h2 class=\"w-text\"><span class=\"w-text-h\"><span class=\"w-text-value\">Har du n\u00e5gra fr\u00e5gor?<\/span><\/span><\/h2><div class=\"wpb_text_column us_custom_59aee68e\"><div class=\"wpb_wrapper\"><p class=\"zfr3Q CDt4Ke\" dir=\"ltr\"><span class=\"gBYvFf C9DxTc\"><span>L\u00e4r dig\u00a0<\/span><strong>f\u00e4rdigheter i att arbeta med b\u00f6n<\/strong><span>\u00a0som \u00e4r\u00a0<\/span><strong>skriftbaserad, disciplinerad och ledd av den Helige Ande<\/strong><span>, ans\u00f6kan\u00a0<\/span><strong>Jesu l\u00f6ften om helande och frihet<\/strong><span>\u00a0till dem som lider. Genom\u00a0<\/span><strong>praktisk utbildning, person-till-person<\/strong><span>kommer du att bevittna\u00a0<\/span><strong>Kristi f\u00f6rvandlande kraft<\/strong><span>, utrusta dig f\u00f6r att hj\u00e4lpa andra\u00a0<\/span><strong>bryta sig loss och g\u00e5 i seger<\/strong><span>.<\/span><\/span><\/p>\n<p class=\"zfr3Q CDt4Ke\" dir=\"ltr\"><span class=\"gBYvFf C9DxTc\">\u00a0<\/span><\/p>\n<\/div><\/div><div class=\"w-separator size_custom\" style=\"height:40px\"><\/div><div class=\"w-btn-wrapper align_none\"><a class=\"w-btn us-btn-style_2\" href=\"\/sv\/about\/\"><span class=\"w-btn-label\">L\u00e4s mer om oss<\/span><\/a><\/div><\/div><\/div><div class=\"wpb_column vc_column_container us_custom_1e4d41cf has_bg_color\"><div class=\"vc_column-inner\"><\/div><\/div><\/div><\/div><\/div><\/div><\/div><\/section>","protected":false},"excerpt":{"rendered":"","protected":false},"author":1,"featured_media":0,"parent":0,"menu_order":0,"comment_status":"closed","ping_status":"closed","template":"","meta":{"om_disable_all_campaigns":false,"_monsterinsights_skip_tracking":false,"_monsterinsights_sitenote_active":false,"_monsterinsights_sitenote_note":"","_monsterinsights_sitenote_category":0,"footnotes":""},"class_list":["post-2163","page","type-page","status-publish","hentry"],"aioseo_notices":[],"_links":{"self":[{"href":"https:\/\/www.vmtc.net\/sv\/wp-json\/wp\/v2\/pages\/2163","targetHints":{"allow":["GET"]}}],"collection":[{"href":"https:\/\/www.vmtc.net\/sv\/wp-json\/wp\/v2\/pages"}],"about":[{"href":"https:\/\/www.vmtc.net\/sv\/wp-json\/wp\/v2\/types\/page"}],"author":[{"embeddable":true,"href":"https:\/\/www.vmtc.net\/sv\/wp-json\/wp\/v2\/users\/1"}],"replies":[{"embeddable":true,"href":"https:\/\/www.vmtc.net\/sv\/wp-json\/wp\/v2\/comments?post=2163"}],"version-history":[{"count":0,"href":"https:\/\/www.vmtc.net\/sv\/wp-json\/wp\/v2\/pages\/2163\/revisions"}],"wp:attachment":[{"href":"https:\/\/www.vmtc.net\/sv\/wp-json\/wp\/v2\/media?parent=2163"}],"curies":[{"name":"wp","href":"https:\/\/api.w.org\/{rel}","templated":true}]}}