{"id":2221,"date":"2025-01-31T02:51:08","date_gmt":"2025-01-31T02:51:08","guid":{"rendered":"http:\/\/lbw.8f3.mytemp.website\/?page_id=2221"},"modified":"2025-04-14T00:43:34","modified_gmt":"2025-04-14T00:43:34","slug":"session-de-priere-vmtc","status":"publish","type":"page","link":"https:\/\/www.vmtc.net\/fr\/vmtc-prayer-session\/","title":{"rendered":"Session de pri\u00e8re"},"content":{"rendered":"<section class=\"l-section wpb_row height_custom color_primary with_img\"><div class=\"l-section-img\" role=\"img\" aria-label=\"deliverance ministry, spiritual warfare, prayer ministry\" data-img-width=\"2560\" data-img-height=\"1707\" style=\"background-image: url(https:\/\/www.vmtc.net\/wp-content\/uploads\/2025\/04\/group-of-people-sitting-in-circle-on-therapy-meeti-2025-03-11-04-21-51-utc-scaled.jpg);background-position: top center;\"><\/div><div class=\"l-section-overlay\" style=\"background:rgba(0,0,0,0.35)\"><\/div><div class=\"l-section-h i-cf\"><div class=\"g-cols vc_row via_grid cols_1 laptops-cols_inherit tablets-cols_inherit mobiles-cols_1 valign_top type_default stacking_default\"><div class=\"wpb_column vc_column_container us_custom_10c6fbac\"><div class=\"vc_column-inner\"><h2 class=\"w-text us_custom_83e089d9\"><span class=\"w-text-h\"><span class=\"w-text-value\">S\u00e9ance de pri\u00e8re personnelle<\/span><\/span><\/h2><div class=\"w-separator size_large\"><\/div><\/div><\/div><\/div><\/div><\/section><section class=\"l-section wpb_row height_auto\"><div class=\"l-section-h i-cf\"><div class=\"g-cols vc_row via_grid cols_1 laptops-cols_inherit tablets-cols_inherit mobiles-cols_1 valign_top type_default stacking_default\"><div class=\"wpb_column vc_column_container us_custom_97f97f54 has_bg_color\"><div class=\"vc_column-inner\"><div class=\"wpb_text_column us_custom_316b0327\"><div class=\"wpb_wrapper\"><p><em>\"Mais gr\u00e2ces soient rendues \u00e0 Dieu ! Il nous donne la victoire par notre Seigneur J\u00e9sus-Christ.\"<\/em> 1 Corinthiens 15:57<\/p>\n<\/div><\/div><\/div><\/div><\/div><\/div><\/section><section class=\"l-section wpb_row height_large\"><div class=\"l-section-h i-cf\"><div class=\"g-cols vc_row via_grid cols_1 laptops-cols_inherit tablets-cols_inherit mobiles-cols_1 valign_top type_default stacking_default\"><div class=\"wpb_column vc_column_container\"><div class=\"vc_column-inner\"><div class=\"wpb_text_column us_custom_2e9da019\"><div class=\"wpb_wrapper\"><h2 class=\"CjVfdc\" style=\"text-align: center;\"><span class=\"C9DxTc\"><strong>VMTC<\/strong> est bas\u00e9 sur les paroles de J\u00e9sus<\/span><\/h2>\n<h5 class=\"zfr3Q CDt4Ke\" dir=\"ltr\" style=\"text-align: center;\"><em><span class=\"gBYvFf C9DxTc\">\"L'Esprit du Seigneur est sur moi <\/span><span class=\"gBYvFf C9DxTc\">parce qu'il m'a consacr\u00e9 pour annoncer la bonne nouvelle aux pauvres.\u00a0<\/span><span class=\"gBYvFf C9DxTc\">Il m'a envoy\u00e9 proclamer la libert\u00e9 des prisonniers\u00a0<\/span><span class=\"gBYvFf C9DxTc\">et la r\u00e9cup\u00e9ration de la vue pour les aveugles,\u00a0<\/span><span class=\"gBYvFf C9DxTc\">pour lib\u00e9rer les opprim\u00e9s, pour proclamer l'ann\u00e9e de la faveur du Seigneur\".<\/span><\/em><span class=\"gBYvFf C9DxTc\">\u00a0 <\/span><span class=\"gBYvFf C9DxTc\">Luc 4:18-19\u00a0<span>\u00a0<\/span><\/span><\/h5>\n<\/div><\/div><div class=\"w-separator size_large\"><\/div><div class=\"g-cols wpb_row via_grid cols_2 laptops-cols_inherit tablets-cols_inherit mobiles-cols_1 valign_middle type_default reversed stacking_default\" style=\"--columns-gap:4vw;\"><div class=\"wpb_column vc_column_container\"><div class=\"vc_column-inner\"><div class=\"w-image has_ratio align_none\"><div class=\"w-image-h\"><div style=\"padding-bottom:75%\"><\/div><img decoding=\"async\" width=\"1024\" height=\"683\" src=\"https:\/\/www.vmtc.net\/wp-content\/uploads\/2025\/01\/getty-images-GpftgLqbB2k-unsplash-1024x683.jpg\" class=\"attachment-large size-large\" alt=\"vmtc minist\u00e8re de la pri\u00e8re personnelle lib\u00e9rer les captifs\" loading=\"lazy\" \/><\/div><\/div><\/div><\/div><div class=\"wpb_column vc_column_container\"><div class=\"vc_column-inner\"><div class=\"wpb_text_column us_custom_d98eb4eb\"><div class=\"wpb_wrapper\"><h3 class=\"CjVfdc\"><span class=\"C9DxTc\">Minist\u00e8re de la pri\u00e8re personnelle<\/span><\/h3>\n<p>Au <strong>Minist\u00e8re victorieux par le Christ<\/strong>Nous croyons au pouvoir transformateur de la pri\u00e8re pour apporter une gu\u00e9rison profonde et une v\u00e9ritable libert\u00e9. J\u00e9sus a d\u00e9crit son minist\u00e8re avec des mots comme <strong>la bonne nouvelle, la libert\u00e9, le r\u00e9tablissement et la faveur<\/strong>-et c'est exactement ce que nous cherchons \u00e0 cultiver dans la vie de ceux que nous servons.<\/p>\n<p>Notre <strong>Minist\u00e8re de la pri\u00e8re personnelle<\/strong> suit un mod\u00e8le puissant, guid\u00e9 par l'Esprit, con\u00e7u pour guider les croyants vers une plus grande pl\u00e9nitude et une plus grande libert\u00e9. Ce processus comprend<\/p>\n<ul>\n<li><strong>Le pardon par la confession<\/strong> - Lib\u00e9rer les blessures du pass\u00e9 et recevoir la gr\u00e2ce de Dieu.<\/li>\n<li><strong>Gu\u00e9rison \u00e9motionnelle<\/strong> - Permettre \u00e0 J\u00e9sus de restaurer les c\u0153urs bless\u00e9s.<\/li>\n<li><strong>Se lib\u00e9rer des forteresses spirituelles<\/strong> - Se lib\u00e9rer des influences et des habitudes n\u00e9gatives.<\/li>\n<li><strong>Renforcement dans l'Esprit Saint<\/strong> - Vivre quotidiennement dans sa pr\u00e9sence et sa puissance.<\/li>\n<\/ul>\n<p>Au cours de ce voyage de pri\u00e8re, les individus font l'exp\u00e9rience <strong>un renouvellement profond, une paix durable et une plus grande intimit\u00e9 avec Dieu<\/strong>. Nous vous invitons \u00e0 entrer dans ce processus et \u00e0 d\u00e9couvrir la vie abondante que J\u00e9sus a promise !<\/p>\n<\/div><\/div><\/div><\/div><\/div><div class=\"w-separator size_large\"><\/div><div class=\"g-cols wpb_row via_grid cols_2 laptops-cols_inherit tablets-cols_inherit mobiles-cols_1 valign_middle type_default stacking_default\" style=\"--columns-gap:4vw;\"><div class=\"wpb_column vc_column_container\"><div class=\"vc_column-inner\"><div class=\"wpb_text_column us_custom_b818dcba\"><div class=\"wpb_wrapper\"><h3><strong>Le minist\u00e8re de la pri\u00e8re est-il fait pour vous ?<\/strong><\/h3>\n<p>Vous sentez-vous bloqu\u00e9, d\u00e9pass\u00e9 ou accabl\u00e9 par les d\u00e9fis de la vie ? Nous sommes tous confront\u00e9s \u00e0 des difficult\u00e9s qui peuvent nous peser, mais vous n'avez pas \u00e0 les porter seul.<\/p>\n<ul>\n<li><strong>Charges \u00e9motionnelles<\/strong> - Une douleur non r\u00e9solue peut sembler insurmontable.<\/li>\n<li><strong>Difficult\u00e9s relationnelles<\/strong> - Les blessures du pass\u00e9 peuvent affecter la fa\u00e7on dont nous nous connectons aux autres.<\/li>\n<li><strong>Surcharge de stress<\/strong> - Les pressions de la vie quotidienne peuvent nous \u00e9puiser.<\/li>\n<li><strong>Traumatismes pass\u00e9s<\/strong> - Les exp\u00e9riences douloureuses peuvent continuer \u00e0 avoir un impact sur votre bien-\u00eatre actuel.<\/li>\n<li><strong>Habitudes n\u00e9fastes<\/strong> - Les sch\u00e9mas malsains peuvent vous donner l'impression d'\u00eatre pris au pi\u00e8ge.<\/li>\n<\/ul>\n<p>Si vous \u00eates concern\u00e9 par l'un de ces points, une <strong>Session du minist\u00e8re de la pri\u00e8re personnelle<\/strong> peut vous aider. Gr\u00e2ce \u00e0 la pri\u00e8re guid\u00e9e par l'Esprit, vous pouvez trouver la gu\u00e9rison, la libert\u00e9 et le renouveau dans la pr\u00e9sence de Dieu.<\/p>\n<p>\u00cates-vous pr\u00eat \u00e0 faire le prochain pas vers la pl\u00e9nitude ?<\/p>\n<\/div><\/div><\/div><\/div><div class=\"wpb_column vc_column_container\"><div class=\"vc_column-inner\"><div class=\"w-image has_ratio align_none\"><div class=\"w-image-h\"><div style=\"padding-bottom:100%\"><\/div><img decoding=\"async\" width=\"1024\" height=\"683\" src=\"https:\/\/www.vmtc.net\/wp-content\/uploads\/2025\/04\/people-supporting-depressed-woman-at-psychotherapy-2025-03-10-00-52-11-utc-1024x683.jpg\" class=\"attachment-large size-large\" alt=\"vmtc\" loading=\"lazy\" \/><\/div><\/div><\/div><\/div><\/div><div class=\"w-separator size_large\"><\/div><div class=\"g-cols wpb_row via_grid cols_2 laptops-cols_inherit tablets-cols_inherit mobiles-cols_1 valign_middle type_default reversed stacking_default\" style=\"--columns-gap:4vw;\"><div class=\"wpb_column vc_column_container\"><div class=\"vc_column-inner\"><div class=\"w-image has_ratio align_none\"><div class=\"w-image-h\"><div style=\"padding-bottom:100%\"><\/div><img decoding=\"async\" width=\"683\" height=\"1024\" src=\"https:\/\/www.vmtc.net\/wp-content\/uploads\/2025\/01\/ave-calvar-6wfR3aKYyhU-unsplash-683x1024.jpg\" class=\"attachment-large size-large\" alt=\"vmtc d\u00e9pression anxi\u00e9t\u00e9\" loading=\"lazy\" \/><\/div><\/div><\/div><\/div><div class=\"wpb_column vc_column_container\"><div class=\"vc_column-inner\"><div class=\"wpb_text_column us_custom_d98eb4eb\"><div class=\"wpb_wrapper\"><div class=\"flex-shrink-0 flex flex-col relative items-end\">\n<div>\n<div class=\"pt-0\">\n<div class=\"gizmo-bot-avatar flex h-8 w-8 items-center justify-center overflow-hidden rounded-full\">\n<div class=\"relative p-1 rounded-sm flex items-center justify-center bg-token-main-surface-primary text-token-text-primary h-8 w-8\">\u00a0<\/div>\n<\/div>\n<\/div>\n<\/div>\n<\/div>\n<div class=\"group\/conversation-turn relative flex w-full min-w-0 flex-col agent-turn\">\n<div class=\"flex-col gap-1 md:gap-3\">\n<div class=\"flex max-w-full flex-col flex-grow\">\n<div class=\"min-h-8 text-message flex w-full flex-col items-end gap-2 whitespace-normal break-words text-start &#091;.text-message+&amp;&#093;:mt-5\" dir=\"auto\" data-message-author-role=\"assistant\" data-message-id=\"ee411f7d-4d24-44e9-b36e-4a6df5395964\" data-message-model-slug=\"gpt-4o\">\n<div class=\"flex w-full flex-col gap-1 empty:hidden first:pt-&#091;3px&#093;\">\n<div class=\"markdown prose w-full break-words dark:prose-invert light\">\n<p><strong>Ce que le minist\u00e8re de la pri\u00e8re n'est PAS<\/strong><\/p>\n<p>Si le minist\u00e8re de la pri\u00e8re est un outil puissant de gu\u00e9rison et de libert\u00e9, il est important de comprendre de quoi il s'agit <em>pas<\/em>:<\/p>\n<ul>\n<li><strong>Intervention en cas de crise<\/strong> - Nous mettons l'accent sur la gu\u00e9rison des blessures caus\u00e9es par les traumatismes et les chagrins d'amour, plut\u00f4t que sur les crises imm\u00e9diates.<\/li>\n<li><strong>Conseil<\/strong> - Nous ne donnons pas de conseils ni d'opinions personnelles. Au contraire, nous cr\u00e9ons un espace pour que le Saint-Esprit nous guide et nous apporte des r\u00e9v\u00e9lations.<\/li>\n<li><strong>Sessions en cours<\/strong> - Le minist\u00e8re de la pri\u00e8re est un <em>ponctuel<\/em> en faisant confiance \u00e0 l'Esprit Saint pour poursuivre son \u0153uvre au-del\u00e0 de ce moment. Cependant, nous encourageons les individus \u00e0 recevoir un minist\u00e8re de pri\u00e8re <strong>annuellement<\/strong> pour un renouveau spirituel permanent.<\/li>\n<\/ul>\n<p>Notre objectif est de vous aider \u00e0 entrer dans <strong>la gu\u00e9rison, la libert\u00e9 et la pl\u00e9nitude<\/strong>La confiance dans l'action permanente de Dieu dans votre vie.<\/p>\n<\/div>\n<\/div>\n<\/div>\n<\/div>\n<\/div>\n<\/div>\n<\/div><\/div><\/div><\/div><\/div><\/div><\/div><\/div><\/div><\/section><section class=\"l-section wpb_row height_custom\"><div class=\"l-section-h i-cf\"><div class=\"g-cols vc_row via_grid cols_2 laptops-cols_inherit tablets-cols_inherit mobiles-cols_1 valign_top type_default stacking_default\"><div class=\"wpb_column vc_column_container\"><div class=\"vc_column-inner\"><div class=\"w-separator size_huge\"><\/div><div class=\"w-separator size_huge\"><\/div><div class=\"w-separator size_medium\"><\/div><div class=\"w-image align_none\"><div class=\"w-image-h\"><img decoding=\"async\" width=\"563\" height=\"1024\" src=\"https:\/\/www.vmtc.net\/wp-content\/uploads\/2025\/04\/IMG_7460-563x1024.jpg\" class=\"attachment-large size-large\" alt=\"VMTC Victorious Ministry Through Christ usa\" loading=\"lazy\" srcset=\"https:\/\/www.vmtc.net\/wp-content\/uploads\/2025\/04\/IMG_7460-563x1024.jpg 563w, https:\/\/www.vmtc.net\/wp-content\/uploads\/2025\/04\/IMG_7460-165x300.jpg 165w, https:\/\/www.vmtc.net\/wp-content\/uploads\/2025\/04\/IMG_7460-7x12.jpg 7w, https:\/\/www.vmtc.net\/wp-content\/uploads\/2025\/04\/IMG_7460-600x1092.jpg 600w, https:\/\/www.vmtc.net\/wp-content\/uploads\/2025\/04\/IMG_7460.jpg 754w\" sizes=\"auto, (max-width: 563px) 100vw, 563px\" \/><\/div><\/div><\/div><\/div><div class=\"wpb_column vc_column_container us_custom_21c3ffa6 has_bg_color\"><div class=\"vc_column-inner\"><div class=\"wpb_text_column\"><div class=\"wpb_wrapper\"><h3 class=\"CjVfdc\"><span class=\"C9DxTc\">\u00c0 quoi s'attendre lors d'une session de minist\u00e8re de la pri\u00e8re ?<\/span><\/h3>\n<\/div><\/div><div class=\"w-separator size_small\"><\/div><div class=\"wpb_text_column\"><div class=\"wpb_wrapper\"><h5><strong>\u00c9quipe form\u00e9e<\/strong><\/h5>\n<p>Chaque session est anim\u00e9e par deux ministres de la pri\u00e8re form\u00e9s - un ministre principal et un ministre de soutien. Parfois, une troisi\u00e8me personne, appel\u00e9e intercesseur, peut \u00e9galement \u00eatre pr\u00e9sente. Chaque membre de l'\u00e9quipe a suivi une formation approfondie par l'interm\u00e9diaire de Victorious Ministry Through Christ, y compris de multiples \u00e9coles de minist\u00e8re de la pri\u00e8re et des opportunit\u00e9s de mentorat, ce qui garantit une exp\u00e9rience efficace et guid\u00e9e par l'Esprit.<\/p>\n<p><strong>Transformation \u00e0 long terme<\/strong><\/p>\n<p>Le minist\u00e8re de la pri\u00e8re n'est pas une solution rapide pour les crises imm\u00e9diates. Elle cherche plut\u00f4t \u00e0 apporter un changement profond et durable en aidant les individus \u00e0 abandonner leurs fardeaux \u00e0 la gr\u00e2ce curative de Dieu, ce qui les conduit \u00e0 une profonde libert\u00e9 dans le Christ.<\/p>\n<p><strong>Service gratuit et volontaire<\/strong><\/p>\n<p>Nos ministres de la pri\u00e8re servent b\u00e9n\u00e9volement et il n'y a pas de frais pour recevoir le minist\u00e8re de la pri\u00e8re. Les dons \u00e0 VMTC sont les bienvenus pour soutenir le minist\u00e8re, et si les ministres de la pri\u00e8re ont voyag\u00e9 pour votre session, une contribution \u00e0 leurs frais de transport est appr\u00e9ci\u00e9e.<\/p>\n<p><strong>D\u00e9couvrir les causes profondes<\/strong><\/p>\n<p>Le minist\u00e8re de la pri\u00e8re va au-del\u00e0 des probl\u00e8mes de surface pour aborder les questions spirituelles, \u00e9motionnelles et relationnelles sous-jacentes qui peuvent entraver votre libert\u00e9 et votre pl\u00e9nitude.<\/p>\n<p><strong>Ouverture et pardon<\/strong><\/p>\n<p>La gu\u00e9rison commence par un c\u0153ur humble et honn\u00eate. Vous aurez l'occasion de :<\/p>\n<ul>\n<li>Recevoir le pardon de Dieu pour les p\u00e9ch\u00e9s pass\u00e9s.<\/li>\n<li>Pardonnez aux personnes qui vous ont bless\u00e9.<\/li>\n<li>Permettez \u00e0 l'Esprit Saint d'apporter la gu\u00e9rison et la libert\u00e9 dans les domaines o\u00f9 elles sont n\u00e9cessaires.<\/li>\n<\/ul>\n<h5><strong>Un engagement fid\u00e8le<\/strong><\/h5>\n<p>L'exp\u00e9rience de la gu\u00e9rison n'est qu'un d\u00e9but. Pour marcher dans une libert\u00e9 durable, il est important de coop\u00e9rer activement avec le Saint-Esprit au-del\u00e0 de la session, en s'engageant dans une vie d'abandon et de croissance en Christ.<\/p>\n<h5><strong>Confidentialit\u00e9 totale<\/strong><\/h5>\n<p>Votre s\u00e9ance est enti\u00e8rement priv\u00e9e. Aucune note n'est prise et aucun d\u00e9tail n'est communiqu\u00e9 \u00e0 qui que ce soit, \u00e0 aucun moment. Cela garantit un espace s\u00fbr et sacr\u00e9 pour votre voyage de gu\u00e9rison.<\/p>\n<h5><strong>Logistique<\/strong><\/h5>\n<ul>\n<li>Lieu - Les s\u00e9ances se d\u00e9roulent dans un cadre confortable et priv\u00e9, souvent dans une \u00e9glise locale.<\/li>\n<li>Dur\u00e9e - Pr\u00e9voyez trois heures pour votre session de pri\u00e8re afin de garantir un temps de minist\u00e8re approfondi et sans pr\u00e9cipitation.<\/li>\n<\/ul>\n<\/div><\/div><div class=\"w-separator size_medium\"><\/div><div class=\"w-btn-wrapper align_none\"><a class=\"w-btn us-btn-style_1\" href=\"\/fr\/session_intake_form\/\"><span class=\"w-btn-label\">Formulaire de pr\u00e9-session<\/span><\/a><\/div><\/div><\/div><\/div><\/div><\/section><section class=\"l-section wpb_row us_custom_10ed3c95 height_auto\"><div class=\"l-section-h i-cf\"><div class=\"g-cols vc_row via_grid cols_custom laptops-cols_inherit tablets-cols_inherit mobiles-cols_1 valign_middle type_default reversed stacking_default\"><\/div><\/div><\/section><div class=\"wpb_column vc_column_container\"><div class=\"vc_column-inner\"><div class=\"g-cols wpb_row via_grid cols_2 laptops-cols_inherit tablets-cols_inherit mobiles-cols_1 valign_middle type_default reversed stacking_default\" style=\"--columns-gap:0rem;\"><div class=\"wpb_column vc_column_container us_custom_b4843623 has_bg_color\"><div class=\"vc_column-inner\"><h4 class=\"w-text us_custom_6745946f has_text_color\"><span class=\"w-text-h\"><span class=\"w-text-value\">ICI POUR AIDER<\/span><\/span><\/h4><h2 class=\"w-text\"><span class=\"w-text-h\"><span class=\"w-text-value\">Vous avez des questions ?<\/span><\/span><\/h2><div class=\"wpb_text_column us_custom_59aee68e\"><div class=\"wpb_wrapper\"><h3><strong>Apprendre \u00e0 exercer un minist\u00e8re dans la pri\u00e8re<\/strong><\/h3>\n<p>D\u00e9velopper <strong>scriptural, disciplin\u00e9 et guid\u00e9 par l'Esprit Saint<\/strong> les comp\u00e9tences du minist\u00e8re de la pri\u00e8re qui s'appliquent <strong>Les promesses de J\u00e9sus<\/strong> \u00e0 ceux qui souffrent. Par l'interm\u00e9diaire de <strong>formation de personne \u00e0 personne<\/strong>Vous acquerrez une exp\u00e9rience pratique et une vision spirituelle qui vous permettront d'aider d'autres personnes \u00e0 trouver la gu\u00e9rison et la libert\u00e9 dans le Christ.<\/p>\n<p>Rejoignez-nous dans cette <strong>voyage de transformation<\/strong> et participez \u00e0 la transformation de vies par le pouvoir de la pri\u00e8re !<\/p>\n<\/div><\/div><div class=\"w-separator size_custom\" style=\"height:40px\"><\/div><div class=\"w-btn-wrapper align_none\"><a class=\"w-btn us-btn-style_2\" href=\"\/fr\/formulaire-de-contact-general\/\"><span class=\"w-btn-label\">Nous contacter<\/span><\/a><\/div><\/div><\/div><div class=\"wpb_column vc_column_container us_custom_a541fb6c has_bg_color\"><div class=\"vc_column-inner\"><\/div><\/div><\/div><\/div><\/div>","protected":false},"excerpt":{"rendered":"","protected":false},"author":1,"featured_media":0,"parent":0,"menu_order":0,"comment_status":"closed","ping_status":"closed","template":"","meta":{"om_disable_all_campaigns":false,"_monsterinsights_skip_tracking":false,"_monsterinsights_sitenote_active":false,"_monsterinsights_sitenote_note":"","_monsterinsights_sitenote_category":0,"footnotes":""},"class_list":["post-2221","page","type-page","status-publish","hentry"],"aioseo_notices":[],"_links":{"self":[{"href":"https:\/\/www.vmtc.net\/fr\/wp-json\/wp\/v2\/pages\/2221","targetHints":{"allow":["GET"]}}],"collection":[{"href":"https:\/\/www.vmtc.net\/fr\/wp-json\/wp\/v2\/pages"}],"about":[{"href":"https:\/\/www.vmtc.net\/fr\/wp-json\/wp\/v2\/types\/page"}],"author":[{"embeddable":true,"href":"https:\/\/www.vmtc.net\/fr\/wp-json\/wp\/v2\/users\/1"}],"replies":[{"embeddable":true,"href":"https:\/\/www.vmtc.net\/fr\/wp-json\/wp\/v2\/comments?post=2221"}],"version-history":[{"count":0,"href":"https:\/\/www.vmtc.net\/fr\/wp-json\/wp\/v2\/pages\/2221\/revisions"}],"wp:attachment":[{"href":"https:\/\/www.vmtc.net\/fr\/wp-json\/wp\/v2\/media?parent=2221"}],"curies":[{"name":"wp","href":"https:\/\/api.w.org\/{rel}","templated":true}]}}