{"id":2163,"date":"2025-01-30T00:57:43","date_gmt":"2025-01-30T00:57:43","guid":{"rendered":"http:\/\/lbw.8f3.mytemp.website\/?page_id=2163"},"modified":"2025-02-12T23:57:38","modified_gmt":"2025-02-12T23:57:38","slug":"ministere-de-la-priere-vmtc-amerique","status":"publish","type":"page","link":"https:\/\/www.vmtc.net\/fr\/vmtc-prayer-ministry-america\/","title":{"rendered":"VMTC"},"content":{"rendered":"<section class=\"l-section wpb_row height_custom color_primary with_img\"><div class=\"l-section-img\" role=\"img\" aria-label=\"Image\" data-img-width=\"2560\" data-img-height=\"1183\" style=\"background-image: url(https:\/\/www.vmtc.net\/wp-content\/uploads\/2025\/02\/VMTC2024-7-3-scaled.jpg);\"><\/div><div class=\"l-section-overlay\" style=\"background:rgba(26,26,26,0.25)\"><\/div><div class=\"l-section-h i-cf\"><div class=\"g-cols vc_row via_grid cols_1 laptops-cols_inherit tablets-cols_inherit mobiles-cols_1 valign_top type_default stacking_default\"><div class=\"wpb_column vc_column_container us_custom_a2aeb65f\"><div class=\"vc_column-inner\"><h1 class=\"w-text us_custom_eb849559\"><span class=\"w-text-h\"><span class=\"w-text-value\">VMTC Qui sommes-nous ?<\/span><\/span><\/h1><\/div><\/div><\/div><\/div><\/section><section class=\"l-section wpb_row height_custom\"><div class=\"l-section-h i-cf\"><div class=\"g-cols vc_row via_grid cols_2 laptops-cols_inherit tablets-cols_1 mobiles-cols_1 valign_middle type_default reversed stacking_default\" style=\"--columns-gap:0rem;\"><div class=\"wpb_column vc_column_container us_custom_8a2a463d\"><div class=\"vc_column-inner\"><div class=\"wpb_text_column us_custom_3fdaf282\"><div class=\"wpb_wrapper\"><div class=\"flex-shrink-0 flex flex-col relative items-end\">\n<div>\n<div class=\"pt-0\">\n<div class=\"gizmo-bot-avatar flex h-8 w-8 items-center justify-center overflow-hidden rounded-full\">\n<h2 class=\"relative p-1 rounded-sm flex items-center justify-center bg-token-main-surface-primary text-token-text-primary h-8 w-8\"><strong>Notre vision<\/strong><\/h2>\n<\/div>\n<\/div>\n<\/div>\n<\/div>\n<div class=\"group\/conversation-turn relative flex w-full min-w-0 flex-col agent-turn\">\n<div class=\"flex-col gap-1 md:gap-3\">\n<div class=\"flex max-w-full flex-col flex-grow\">\n<div class=\"min-h-8 text-message flex w-full flex-col items-end gap-2 whitespace-normal break-words text-start &#091;.text-message+&amp;&#093;:mt-5\" dir=\"auto\" data-message-author-role=\"assistant\" data-message-id=\"aa48efa0-e260-4cd1-a0f6-4167de13f66f\" data-message-model-slug=\"gpt-4o\">\n<div class=\"flex w-full flex-col gap-1 empty:hidden first:pt-&#091;3px&#093;\">\n<div class=\"markdown prose w-full break-words dark:prose-invert light\">\n<p>Nous envisageons que les personnes rencontrent <strong>la v\u00e9ritable gu\u00e9rison - de l'esprit, de l'\u00e2me et du corps - gr\u00e2ce \u00e0 l'\u0153uvre achev\u00e9e de J\u00e9sus-Christ<\/strong> et le <strong>le pouvoir de transformation de la vie par le Saint-Esprit<\/strong>.<\/p>\n<p>Nous sommes profond\u00e9ment convaincus que <strong>chaque croyant est appel\u00e9 \u00e0 vivre dans la pl\u00e9nitude de la libert\u00e9 du Christ<\/strong>Il s'agit de marcher dans son amour, sa gr\u00e2ce et sa restauration. Par l'interm\u00e9diaire de <strong>la pri\u00e8re, l'abandon et le pouvoir de la Parole de Dieu<\/strong>Nous cherchons \u00e0 voir des vies <strong>gu\u00e9ri, renouvel\u00e9 et lib\u00e9r\u00e9<\/strong> pour sa gloire.<\/p>\n<\/div>\n<\/div>\n<\/div>\n<\/div>\n<\/div>\n<\/div>\n<h2>Notre mission<\/h2>\n<p>Enracin\u00e9 dans la <strong>le pouvoir de la pri\u00e8re<\/strong>Notre mission est de cr\u00e9er un espace pour les <strong>L'Esprit Saint pour apporter une gu\u00e9rison profonde et une libert\u00e9 totale<\/strong> aux disciples de J\u00e9sus-Christ.<\/p>\n<p>A travers <strong>VMTC Vivre pleinement<\/strong>Nous formons et \u00e9quipons les croyants pour qu'ils exercent leur minist\u00e8re dans les domaines suivants <strong>Pri\u00e8re guid\u00e9e par l'Esprit<\/strong>en suivant le mod\u00e8le de J\u00e9sus. Par le biais de <strong>minist\u00e8re des \u00e9coles de pri\u00e8re<\/strong>Nous pr\u00e9parons le peuple de Dieu \u00e0 marcher dans son pouvoir de gu\u00e9rison et \u00e0 aider les autres \u00e0 trouver des solutions. <strong>la libert\u00e9, la restauration et la pl\u00e9nitude<\/strong> en Christ.<\/p>\n<p><strong>\"C'est pour la libert\u00e9 que le Christ nous a lib\u00e9r\u00e9s.<\/strong> - Galates 5:1<\/p>\n<\/div><\/div><\/div><\/div><div class=\"wpb_column vc_column_container\"><div class=\"vc_column-inner\"><div class=\"w-image us_custom_447bff20 align_none\"><div class=\"w-image-h\"><img decoding=\"async\" width=\"1600\" height=\"1824\" src=\"https:\/\/www.vmtc.net\/wp-content\/uploads\/2025\/02\/vmtc_blessing.jpg\" class=\"attachment-full size-full\" alt=\"\" loading=\"lazy\" srcset=\"https:\/\/www.vmtc.net\/wp-content\/uploads\/2025\/02\/vmtc_blessing.jpg 1600w, https:\/\/www.vmtc.net\/wp-content\/uploads\/2025\/02\/vmtc_blessing-263x300.jpg 263w, https:\/\/www.vmtc.net\/wp-content\/uploads\/2025\/02\/vmtc_blessing-898x1024.jpg 898w, https:\/\/www.vmtc.net\/wp-content\/uploads\/2025\/02\/vmtc_blessing-600x684.jpg 600w\" sizes=\"auto, (max-width: 1600px) 100vw, 1600px\" \/><\/div><\/div><\/div><\/div><\/div><\/div><\/section><section class=\"l-section wpb_row height_auto\"><div class=\"l-section-h i-cf\"><div class=\"g-cols vc_row via_grid cols_2 laptops-cols_inherit tablets-cols_inherit mobiles-cols_1 valign_middle type_default stacking_default\" style=\"--columns-gap:0rem;\"><div class=\"wpb_column vc_column_container us_custom_5fbca1b4 has_bg_color\"><div class=\"vc_column-inner\"><\/div><\/div><div class=\"wpb_column vc_column_container us_custom_72119110 has_bg_color\"><div class=\"vc_column-inner\"><h2 class=\"w-text us_custom_9ad16fb4 has_text_color\"><span class=\"w-text-h\"><span class=\"w-text-value\">Nos valeurs fondamentales<\/span><\/span><\/h2><div class=\"wpb_text_column us_custom_f2f613e8 has_text_color\"><div class=\"wpb_wrapper\"><ul class=\"n8H08c UVNKR\">\n<li class=\"zfr3Q TYR86d eD0Rn\" dir=\"ltr\">\n<p>En tant que minist\u00e8re, nous nous consacrons \u00e0 servir dans l'amour et la v\u00e9rit\u00e9 de J\u00e9sus-Christ, guid\u00e9s par le Saint-Esprit. Nos valeurs fondamentales refl\u00e8tent l'appel qu'il nous a lanc\u00e9 :<\/p>\n<ul>\n<li><strong>Marcher dans l'amour, la puissance et la direction du Saint-Esprit<\/strong> - Exercer son minist\u00e8re sous la direction de l'Esprit, en faisant confiance \u00e0 sa sagesse et \u00e0 son pouvoir de gu\u00e9rison.<\/li>\n<li><strong>Servir avec compassion, int\u00e9grit\u00e9 et humilit\u00e9 \u00e0 l'image du Christ<\/strong> - Refl\u00e9ter le c\u0153ur de J\u00e9sus en traitant chaque personne avec amour, dignit\u00e9 et gr\u00e2ce.<\/li>\n<li><strong>Respecter la confidentialit\u00e9 et l'\u00e9thique biblique dans le minist\u00e8re de la pri\u00e8re<\/strong> - Cr\u00e9er un espace sacr\u00e9 de confiance o\u00f9 l'\u0153uvre de Dieu peut se d\u00e9ployer librement.<\/li>\n<li><strong>Encourager la croissance spirituelle et la formation de disciples pour les ministres de la pri\u00e8re<\/strong> - S'engager \u00e0 apprendre tout au long de la vie, \u00e0 approfondir sa foi et \u00e0 d\u00e9velopper sa relation avec le Christ.<\/li>\n<\/ul>\n<p><strong>\"Quoi que vous fassiez, travaillez de bon c\u0153ur, comme pour le Seigneur et non pour des hommes.<\/strong> - Colossiens 3:23<\/p>\n<p>Souhaitez-vous des am\u00e9liorations ou des ajouts afin d'aligner plus \u00e9troitement ce document sur la vision de votre minist\u00e8re ?<\/p>\n<\/li>\n<\/ul>\n<\/div><\/div><\/div><\/div><\/div><\/div><\/section><section class=\"l-section wpb_row height_custom\"><div class=\"l-section-h i-cf\"><div class=\"g-cols vc_row via_grid cols_1 laptops-cols_inherit tablets-cols_inherit mobiles-cols_1 valign_top type_default stacking_default\"><div class=\"wpb_column vc_column_container\"><div class=\"vc_column-inner\"><h2 class=\"w-text us_custom_eb849559\"><span class=\"w-text-h\"><span class=\"w-text-value\">Au VMTC, nous croyons<\/span><\/span><\/h2><div class=\"w-separator size_custom\" style=\"height:30px\" id=\"k56b\"><style>@media(max-width:1024px){ #k56b{height:50px!important}}@media(max-width:600px){ #k56b{height:50px!important}}<\/style><\/div><div class=\"g-cols wpb_row us_custom_30ee0eb0 via_grid cols_2 laptops-cols_inherit tablets-cols_1 mobiles-cols_1 valign_top type_default stacking_default\" style=\"--columns-gap:3rem;\"><div class=\"wpb_column vc_column_container us_custom_1360a273 has_bg_color\"><div class=\"vc_column-inner\"><div class=\"w-iconbox iconpos_top style_default color_primary align_left\"><div class=\"w-iconbox-icon\" style=\"font-size:2.8rem;\"><\/div><div class=\"w-iconbox-meta\"><h3 class=\"w-iconbox-title\">Le Dieu de la Bible<\/h3><div class=\"w-iconbox-text\"><p>Nous croyons en<span>\u00a0<\/span><strong>un seul vrai Dieu<\/strong>qui existe \u00e9ternellement dans<span>\u00a0<\/span><strong>trois personnes<\/strong>:<\/p>\n<ul>\n<li><strong>Dieu le P\u00e8re<\/strong><span>\u00a0<\/span>- Le Cr\u00e9ateur et le Soutien de toutes choses.<\/li>\n<li><strong>Dieu le Fils, J\u00e9sus-Christ<\/strong><span>\u00a0<\/span>- Le Sauveur et R\u00e9dempteur, pleinement Dieu et pleinement homme.<\/li>\n<li><strong>Dieu le Saint-Esprit<\/strong><span>\u00a0<\/span>- Le consolateur et le guide, qui donne aux croyants les moyens de mener une vie sainte.<\/li>\n<\/ul>\n<p><em>\"\u00c9coute, Isra\u00ebl : Le Seigneur notre Dieu, le Seigneur est unique\".<\/em><span>\u00a0<\/span>- Deut\u00e9ronome 6:4<br \/><em>\"Allez donc, de toutes les nations faites des disciples, les baptisant au nom du P\u00e8re, du Fils et du Saint-Esprit.<\/em><span>\u00a0<\/span>- Matthieu 28:19<\/p>\n<p><span>\u00a0<\/span><\/p>\n<\/div><\/div><\/div><\/div><\/div><div class=\"wpb_column vc_column_container us_custom_1360a273 has_bg_color\"><div class=\"vc_column-inner\"><div class=\"w-iconbox iconpos_top style_default color_primary align_left\"><div class=\"w-iconbox-icon\" style=\"font-size:2.8rem;\"><\/div><div class=\"w-iconbox-meta\"><h3 class=\"w-iconbox-title\">L'autorit\u00e9 des \u00c9critures<\/h3><div class=\"w-iconbox-text\"><p>Nous pensons que <strong>la Bible est la parole inspir\u00e9e de Dieu<\/strong>Le rapport de la Commission europ\u00e9enne, qui fait autorit\u00e9 dans le domaine des droits de l'homme et de la d\u00e9mocratie, est un document de r\u00e9f\u00e9rence. <strong>toutes les questions de foi et de pratique<\/strong>. C'est le <strong>r\u00e9v\u00e9lation divine<\/strong> de la v\u00e9rit\u00e9 de Dieu, servant de base \u00e0 la vie chr\u00e9tienne et \u00e0 la croissance spirituelle.<\/p>\n<ul>\n<li><strong>Cr\u00e9\u00e9e par Dieu et infaillible<\/strong> - Les Ecritures sont inspir\u00e9es par Dieu et totalement fiables. (<strong>2 Timoth\u00e9e 3:16-17<\/strong>)<\/li>\n<li><strong>L'autorit\u00e9 finale<\/strong> - La Bible est la norme ultime en mati\u00e8re de foi, de doctrine et de conduite morale. (<strong>Psaume 19:7-11<\/strong>)<\/li>\n<li><strong>Transformer et donner la vie<\/strong> - La Parole de Dieu renouvelle les esprits, \u00e9quipe les croyants et les conduit \u00e0 la maturit\u00e9 spirituelle. (<strong>H\u00e9breux 4:12<\/strong>)<\/li>\n<\/ul>\n<p><em>\"Toute \u00c9criture est inspir\u00e9e par Dieu et utile pour enseigner, reprendre, corriger et former \u00e0 la justice, afin que le serviteur de Dieu soit parfaitement \u00e9quip\u00e9 pour toute bonne \u0153uvre.<\/em> - 2 Timoth\u00e9e 3:16-17<\/p>\n<p><span>\u00a0<\/span><\/p>\n<\/div><\/div><\/div><\/div><\/div><div class=\"wpb_column vc_column_container us_custom_b1e66f27 has_bg_color\"><div class=\"vc_column-inner\"><div class=\"w-iconbox iconpos_top style_default color_primary align_left\"><div class=\"w-iconbox-icon\" style=\"font-size:2.8rem;\"><\/div><div class=\"w-iconbox-meta\"><h3 class=\"w-iconbox-title\">J\u00e9sus-Christ : Pleinement Dieu, pleinement homme et seule voie de salut<\/h3><div class=\"w-iconbox-text\"><div class=\"group\/conversation-turn relative flex w-full min-w-0 flex-col agent-turn\">\n<div class=\"flex-col gap-1 md:gap-3\">\n<div class=\"flex max-w-full flex-col flex-grow\">\n<div class=\"min-h-8 text-message flex w-full flex-col items-end gap-2 whitespace-normal break-words text-start &#091;.text-message+&amp;&#093;:mt-5\" dir=\"auto\" data-message-author-role=\"assistant\" data-message-id=\"6391429d-650e-497f-bc7e-c769b40f7b29\" data-message-model-slug=\"gpt-4o\">\n<div class=\"flex w-full flex-col gap-1 empty:hidden first:pt-&#091;3px&#093;\">\n<div class=\"markdown prose w-full break-words dark:prose-invert light\">\n<p>Nous pensons que <strong>J\u00e9sus-Christ est pleinement Dieu et pleinement homme<\/strong>Il est le Fils \u00e9ternel de Dieu qui a pris chair humaine pour racheter l'humanit\u00e9. Il est l'unique voie de salut et de r\u00e9conciliation avec Dieu.<\/p>\n<ul>\n<li><strong>Pleinement Dieu, pleinement homme<\/strong> - J\u00e9sus est le Verbe fait chair, la repr\u00e9sentation exacte de la nature de Dieu. (<strong>Jean 1:1-4, Colossiens 2:9<\/strong>)<\/li>\n<li><strong>Le seul sauveur<\/strong> - Par sa vie parfaite, sa mort sacrificielle et sa r\u00e9surrection victorieuse, J\u00e9sus est le seul chemin vers le salut. (<strong>Jean 14:6, Actes 4:12<\/strong>)<\/li>\n<li><strong>Seigneur et Roi<\/strong> - Il r\u00e8gne dans la gloire et reviendra pour \u00e9tablir son royaume \u00e9ternel. (<strong>Philippiens 2:9-11, Apocalypse 19:16<\/strong>)<\/li>\n<\/ul>\n<p><em>\"Au commencement \u00e9tait le Verbe, et le Verbe \u00e9tait avec Dieu, et le Verbe \u00e9tait Dieu. C'est par lui que tout a \u00e9t\u00e9 fait, et rien de ce qui a \u00e9t\u00e9 fait n'a \u00e9t\u00e9 fait sans lui. En lui \u00e9tait la vie, et cette vie \u00e9tait la lumi\u00e8re de toute l'humanit\u00e9\".<\/em> - Jean 1:1-4<\/p>\n<p><em>\"En effet, toute la pl\u00e9nitude de la divinit\u00e9 vit dans le Christ sous une forme corporelle.<\/em> - Colossiens 2:9<\/p>\n<\/div>\n<\/div>\n<\/div>\n<\/div>\n<\/div>\n<\/div>\n<p><span>\u00a0<\/span><\/p>\n<\/div><\/div><\/div><\/div><\/div><div class=\"wpb_column vc_column_container us_custom_b1e66f27 has_bg_color\"><div class=\"vc_column-inner\"><div class=\"w-iconbox iconpos_top style_default color_primary align_left\"><div class=\"w-iconbox-icon\" style=\"font-size:2.8rem;\"><\/div><div class=\"w-iconbox-meta\"><h3 class=\"w-iconbox-title\">La puissance de l'Esprit Saint<\/h3><div class=\"w-iconbox-text\"><p>Nous pensons que la <strong>L'Esprit Saint donne du pouvoir aux croyants<\/strong> \u00e0 vivre victorieusement, \u00e0 exercer un minist\u00e8re efficace et \u00e0 marcher dans la pl\u00e9nitude du dessein de Dieu. Il \u00e9quipe et fortifie les disciples de J\u00e9sus par sa pr\u00e9sence, sa puissance et ses dons spirituels.<\/p>\n<ul>\n<li><strong>Habilitation \u00e0 exercer un minist\u00e8re<\/strong> - Le Saint-Esprit permet aux croyants de proclamer hardiment l'\u00c9vangile, d'exercer leur minist\u00e8re par la pri\u00e8re et d'apporter la gu\u00e9rison aux autres. (<strong>Actes 1:8<\/strong>)<\/li>\n<li><strong>Dou\u00e9s pour le service<\/strong> - Il distribue <strong>les dons spirituels<\/strong> d'encourager, d'\u00e9difier et de fortifier le corps du Christ. (<strong>1 Corinthiens 12:7-11<\/strong>)<\/li>\n<li><strong>Conduite par l'Esprit<\/strong> - Le Saint-Esprit guide, convainc et habilite les croyants \u00e0 vivre une vie de saintet\u00e9 et de victoire. (<strong>Romains 8:14, Galates 5:16<\/strong>)<\/li>\n<\/ul>\n<p><em>\"Vous serez alors mes t\u00e9moins \u00e0 J\u00e9rusalem, dans toute la Jud\u00e9e et la Samarie, et jusqu'aux extr\u00e9mit\u00e9s de la terre.<\/em> - Actes 1:8<\/p>\n<p><em>\"Or, la manifestation de l'Esprit est donn\u00e9e \u00e0 chacun pour le bien commun. <\/em>- 1 Corinthiens 12:7<\/p>\n<p><span>\u00a0<\/span><\/p>\n<\/div><\/div><\/div><\/div><\/div><\/div><div class=\"w-separator size_medium\"><\/div><div class=\"g-cols wpb_row us_custom_30ee0eb0 via_grid cols_2 laptops-cols_inherit tablets-cols_1 mobiles-cols_1 valign_top type_default stacking_default\" style=\"--columns-gap:3rem;\"><div class=\"wpb_column vc_column_container us_custom_1360a273 has_bg_color\"><div class=\"vc_column-inner\"><div class=\"w-iconbox iconpos_top style_default color_primary align_left\"><div class=\"w-iconbox-icon\" style=\"font-size:2.8rem;\"><\/div><div class=\"w-iconbox-meta\"><h3 class=\"w-iconbox-title\">La n\u00e9cessit\u00e9 du salut :<\/h3><div class=\"w-iconbox-text\"><p>Nous pensons que <strong>tous les hommes sont des p\u00e9cheurs qui ont besoin du pardon de Dieu<\/strong> et que le salut vient <strong>uniquement par la foi en J\u00e9sus-Christ<\/strong>. Sans lui, nous sommes s\u00e9par\u00e9s de Dieu, mais par sa gr\u00e2ce, nous sommes rachet\u00e9s et restaur\u00e9s.<\/p>\n<ul>\n<li><strong>Tous ont p\u00e9ch\u00e9<\/strong> - Chaque personne n'a pas atteint la norme parfaite de Dieu et a besoin d'\u00eatre sauv\u00e9e. (<strong>Romains 3:23<\/strong>)<\/li>\n<li><strong>Le salut par le Christ seul<\/strong> - J\u00e9sus est le seul chemin vers le P\u00e8re, offrant le pardon, la r\u00e9demption et la vie \u00e9ternelle. (<strong>Jean 14:6<\/strong>)<\/li>\n<li><strong>La gr\u00e2ce par la foi<\/strong> - Le salut ne se m\u00e9rite pas mais est un don de la gr\u00e2ce de Dieu, re\u00e7u par la foi en J\u00e9sus. (<strong>Eph\u00e9siens 2:8-9<\/strong>)<\/li>\n<\/ul>\n<p><em>\"Car tous ont p\u00e9ch\u00e9 et n'ont pas atteint la gloire de Dieu.<\/em> - Romains 3:23<\/p>\n<p><em>J\u00e9sus r\u00e9pondit : \"Je suis le chemin, la v\u00e9rit\u00e9 et la vie. Personne ne vient au P\u00e8re si ce n'est par moi\".<\/em> - Jean 14:6<\/p>\n<p><span>\u00a0<\/span><\/p>\n<\/div><\/div><\/div><\/div><\/div><div class=\"wpb_column vc_column_container us_custom_1360a273 has_bg_color\"><div class=\"vc_column-inner\"><div class=\"w-iconbox iconpos_top style_default color_primary align_left\"><div class=\"w-iconbox-icon\" style=\"font-size:2.8rem;\"><\/div><div class=\"w-iconbox-meta\"><h3 class=\"w-iconbox-title\">Le pouvoir de la pri\u00e8re :<\/h3><div class=\"w-iconbox-text\"><p>Nous pensons que <strong>pri\u00e8re offerte dans la foi<\/strong> est un outil puissant pour <strong>la transformation, la gu\u00e9rison et la d\u00e9livrance<\/strong>. Par la pri\u00e8re, nous nous connectons \u00e0 Dieu, nous alignons nos c\u0153urs sur sa volont\u00e9 et nous faisons l'exp\u00e9rience de sa puissance miraculeuse \u00e0 l'\u0153uvre dans nos vies.<\/p>\n<ul>\n<li><strong>Le pouvoir de transformation<\/strong> - La pri\u00e8re apporte un renouveau spirituel et approfondit notre relation avec Dieu. (<strong>Philippiens 4:6-7<\/strong>)<\/li>\n<li><strong>Gu\u00e9rison et restauration<\/strong> - Dieu agit par la pri\u00e8re pour apporter la gu\u00e9rison physique, \u00e9motionnelle et spirituelle. (<strong>Jacques 5:16<\/strong>)<\/li>\n<li><strong>D\u00e9livrance et victoire<\/strong> - La pri\u00e8re renforce les croyants dans les combats spirituels, brisant les cha\u00eenes et lib\u00e9rant la libert\u00e9 de Dieu. (<strong>Eph\u00e9siens 6:18<\/strong>)<\/li>\n<\/ul>\n<p><em>\"La pri\u00e8re d'un juste est puissante et efficace.<\/em> - Jacques 5:16<\/p>\n<p>Souhaitez-vous mettre l'accent sur la pri\u00e8re d'intercession, la pri\u00e8re en commun ou tout autre aspect sp\u00e9cifique du minist\u00e8re de la pri\u00e8re ?<\/p>\n<p><span>\u00a0<\/span><\/p>\n<\/div><\/div><\/div><\/div><\/div><div class=\"wpb_column vc_column_container us_custom_1360a273 has_bg_color\"><div class=\"vc_column-inner\"><div class=\"w-iconbox iconpos_top style_default color_primary align_left\"><div class=\"w-iconbox-icon\" style=\"font-size:2.8rem;\"><\/div><div class=\"w-iconbox-meta\"><h3 class=\"w-iconbox-title\">Le minist\u00e8re de la gu\u00e9rison<\/h3><div class=\"w-iconbox-text\"><p>Nous pensons que <strong>J\u00e9sus a d\u00e9montr\u00e9 et ordonn\u00e9 la gu\u00e9rison des malades<\/strong>Il r\u00e9v\u00e8le le c\u0153ur de Dieu pour la restauration et la pl\u00e9nitude. Ce minist\u00e8re se poursuit aujourd'hui <strong>par la puissance de l'Esprit Saint<\/strong>Il s'agit d'un programme de gu\u00e9rison du corps, de l'esprit et de l'\u00e2me.<\/p>\n<ul>\n<li><strong>L'exemple de J\u00e9sus<\/strong> - Le Christ a gu\u00e9ri les malades en signe du royaume de Dieu et a demand\u00e9 \u00e0 ses disciples de faire de m\u00eame. (<strong>Matthieu 10:8<\/strong>)<\/li>\n<li><strong>Gu\u00e9rir par la foi<\/strong> - La pri\u00e8re et la foi en J\u00e9sus lib\u00e8rent son pouvoir de gu\u00e9rison dans nos vies. (<strong>Marc 16:18<\/strong>)<\/li>\n<li><strong>L'action de l'Esprit Saint aujourd'hui<\/strong> - Le minist\u00e8re de la gu\u00e9rison se poursuit lorsque le Saint-Esprit donne aux croyants le pouvoir de prier pour la gu\u00e9rison et la restauration. (<strong>Jacques 5:14-15<\/strong>)<\/li>\n<\/ul>\n<p><em>\"Gu\u00e9rissez les malades, ressuscitez les morts, purifiez les l\u00e9preux, chassez les d\u00e9mons. Vous avez re\u00e7u gratuitement, donnez gratuitement\".<\/em> - Matthieu 10:8<\/p>\n<p><em>\"Ils poseront leurs mains sur des malades et ceux-ci gu\u00e9riront. <\/em>- Marc 16:18<\/p>\n<p>Souhaitez-vous mettre l'accent sur des aspects sp\u00e9cifiques, tels que la gu\u00e9rison \u00e9motionnelle, la gu\u00e9rison int\u00e9rieure ou le lien entre la gu\u00e9rison et la foi ?<\/p>\n<p><span>\u00a0<\/span><\/p>\n<\/div><\/div><\/div><\/div><\/div><div class=\"wpb_column vc_column_container us_custom_1360a273 has_bg_color\"><div class=\"vc_column-inner\"><div class=\"w-iconbox iconpos_top style_default color_primary align_left\"><div class=\"w-iconbox-icon\" style=\"font-size:2.8rem;\"><\/div><div class=\"w-iconbox-meta\"><h3 class=\"w-iconbox-title\">L'importance de la confession et du pardon<\/h3><div class=\"w-iconbox-text\"><p>En tant que disciples du Christ, nous croyons que <strong>la confession et le pardon sont essentiels \u00e0 la gu\u00e9rison spirituelle et \u00e0 la libert\u00e9<\/strong>. Le fait de s'accrocher au p\u00e9ch\u00e9 ou de ne pas pardonner peut entraver notre relation avec Dieu et bloquer l'action du Saint-Esprit dans notre vie. Mais lorsque nous <strong>confesser nos p\u00e9ch\u00e9s et pardonner aux autres<\/strong>Nous ouvrons la porte \u00e0 la gr\u00e2ce, \u00e0 la gu\u00e9rison et \u00e0 la restauration de Dieu.<\/p>\n<ul>\n<li><strong>La confession apporte la purification<\/strong> - Lorsque nous <strong>se repentir humblement<\/strong>Dieu est fid\u00e8le pour nous pardonner et nous purifier. (<strong>1 Jean 1:9<\/strong>)<\/li>\n<li><strong>Le pardon lib\u00e8re la libert\u00e9<\/strong> - Le non-pardon cr\u00e9e une forteresse spirituelle, mais pardonner aux autres permet \u00e0 Dieu de gu\u00e9rir nos c\u0153urs. (<strong>Matthieu 6:14-15<\/strong>)<\/li>\n<li><strong>Marcher dans l'amour du Christ<\/strong> - Comme Dieu nous a pardonn\u00e9 par le Christ, nous sommes appel\u00e9s \u00e0 \u00e9tendre cette m\u00eame gr\u00e2ce aux autres. (<strong>Eph\u00e9siens 4:31-32<\/strong>)<\/li>\n<\/ul>\n<p><em>\"Si nous confessons nos p\u00e9ch\u00e9s, il est fid\u00e8le et juste, il nous pardonnera nos p\u00e9ch\u00e9s et nous purifiera de toute iniquit\u00e9. <\/em>- 1 Jean 1:9<\/p>\n<p><em>\"En effet, si vous pardonnez aux autres leurs p\u00e9ch\u00e9s, votre P\u00e8re c\u00e9leste vous pardonnera aussi. Mais si vous ne pardonnez pas aux autres leurs p\u00e9ch\u00e9s, votre P\u00e8re ne vous pardonnera pas non plus les v\u00f4tres\".<\/em> - Matthieu 6:14-15<\/p>\n<p><strong>\"Soyez bons et compatissants les uns envers les autres, vous pardonnant mutuellement comme Dieu vous a pardonn\u00e9 dans le Christ.<\/strong> - Eph\u00e9siens 4:31-32<\/p>\n<p>Le pardon n'est pas facultatif - c'est un commandement de J\u00e9sus et une cl\u00e9 pour marcher dans la vie. <strong>la libert\u00e9 spirituelle, la gu\u00e9rison \u00e9motionnelle et une intimit\u00e9 plus profonde avec Dieu<\/strong>.<\/p>\n<p>\u00a0<\/p>\n<p><span>\u00a0<\/span><\/p>\n<\/div><\/div><\/div><\/div><\/div><\/div><div class=\"w-separator size_medium\"><\/div><div class=\"g-cols wpb_row us_custom_30ee0eb0 via_grid cols_2 laptops-cols_inherit tablets-cols_1 mobiles-cols_1 valign_top type_default stacking_default\" style=\"--columns-gap:3rem;\"><div class=\"wpb_column vc_column_container us_custom_1360a273 has_bg_color\"><div class=\"vc_column-inner\"><div class=\"w-iconbox iconpos_top style_default color_primary align_left\"><div class=\"w-iconbox-icon\" style=\"font-size:2.8rem;\"><\/div><div class=\"w-iconbox-meta\"><h3 class=\"w-iconbox-title\">La transformation des croyants<\/h3><div class=\"w-iconbox-text\"><p>En tant que disciples du Christ, nous sommes <strong>appel\u00e9s \u00e0 une vie de croissance et de sanctification permanentes<\/strong>. Gr\u00e2ce au pouvoir de la <strong>L'Esprit Saint<\/strong>Dieu travaille continuellement en nous pour <strong>renouveler notre esprit, fa\u00e7onner notre caract\u00e8re et nous faire ressembler davantage \u00e0 J\u00e9sus<\/strong>. La transformation n'est pas un \u00e9v\u00e9nement ponctuel, mais un processus \u00e0 long terme. <strong>le parcours de toute une vie pour devenir saint, mis \u00e0 part pour les desseins de Dieu<\/strong>.<\/p>\n<ul>\n<li><strong>Un esprit et une vie renouvel\u00e9s<\/strong> - Nous sommes appel\u00e9s \u00e0 <strong>s'offrir pleinement \u00e0 Dieu<\/strong>Nous avons besoin de lui pour transformer nos pens\u00e9es, nos d\u00e9sirs et nos actions. (<strong>Romains 12:1-2<\/strong>)<\/li>\n<li><strong>L'\u0153uvre continue de Dieu en nous<\/strong> - Notre sanctification est <strong>un processus<\/strong>et Dieu promet de <strong>achever le bon travail qu'il a commenc\u00e9 en nous<\/strong>. (<strong>Philippiens 1:6<\/strong>)<\/li>\n<li><strong>Devenir comme le Christ<\/strong> - Par l'Esprit Saint, nous sommes <strong>conforme \u00e0 l'image de J\u00e9sus<\/strong>Il est le reflet de son amour, de sa gr\u00e2ce et de sa saintet\u00e9. (<strong>2 Corinthiens 3:18<\/strong>)<\/li>\n<\/ul>\n<p><em>\"Ne vous conformez pas au mod\u00e8le de ce monde, mais soyez transform\u00e9s par le renouvellement de votre esprit. Alors vous serez capables d'\u00e9prouver et d'approuver la volont\u00e9 de Dieu, sa volont\u00e9 bonne, agr\u00e9able et parfaite\".<\/em> - Romains 12:2<\/p>\n<p><em>\"Ayant l'assurance que celui qui a commenc\u00e9 en vous une bonne \u0153uvre la m\u00e8nera \u00e0 bonne fin jusqu'au jour du Christ J\u00e9sus. <\/em>- Philippiens 1:6<\/p>\n<p><em>\"Nous tous, qui contemplons la gloire du Seigneur sur un visage non voil\u00e9, nous sommes transform\u00e9s en son image, avec une gloire toujours croissante, qui vient du Seigneur, qui est l'Esprit. <\/em>- 2 Corinthiens 3:18<\/p>\n<p>A travers <strong>la pri\u00e8re, l'ob\u00e9issance et la confiance en l'Esprit Saint<\/strong>Les croyants sont <strong>continuellement transform\u00e9<\/strong>Les membres de l'Assembl\u00e9e g\u00e9n\u00e9rale des Nations unies ont pour mission de veiller \u00e0 ce que tous les membres de l'Assembl\u00e9e g\u00e9n\u00e9rale des Nations unies, y compris les membres de la Commission europ\u00e9enne, grandissent dans la foi, la saintet\u00e9 et l'amour du Christ.<\/p>\n<p>Souhaitez-vous mettre l'accent sur les moyens pratiques par lesquels les croyants peuvent poursuivre la sanctification, tels que les disciplines spirituelles ou le discipulat ?<\/p>\n<p><span>\u00a0<\/span><\/p>\n<\/div><\/div><\/div><\/div><\/div><div class=\"wpb_column vc_column_container us_custom_1360a273 has_bg_color\"><div class=\"vc_column-inner\"><div class=\"w-iconbox iconpos_top style_default color_primary align_left\"><div class=\"w-iconbox-icon\" style=\"font-size:2.8rem;\"><\/div><div class=\"w-iconbox-meta\"><h3 class=\"w-iconbox-title\">L'espoir de la vie \u00e9ternelle<\/h3><div class=\"w-iconbox-text\"><p>Nous croyons en la <strong>espoir b\u00e9ni<\/strong> de la <strong>retour de J\u00e9sus-Christ<\/strong> et l'accomplissement de la promesse de Dieu de <strong>vie \u00e9ternelle<\/strong>. En tant que croyants, nous attendons avec impatience le jour o\u00f9 le Christ reviendra, apportant avec lui une nouvelle vie. <strong>la victoire finale sur le p\u00e9ch\u00e9 et la mort<\/strong>et \u00e9tablissant <strong>un nouveau ciel et une nouvelle terre<\/strong>Il est le lieu o\u00f9 nous vivrons avec lui pour l'\u00e9ternit\u00e9.<\/p>\n<ul>\n<li><strong>Le retour du Christ<\/strong> - J\u00e9sus reviendra pour <strong>rassembler son peuple, juger le monde et \u00e9tablir son royaume \u00e9ternel<\/strong>. (<strong>1 Thessaloniciens 4:13-18<\/strong>)<\/li>\n<li><strong>Un nouveau ciel et une nouvelle terre<\/strong> - Dieu va <strong>renouveler toutes choses<\/strong>Il n'y aura plus ni souffrance, ni douleur, ni mort. (<strong>Apocalypse 21:1-5<\/strong>)<\/li>\n<li><strong>La vie \u00e9ternelle avec Dieu<\/strong> - Ceux qui se confient au Christ vivront en sa pr\u00e9sence pour toujours, en faisant l'exp\u00e9rience de la vie et de la mort. <strong>la joie, la paix et la justice parfaites<\/strong>. (<strong>Jean 14:2-3<\/strong>)<\/li>\n<\/ul>\n<p><em>\"Car le Seigneur lui-m\u00eame descendra du ciel \u00e0 un signal fort, \u00e0 la voix d'un archange et au son de la trompette de Dieu, et les morts en Christ ressusciteront les premiers. Ensuite, nous, les vivants qui seront rest\u00e9s, nous serons enlev\u00e9s avec eux sur les nu\u00e9es, \u00e0 la rencontre du Seigneur dans les airs. C'est ainsi que nous serons pour toujours avec le Seigneur\".<\/em> - 1 Thessaloniciens 4:16-17<\/p>\n<p><em>\"Puis je vis un nouveau ciel et une nouvelle terre, car le premier ciel et la premi\u00e8re terre avaient disparu... Il essuiera toute larme de leurs yeux, et il n'y aura plus ni mort, ni deuil, ni cri, ni douleur, car l'ordre ancien des choses a disparu. Il n'y aura plus ni mort, ni deuil, ni cri, ni douleur, car l'ordre ancien des choses a disparu.\" <\/em>- Apocalypse 21:1, 4<\/p>\n<p>Le pr\u00e9sent <strong>une esp\u00e9rance glorieuse<\/strong> nous donne <strong>la force, la pers\u00e9v\u00e9rance et la joie<\/strong>sachant que <strong>notre avenir est assur\u00e9 par le Christ<\/strong>.<\/p>\n<p>Souhaitez-vous d\u00e9velopper la <strong>les r\u00e9compenses de la vie \u00e9ternelle, la r\u00e9surrection des croyants ou la vie \u00e0 la lumi\u00e8re du retour du Christ.<\/strong>?<\/p>\n<p><span>\u00a0<\/span><\/p>\n<\/div><\/div><\/div><\/div><\/div><div class=\"wpb_column vc_column_container us_custom_1360a273 has_bg_color\"><div class=\"vc_column-inner\"><div class=\"w-iconbox iconpos_top style_default color_primary align_left\"><div class=\"w-iconbox-icon\" style=\"font-size:2.8rem;\"><\/div><div class=\"w-iconbox-meta\"><h3 class=\"w-iconbox-title\">La valeur de la famille et du mariage<\/h3><div class=\"w-iconbox-text\"><p>Nous pensons que <strong>Dieu a \u00e9tabli la famille comme institution fondatrice de la soci\u00e9t\u00e9<\/strong>Il a \u00e9t\u00e9 con\u00e7u pour refl\u00e9ter son amour et son but. <strong>Le mariage est une alliance sacr\u00e9e<\/strong> entre un homme et une femme, ordonn\u00e9 par Dieu comme la pierre angulaire d'une famille saine et un t\u00e9moignage vivant de l'amour du Christ pour son \u00c9glise.<\/p>\n<ul>\n<li><strong>Le dessein de Dieu pour la famille<\/strong> - La famille est enracin\u00e9e dans l'ordre divin de Dieu, o\u00f9 la foi est nourrie et o\u00f9 son amour est connu de g\u00e9n\u00e9ration en g\u00e9n\u00e9ration. (<strong>Eph\u00e9siens 3:14-15<\/strong>)<\/li>\n<li><strong>Le mariage, une alliance sacr\u00e9e<\/strong> - Le mariage est une union \u00e0 vie, ordonn\u00e9e par Dieu, entre <strong>un homme et une femme<\/strong>Il s'agit d'un groupe d'hommes et de femmes, \u00e9tabli pour la camaraderie, l'amour et l'\u00e9ducation d'enfants pieux. (<strong>Gen\u00e8se 2:24, Matthieu 19:4-6<\/strong>)<\/li>\n<li><strong>Une r\u00e9flexion sur le Christ et l'\u00c9glise<\/strong> - Le mariage symbolise <strong>L'amour d\u00e9sint\u00e9ress\u00e9 du Christ pour son \u00c9glise<\/strong>(...), appelant les \u00e9poux \u00e0 l'amour, \u00e0 l'honneur et \u00e0 l'engagement mutuels. (<strong>Eph\u00e9siens 5:22-25<\/strong>)<\/li>\n<\/ul>\n<p><em>\"C'est pourquoi l'homme quittera son p\u00e8re et sa m\u00e8re et s'attachera \u00e0 sa femme, et les deux deviendront une seule chair. <\/em>- Gen\u00e8se 2:24<\/p>\n<p><em>N'as-tu pas lu, r\u00e9pondit-il, qu'au commencement le Cr\u00e9ateur \"fit l'homme et la femme\" et qu'il dit : \"C'est pourquoi l'homme quittera son p\u00e8re et sa m\u00e8re et s'attachera \u00e0 sa femme, et les deux deviendront une seule chair\" ? Ils ne sont donc plus deux, mais une seule chair. Que personne ne s\u00e9pare donc ce que Dieu a uni\". <\/em>- Matthieu 19:4-6<\/p>\n<p>A <strong>Famille centr\u00e9e sur le Christ<\/strong> est un lieu d'amour, de formation de disciples et de fid\u00e9lit\u00e9, o\u00f9 les enfants sont \u00e9lev\u00e9s dans les voies du Seigneur et o\u00f9 les g\u00e9n\u00e9rations sont fortifi\u00e9es dans sa v\u00e9rit\u00e9.<\/p>\n<p>Souhaitez-vous d\u00e9velopper <strong>l'\u00e9ducation des enfants, le r\u00f4le de la famille dans la formation des disciples ou les responsabilit\u00e9s bibliques au sein du mariage<\/strong>?<\/p>\n<p><span>\u00a0<\/span><\/p>\n<\/div><\/div><\/div><\/div><\/div><div class=\"wpb_column vc_column_container us_custom_1360a273 has_bg_color\"><div class=\"vc_column-inner\"><div class=\"w-iconbox iconpos_top style_default color_primary align_left\"><div class=\"w-iconbox-icon\" style=\"font-size:2.8rem;\"><\/div><div class=\"w-iconbox-meta\"><h3 class=\"w-iconbox-title\">le pouvoir r\u00e9dempteur de j\u00e9sus<\/h3><div class=\"w-iconbox-text\"><p>Nous pensons que <strong>J\u00e9sus-Christ est le R\u00e9dempteur<\/strong>et par le biais de <strong>Gr\u00e2ce \u00e0 son sang, nous recevons le pardon, la libert\u00e9 et une vie nouvelle.<\/strong>. Son sacrifice sur la croix a pay\u00e9 le prix de nos p\u00e9ch\u00e9s, nous r\u00e9tablissant dans une relation juste avec Dieu et nous donnant l'espoir de la vie \u00e9ternelle.<\/p>\n<ul>\n<li><strong>La r\u00e9demption par son sang<\/strong> - Le sacrifice de J\u00e9sus nous purifie du p\u00e9ch\u00e9 et nous fait entrer dans la gr\u00e2ce de Dieu. (<strong>Eph\u00e9siens 1:7<\/strong>)<\/li>\n<li><strong>Se lib\u00e9rer du pouvoir du p\u00e9ch\u00e9<\/strong> - Par le Christ, nous ne sommes plus esclaves du p\u00e9ch\u00e9, mais nous marchons dans l'esprit du Christ. <strong>la nouveaut\u00e9 de la vie<\/strong>. (<strong>Romains 6:6-7<\/strong>)<\/li>\n<li><strong>Relation restaur\u00e9e avec Dieu<\/strong> - Son \u0153uvre r\u00e9demptrice nous r\u00e9concilie avec le P\u00e8re, faisant de nous ses enfants bien-aim\u00e9s. (<strong>Colossiens 1:13-14<\/strong>)<\/li>\n<\/ul>\n<p><strong>\"<\/strong><em>En lui, nous avons la r\u00e9demption par son sang, le pardon des p\u00e9ch\u00e9s, selon la richesse de la gr\u00e2ce de Dieu\".<\/em> - Eph\u00e9siens 1:7<\/p>\n<p><em>\"Car il nous a arrach\u00e9s \u00e0 la domination des t\u00e9n\u00e8bres et nous a transport\u00e9s dans le royaume du Fils qu'il aime, en qui nous avons la r\u00e9demption, la r\u00e9mission des p\u00e9ch\u00e9s.<\/em> - Colossiens 1:13-14<\/p>\n<p>A travers <strong>la foi en J\u00e9sus-Christ<\/strong>, nous exp\u00e9rimentons <strong>la r\u00e9demption compl\u00e8te, la puissance de la gr\u00e2ce et l'esp\u00e9rance de la gloire \u00e9ternelle<\/strong>.<\/p>\n<p>Souhaitez-vous en savoir plus sur <strong>vivre la r\u00e9demption, le r\u00f4le de la gr\u00e2ce ou la victoire que nous avons en Christ<\/strong>?<\/p>\n<p><span>\u00a0<\/span><\/p>\n<\/div><\/div><\/div><\/div><\/div><\/div><\/div><\/div><\/div><\/div><\/section><section class=\"l-section wpb_row height_auto\"><div class=\"l-section-h i-cf\"><div class=\"g-cols vc_row via_grid cols_1-2 laptops-cols_inherit tablets-cols_inherit mobiles-cols_1 valign_middle type_default stacking_default\"><div class=\"wpb_column vc_column_container us_custom_7d871805 has_bg_color\"><div class=\"vc_column-inner\"><div class=\"w-iconbox us_custom_9ad16fb4 has_text_color iconpos_top style_default color_contrast align_left\"><div class=\"w-iconbox-icon\" style=\"font-size:3.8rem;\"><\/div><div class=\"w-iconbox-meta\"><h4 class=\"w-iconbox-title\">VMTC Ministres de la Pri\u00e8re : Formation, accr\u00e9ditation et service<\/h4><div class=\"w-iconbox-text\"><p>Tous <strong>Les ministres de la pri\u00e8re du VMTC<\/strong> sont <strong>form\u00e9s et accr\u00e9dit\u00e9s<\/strong> par le <strong>Conseil d'administration australien du VMTC<\/strong> et doit subir <strong>r\u00e9-accr\u00e9ditation bisannuelle<\/strong> afin de s'assurer qu'ils continuent \u00e0 exercer leur minist\u00e8re de mani\u00e8re efficace sous la direction du Saint-Esprit.<\/p>\n<ul>\n<li><strong>Formation et accr\u00e9ditation rigoureuses<\/strong> - Les ministres de la pri\u00e8re suivent une formation approfondie et b\u00e9n\u00e9ficient d'un mentorat afin de respecter les normes de VMTC. <strong>l'int\u00e9grit\u00e9 biblique, l'excellence du minist\u00e8re de la pri\u00e8re et le discernement spirituel<\/strong>.<\/li>\n<li><strong>D\u00e9veloppement continu<\/strong> - Tous les deux ans, les ministres sont r\u00e9-accr\u00e9dit\u00e9s afin de maintenir leur niveau de comp\u00e9tence. <strong>la pr\u00e9paration spirituelle, les pratiques \u00e9thiques et l'efficacit\u00e9<\/strong> dans la conduite du minist\u00e8re de la pri\u00e8re.<\/li>\n<li><strong>Enti\u00e8rement volontaire<\/strong> - Le minist\u00e8re de la pri\u00e8re du VMTC est <strong>offert gratuitement<\/strong>. Tous les ministres de la pri\u00e8re <strong>servir volontairement<\/strong>Les membres de l'association sont des personnes qui donnent de leur temps par ob\u00e9issance et par amour pour le Christ et pour ceux qui recherchent la gu\u00e9rison et la libert\u00e9.<\/li>\n<\/ul>\n<p><em>\"Vous avez re\u00e7u gratuitement, donnez gratuitement.<\/em> - Matthieu 10:8<\/p>\n<\/div><\/div><\/div><\/div><\/div><div class=\"wpb_column vc_column_container us_custom_a120d893\"><div class=\"vc_column-inner\"><div class=\"g-cols wpb_row via_grid cols_3 laptops-cols_inherit tablets-cols_inherit mobiles-cols_1 valign_top type_default stacking_default\" style=\"--columns-gap:3rem;\"><div class=\"wpb_column vc_column_container us_custom_695d6eff\"><div class=\"vc_column-inner\"><div class=\"w-image us_custom_9763d61b align_none\"><div class=\"w-image-h\"><img decoding=\"async\" width=\"683\" height=\"1024\" src=\"https:\/\/www.vmtc.net\/wp-content\/uploads\/2025\/01\/VMTC2024-54-683x1024.jpg\" class=\"attachment-large size-large\" alt=\"VMTC Victorious Ministry Through Christ, \u00e9cole de pri\u00e8re, ministres ordonn\u00e9s, fondement scriptural, Saint-Esprit, pouvoir de gu\u00e9rison de J\u00e9sus-Christ\" loading=\"lazy\" srcset=\"https:\/\/www.vmtc.net\/wp-content\/uploads\/2025\/01\/VMTC2024-54-683x1024.jpg 683w, https:\/\/www.vmtc.net\/wp-content\/uploads\/2025\/01\/VMTC2024-54-200x300.jpg 200w, https:\/\/www.vmtc.net\/wp-content\/uploads\/2025\/01\/VMTC2024-54-600x900.jpg 600w, https:\/\/www.vmtc.net\/wp-content\/uploads\/2025\/01\/VMTC2024-54-scaled.jpg 1707w\" sizes=\"auto, (max-width: 683px) 100vw, 683px\" \/><\/div><\/div><div class=\"w-separator size_small\"><\/div><h5 class=\"w-text us_custom_eb849559\"><span class=\"w-text-h\"><span class=\"w-text-value\">Bill Westlund<\/span><\/span><\/h5><div class=\"w-text us_custom_819600a9 has_text_color\"><span class=\"w-text-h\"><span class=\"w-text-value\">Pasteur<\/span><\/span><\/div><div class=\"wpb_text_column us_custom_eb849559\"><div class=\"wpb_wrapper\"><p>Pr\u00e9sident de VMTC USA de 1998 \u00e0 2024<\/p>\n<p>Actuel vice-pr\u00e9sident mondial du VMTC<\/p>\n<\/div><\/div><\/div><\/div><div class=\"wpb_column vc_column_container us_custom_695d6eff\"><div class=\"vc_column-inner\"><div class=\"w-image us_custom_9763d61b align_none\"><div class=\"w-image-h\"><img decoding=\"async\" width=\"683\" height=\"1024\" src=\"https:\/\/www.vmtc.net\/wp-content\/uploads\/2025\/01\/VMTC2024-52-683x1024.jpg\" class=\"attachment-large size-large\" alt=\"Thomas Schrock a \u00e9t\u00e9 vice-pr\u00e9sident de VMTC.\" loading=\"lazy\" srcset=\"https:\/\/www.vmtc.net\/wp-content\/uploads\/2025\/01\/VMTC2024-52-683x1024.jpg 683w, https:\/\/www.vmtc.net\/wp-content\/uploads\/2025\/01\/VMTC2024-52-200x300.jpg 200w, https:\/\/www.vmtc.net\/wp-content\/uploads\/2025\/01\/VMTC2024-52-600x900.jpg 600w, https:\/\/www.vmtc.net\/wp-content\/uploads\/2025\/01\/VMTC2024-52-scaled.jpg 1707w\" sizes=\"auto, (max-width: 683px) 100vw, 683px\" \/><\/div><\/div><div class=\"w-separator size_small\"><\/div><h5 class=\"w-text us_custom_eb849559\"><span class=\"w-text-h\"><span class=\"w-text-value\">Thomas Schrock<\/span><\/span><\/h5><div class=\"w-text us_custom_819600a9 has_text_color\"><span class=\"w-text-h\"><span class=\"w-text-value\">Pasteur<\/span><\/span><\/div><div class=\"wpb_text_column us_custom_eb849559\"><div class=\"wpb_wrapper\"><p>Il a si\u00e9g\u00e9 au conseil d'administration du VMTC pendant 20 ans et forme actuellement les futurs ministres du minist\u00e8re en pr\u00e9servant son h\u00e9ritage.<\/p>\n<\/div><\/div><\/div><\/div><div class=\"wpb_column vc_column_container\"><div class=\"vc_column-inner\"><div class=\"w-image us_custom_9763d61b align_none\"><div class=\"w-image-h\"><img decoding=\"async\" width=\"683\" height=\"1024\" src=\"https:\/\/www.vmtc.net\/wp-content\/uploads\/2025\/01\/VMTC2024-50-683x1024.jpg\" class=\"attachment-large size-large\" alt=\"Gris Waters, ministre de la pri\u00e8re du VMTC\" loading=\"lazy\" srcset=\"https:\/\/www.vmtc.net\/wp-content\/uploads\/2025\/01\/VMTC2024-50-683x1024.jpg 683w, https:\/\/www.vmtc.net\/wp-content\/uploads\/2025\/01\/VMTC2024-50-200x300.jpg 200w, https:\/\/www.vmtc.net\/wp-content\/uploads\/2025\/01\/VMTC2024-50-600x900.jpg 600w, https:\/\/www.vmtc.net\/wp-content\/uploads\/2025\/01\/VMTC2024-50-scaled.jpg 1707w\" sizes=\"auto, (max-width: 683px) 100vw, 683px\" \/><\/div><\/div><div class=\"w-separator size_small\"><\/div><h5 class=\"w-text us_custom_eb849559\"><span class=\"w-text-h\"><span class=\"w-text-value\">Eaux grises<\/span><\/span><\/h5><div class=\"w-text us_custom_819600a9 has_text_color\"><span class=\"w-text-h\"><span class=\"w-text-value\">Pasteur<\/span><\/span><\/div><div class=\"wpb_text_column us_custom_eb849559\"><div class=\"wpb_wrapper\"><p>Plus de 25 ans de service en tant que ministre de la pri\u00e8re du VMTC <\/p>\n<\/div><\/div><\/div><\/div><\/div><\/div><\/div><\/div><\/div><\/section><section class=\"l-section wpb_row us_custom_3e1eb913 height_auto\"><div class=\"l-section-h i-cf\"><div class=\"g-cols vc_row via_grid cols_1 laptops-cols_inherit tablets-cols_inherit mobiles-cols_1 valign_middle type_default reversed stacking_default\"><div class=\"wpb_column vc_column_container\"><div class=\"vc_column-inner\"><div class=\"g-cols wpb_row us_custom_f8d90600 via_grid cols_2 laptops-cols_inherit tablets-cols_inherit mobiles-cols_1 valign_middle type_default reversed stacking_default\" style=\"--columns-gap:0rem;\"><div class=\"wpb_column vc_column_container us_custom_0e1fc3dd has_bg_color\"><div class=\"vc_column-inner\"><h4 class=\"w-text us_custom_6745946f has_text_color\"><span class=\"w-text-h\"><span class=\"w-text-value\">NOUS RESTONS EN CONTACT<\/span><\/span><\/h4><h2 class=\"w-text\"><span class=\"w-text-h\"><span class=\"w-text-value\">Vous avez des questions ?<\/span><\/span><\/h2><div class=\"wpb_text_column us_custom_59aee68e\"><div class=\"wpb_wrapper\"><p class=\"zfr3Q CDt4Ke\" dir=\"ltr\"><span class=\"gBYvFf C9DxTc\"><span>Apprendre\u00a0<\/span><strong>comp\u00e9tences en mati\u00e8re de minist\u00e8re de la pri\u00e8re<\/strong><span>\u00a0qui sont\u00a0<\/span><strong>scriptural, disciplin\u00e9 et guid\u00e9 par l'Esprit Saint<\/strong><span>, appliquant\u00a0<\/span><strong>Les promesses de gu\u00e9rison et de libert\u00e9 de J\u00e9sus<\/strong><span>\u00a0\u00e0 ceux qui souffrent. Par l'interm\u00e9diaire de\u00a0<\/span><strong>une formation pratique, de personne \u00e0 personne<\/strong><span>Vous serez t\u00e9moin de la\u00a0<\/span><strong>le pouvoir transformateur du Christ<\/strong><span>vous donner les moyens d'aider les autres\u00a0<\/span><strong>se lib\u00e9rer et marcher dans la victoire<\/strong><span>.<\/span><\/span><\/p>\n<p class=\"zfr3Q CDt4Ke\" dir=\"ltr\"><span class=\"gBYvFf C9DxTc\">\u00a0<\/span><\/p>\n<\/div><\/div><div class=\"w-separator size_custom\" style=\"height:40px\"><\/div><div class=\"w-btn-wrapper align_none\"><a class=\"w-btn us-btn-style_2\" href=\"\/fr\/about\/\"><span class=\"w-btn-label\">En savoir plus sur nous<\/span><\/a><\/div><\/div><\/div><div class=\"wpb_column vc_column_container us_custom_1e4d41cf has_bg_color\"><div class=\"vc_column-inner\"><\/div><\/div><\/div><\/div><\/div><\/div><\/div><\/section>","protected":false},"excerpt":{"rendered":"","protected":false},"author":1,"featured_media":0,"parent":0,"menu_order":0,"comment_status":"closed","ping_status":"closed","template":"","meta":{"om_disable_all_campaigns":false,"_monsterinsights_skip_tracking":false,"_monsterinsights_sitenote_active":false,"_monsterinsights_sitenote_note":"","_monsterinsights_sitenote_category":0,"footnotes":""},"class_list":["post-2163","page","type-page","status-publish","hentry"],"aioseo_notices":[],"_links":{"self":[{"href":"https:\/\/www.vmtc.net\/fr\/wp-json\/wp\/v2\/pages\/2163","targetHints":{"allow":["GET"]}}],"collection":[{"href":"https:\/\/www.vmtc.net\/fr\/wp-json\/wp\/v2\/pages"}],"about":[{"href":"https:\/\/www.vmtc.net\/fr\/wp-json\/wp\/v2\/types\/page"}],"author":[{"embeddable":true,"href":"https:\/\/www.vmtc.net\/fr\/wp-json\/wp\/v2\/users\/1"}],"replies":[{"embeddable":true,"href":"https:\/\/www.vmtc.net\/fr\/wp-json\/wp\/v2\/comments?post=2163"}],"version-history":[{"count":0,"href":"https:\/\/www.vmtc.net\/fr\/wp-json\/wp\/v2\/pages\/2163\/revisions"}],"wp:attachment":[{"href":"https:\/\/www.vmtc.net\/fr\/wp-json\/wp\/v2\/media?parent=2163"}],"curies":[{"name":"wp","href":"https:\/\/api.w.org\/{rel}","templated":true}]}}