{"id":2330,"date":"2025-02-02T03:50:32","date_gmt":"2025-02-02T03:50:32","guid":{"rendered":"https:\/\/www.vmtc.net\/?page_id=2330"},"modified":"2025-02-05T04:24:32","modified_gmt":"2025-02-05T04:24:32","slug":"historia-del-ministerio-de-oracion-del-vmtc","status":"publish","type":"page","link":"https:\/\/www.vmtc.net\/es_do\/vmtc-prayer-ministry-history\/","title":{"rendered":"Historia del VMTC"},"content":{"rendered":"<section class=\"l-section wpb_row height_custom color_primary with_img\"><div class=\"l-section-img\" role=\"img\" aria-label=\"VMTC Ministerio Victorioso a trav\u00e9s de Cristo\" data-img-width=\"2560\" data-img-height=\"1656\" style=\"background-image: url(https:\/\/www.vmtc.net\/wp-content\/uploads\/2025\/01\/getty-images-fh5LcndTtLk-unsplash-scaled.jpg);\"><\/div><div class=\"l-section-overlay\" style=\"background:rgba(26,26,26,0.25)\"><\/div><div class=\"l-section-h i-cf\"><div class=\"g-cols vc_row via_grid cols_1 laptops-cols_inherit tablets-cols_inherit mobiles-cols_1 valign_top type_default stacking_default\"><div class=\"wpb_column vc_column_container us_custom_a2aeb65f\"><div class=\"vc_column-inner\"><h1 class=\"w-text us_custom_eb849559\"><span class=\"w-text-h\"><span class=\"w-text-value\">Los inicios de VMTC<\/span><\/span><\/h1><\/div><\/div><\/div><\/div><\/section><section class=\"l-section wpb_row height_custom\"><div class=\"l-section-h i-cf\"><div class=\"g-cols vc_row via_grid cols_2 laptops-cols_inherit tablets-cols_1 mobiles-cols_1 valign_middle type_default reversed stacking_default\" style=\"--columns-gap:0rem;\"><div class=\"wpb_column vc_column_container us_custom_8a2a463d\"><div class=\"vc_column-inner\"><div class=\"wpb_text_column us_custom_3fdaf282\"><div class=\"wpb_wrapper\"><div class=\"flex-shrink-0 flex flex-col relative items-end\">\n<div class=\"pt-0\">\n<div class=\"gizmo-bot-avatar flex h-8 w-8 items-center justify-center overflow-hidden rounded-full\">\n<h4 class=\"relative p-1 rounded-sm flex items-center justify-center bg-token-main-surface-primary text-token-text-primary h-8 w-8\"><strong>La visi\u00f3n de Anne S. White<\/strong><\/h4>\n<p class=\"relative p-1 rounded-sm flex items-center justify-center bg-token-main-surface-primary text-token-text-primary h-8 w-8\">Ministerio Victorioso a trav\u00e9s de Cristo (VMTC)<span> comenz\u00f3 con un encuentro divino que cambi\u00f3 la vida de una mujer y desencaden\u00f3 un movimiento de <\/span>curaci\u00f3n, liberaci\u00f3n y transformaci\u00f3n<span>. <\/span>Las ra\u00edces de VMTC se remontan a Ann S. White, una evangelista carism\u00e1tica con una profunda pasi\u00f3n por el despertar espiritual. Aunque fue testigo de c\u00f3mo muchos ven\u00edan a Cristo, sinti\u00f3 que algo faltaba: la gente buscaba sanaci\u00f3n, pero sus luchas permanec\u00edan. Este deseo de una libertad y una transformaci\u00f3n m\u00e1s profundas se convirti\u00f3 en la fuerza motriz de su ministerio.<\/p>\n<p class=\"relative p-1 rounded-sm flex items-center justify-center bg-token-main-surface-primary text-token-text-primary h-8 w-8\"><strong>Una revelaci\u00f3n divina a trav\u00e9s de la oraci\u00f3n<\/strong><\/p>\n<\/div>\n<\/div>\n<\/div>\n<div class=\"group\/conversation-turn relative flex w-full min-w-0 flex-col agent-turn\">\n<div class=\"flex-col gap-1 md:gap-3\">\n<div class=\"flex max-w-full flex-col flex-grow\">\n<div class=\"min-h-8 text-message flex w-full flex-col items-end gap-2 whitespace-normal break-words text-start &#091;.text-message+&amp;&#093;:mt-5\" dir=\"auto\" data-message-author-role=\"assistant\" data-message-id=\"aa48efa0-e260-4cd1-a0f6-4167de13f66f\" data-message-model-slug=\"gpt-4o\">\n<div class=\"flex w-full flex-col gap-1 empty:hidden first:pt-&#091;3px&#093;\">\n<div class=\"markdown prose w-full break-words dark:prose-invert light\">\n<p>El avance personal de Anne lleg\u00f3 de forma inesperada. Su hijo peque\u00f1o padec\u00eda un asma grave, resistente al tratamiento m\u00e9dico. En la quietud de una noche desesperada, Anne se puso a rezar. Durante ese tiempo, Dios le revel\u00f3 una barrera espiritual oculta: la falta de perd\u00f3n. Convencida, confes\u00f3 un antiguo resentimiento hacia un miembro de su familia. Inmediatamente, experiment\u00f3 un poderoso cambio y, milagrosamente, el estado de su hijo mejor\u00f3 al instante. Esta revelaci\u00f3n divina se convirti\u00f3 en la base de su ministerio de por vida: la curaci\u00f3n y la libertad a trav\u00e9s de la confesi\u00f3n, el perd\u00f3n y el poder del Esp\u00edritu Santo.<\/p>\n<h4><strong>El nacimiento de VMTC<\/strong><\/h4>\n<p>A finales de la d\u00e9cada de 1970, Anne fund\u00f3 Victorious Ministry Through Christ (VMTC) para equipar a los creyentes con un modelo b\u00edblico de ministerio de oraci\u00f3n dirigido por el Esp\u00edritu. Lo que comenz\u00f3 como una formaci\u00f3n para los equipos de oraci\u00f3n del clero pronto se ampli\u00f3 para incluir a los laicos, capacit\u00e1ndolos para ministrar sanaci\u00f3n y libertad a trav\u00e9s de la oraci\u00f3n estructurada y dirigida por el Esp\u00edritu.<\/p>\n<h4><strong>Un legado duradero<\/strong><\/h4>\n<p>El impacto de Anne contin\u00faa hoy en d\u00eda a trav\u00e9s de sus escritos y ense\u00f1anzas, que sientan las bases de los principios fundamentales del ministerio de oraci\u00f3n de VMTC. Actualmente, VMTC es un ministerio global que opera en varios pa\u00edses, llevando a miles de personas a la plenitud, la libertad y una intimidad m\u00e1s profunda con Cristo.<\/p>\n<p>\"Si el Hijo os hace libres, ser\u00e9is verdaderamente libres\". - Juan 8:36<\/p>\n<\/div>\n<\/div>\n<\/div>\n<\/div>\n<\/div>\n<\/div>\n<\/div><\/div><\/div><\/div><div class=\"wpb_column vc_column_container\"><div class=\"vc_column-inner\"><div class=\"w-image us_custom_447bff20 align_none\"><div class=\"w-image-h\"><img decoding=\"async\" width=\"1707\" height=\"2560\" src=\"https:\/\/www.vmtc.net\/wp-content\/uploads\/2025\/01\/VMTC2024-54-scaled.jpg\" class=\"attachment-full size-full\" alt=\"VMTC Ministerio Victorioso a Trav\u00e9s de Cristo, escuela de oraci\u00f3n, ministros ordenados, fundamento b\u00edblico, Esp\u00edritu Santo, poder sanador de Jesucristo\" loading=\"lazy\" srcset=\"https:\/\/www.vmtc.net\/wp-content\/uploads\/2025\/01\/VMTC2024-54-scaled.jpg 1707w, https:\/\/www.vmtc.net\/wp-content\/uploads\/2025\/01\/VMTC2024-54-200x300.jpg 200w, https:\/\/www.vmtc.net\/wp-content\/uploads\/2025\/01\/VMTC2024-54-683x1024.jpg 683w, https:\/\/www.vmtc.net\/wp-content\/uploads\/2025\/01\/VMTC2024-54-600x900.jpg 600w\" sizes=\"auto, (max-width: 1707px) 100vw, 1707px\" \/><\/div><\/div><\/div><\/div><\/div><\/div><\/section><section class=\"l-section wpb_row height_custom\"><div class=\"l-section-h i-cf\"><div class=\"g-cols vc_row via_grid cols_2 laptops-cols_inherit tablets-cols_1 mobiles-cols_1 valign_middle type_default reversed stacking_default\" style=\"--columns-gap:0rem;\"><div class=\"wpb_column vc_column_container us_custom_8a2a463d\"><div class=\"vc_column-inner\"><div class=\"w-image has_ratio align_none\"><div class=\"w-image-h\"><div style=\"padding-bottom:100%\"><\/div><img decoding=\"async\" width=\"1024\" height=\"683\" src=\"https:\/\/www.vmtc.net\/wp-content\/uploads\/2025\/02\/getty-images-mDmMlu8DL9E-unsplash-1024x683.jpg\" class=\"attachment-large size-large\" alt=\"\" loading=\"lazy\" \/><\/div><\/div><\/div><\/div><div class=\"wpb_column vc_column_container\"><div class=\"vc_column-inner\"><div class=\"wpb_text_column us_custom_3fdaf282\"><div class=\"wpb_wrapper\"><div class=\"flex-shrink-0 flex flex-col relative items-end\">\n<div class=\"pt-0\">\n<div class=\"gizmo-bot-avatar flex h-8 w-8 items-center justify-center overflow-hidden rounded-full\">\n<h3>Expansi\u00f3n internacional de VMTC<\/h3>\n<p>Anne S. White reconoci\u00f3 una carencia cr\u00edtica en el ministerio: el clero carec\u00eda a menudo de un apoyo de oraci\u00f3n confidencial. Esta constataci\u00f3n llev\u00f3 a la fundaci\u00f3n de Victorious Ministry Through Christ (VMTC), centrada inicialmente en equipar a los ministros y a sus c\u00f3nyuges como ministros de oraci\u00f3n. Sin embargo, a medida que crec\u00eda la necesidad de oraci\u00f3n sanadora, los laicos empezaron a desempe\u00f1ar tambi\u00e9n un papel activo, convirti\u00e9ndose en parte integrante del ministerio. Aunque tradicionalmente el clero ocupaba puestos de liderazgo, esta situaci\u00f3n est\u00e1 evolucionando y cada vez son m\u00e1s los l\u00edderes laicos que desempe\u00f1an funciones clave.<\/p>\n<h4><strong>La primera escuela de formaci\u00f3n VMTC y su crecimiento inicial<\/strong><\/h4>\n<p>La primera escuela de formaci\u00f3n de VMTC se celebr\u00f3 en Florida a finales de 1970. Al a\u00f1o siguiente, VMTC Florida se constituy\u00f3 formalmente como organizaci\u00f3n ben\u00e9fica interconfesional, con Anne S. White como presidenta y una junta directiva que representaba a varias iglesias locales.<\/p>\n<p>Desde estos humildes comienzos, el ministerio de oraci\u00f3n de VMTC floreci\u00f3 internacionalmente. Hoy en d\u00eda, VMTC atiende a personas en:<\/p>\n<ul>\n<li>Suecia, Finlandia, Noruega, Australia, Nueva Zelanda, Canad\u00e1 y Estados Unidos, cada uno con su propia junta nacional que supervisa el ministerio de la oraci\u00f3n.<\/li>\n<li>En Noruega, el ministerio se conoce como \"Helhet gjennom Kristus\" (Plenitud a trav\u00e9s de Cristo).<\/li>\n<li>El VMTC de Pakist\u00e1n, anta\u00f1o activo, vive actualmente una temporada de renovaci\u00f3n y renacimiento.<\/li>\n<\/ul>\n<\/div>\n<\/div>\n<\/div>\n<\/div><\/div><\/div><\/div><\/div><\/div><\/section><section class=\"l-section wpb_row height_auto\"><div class=\"l-section-h i-cf\"><div class=\"g-cols vc_row via_grid cols_2 laptops-cols_inherit tablets-cols_inherit mobiles-cols_1 valign_middle type_default stacking_default\" style=\"--columns-gap:0rem;\"><div class=\"wpb_column vc_column_container us_custom_35b89359 has_bg_color\"><div class=\"vc_column-inner\"><\/div><\/div><div class=\"wpb_column vc_column_container us_custom_72119110 has_bg_color\"><div class=\"vc_column-inner\"><h2 class=\"w-text us_custom_9ad16fb4 has_text_color\"><span class=\"w-text-h\"><span class=\"w-text-value\">Nuestros valores fundamentales<\/span><\/span><\/h2><div class=\"wpb_text_column us_custom_f2f613e8 has_text_color\"><div class=\"wpb_wrapper\"><ul class=\"n8H08c UVNKR\">\n<li class=\"zfr3Q TYR86d eD0Rn\" dir=\"ltr\">\n<p>Como ministerio, nos dedicamos a servir en el amor y la verdad de Jesucristo, guiados por el Esp\u00edritu Santo. Nuestros valores fundamentales reflejan Su llamado para nosotros:<\/p>\n<ul>\n<li><strong>Caminar en el amor, el poder y la gu\u00eda del Esp\u00edritu Santo<\/strong> - Ministrando bajo la direcci\u00f3n del Esp\u00edritu, confiando en Su sabidur\u00eda y poder sanador.<\/li>\n<li><strong>Servir con compasi\u00f3n, integridad y humildad cristiana<\/strong> - Reflejar el coraz\u00f3n de Jes\u00fas tratando a cada persona con amor, dignidad y gracia.<\/li>\n<li><strong>Mantener la confidencialidad y la \u00e9tica b\u00edblica en el ministerio de la oraci\u00f3n<\/strong> - Crear un espacio sagrado de confianza donde la obra de Dios pueda desarrollarse libremente.<\/li>\n<li><strong>Fomentar el crecimiento espiritual y el discipulado de los ministros de la oraci\u00f3n<\/strong> - Comprometerse con el aprendizaje permanente, una fe m\u00e1s profunda y una relaci\u00f3n creciente con Cristo.<\/li>\n<\/ul>\n<p><strong>\"Todo lo que hag\u00e1is, trabajad de coraz\u00f3n, como para el Se\u00f1or y no para los hombres\".<\/strong> - Colosenses 3:23<\/p>\n<p>\u00bfDesea introducir mejoras o adiciones para ajustarlo mejor a la visi\u00f3n de su ministerio?<\/p>\n<\/li>\n<\/ul>\n<\/div><\/div><\/div><\/div><\/div><\/div><\/section><section class=\"l-section wpb_row us_custom_3e1eb913 height_auto\"><div class=\"l-section-h i-cf\"><div class=\"g-cols vc_row via_grid cols_1 laptops-cols_inherit tablets-cols_inherit mobiles-cols_1 valign_middle type_default reversed stacking_default\"><div class=\"wpb_column vc_column_container\"><div class=\"vc_column-inner\"><div class=\"g-cols wpb_row us_custom_f8d90600 via_grid cols_2 laptops-cols_inherit tablets-cols_inherit mobiles-cols_1 valign_middle type_default reversed stacking_default\" style=\"--columns-gap:0rem;\"><div class=\"wpb_column vc_column_container us_custom_0e1fc3dd has_bg_color\"><div class=\"vc_column-inner\"><h4 class=\"w-text us_custom_6745946f has_text_color\"><span class=\"w-text-h\"><span class=\"w-text-value\">Ministerio de Oraci\u00f3n de VMTC<\/span><\/span><\/h4><h2 class=\"w-text\"><span class=\"w-text-h\"><span class=\"w-text-value\">\u00bfTiene alguna pregunta?<\/span><\/span><\/h2><div class=\"wpb_text_column us_custom_59aee68e\"><div class=\"wpb_wrapper\"><p class=\"zfr3Q CDt4Ke\" dir=\"ltr\"><span class=\"gBYvFf C9DxTc\"><span>Aprenda\u00a0<\/span><strong>habilidades para el ministerio de la oraci\u00f3n<\/strong><span>\u00a0que son\u00a0<\/span><strong>b\u00edblico, disciplinado y guiado por el Esp\u00edritu Santo<\/strong><span>, aplicando\u00a0<\/span><strong>Las promesas de curaci\u00f3n y libertad de Jes\u00fas<\/strong><span>\u00a0a los que sufren. A trav\u00e9s de\u00a0<\/span><strong>formaci\u00f3n pr\u00e1ctica, de persona a persona<\/strong><span>ser\u00e1 testigo de la\u00a0<\/span><strong>el poder transformador de Cristo<\/strong><span>equip\u00e1ndote para ayudar a los dem\u00e1s\u00a0<\/span><strong>lib\u00e9rate y camina hacia la victoria<\/strong><span>.<\/span><\/span><\/p>\n<p class=\"zfr3Q CDt4Ke\" dir=\"ltr\"><span class=\"gBYvFf C9DxTc\">\u00a0<\/span><\/p>\n<\/div><\/div><div class=\"w-separator size_custom\" style=\"height:40px\"><\/div><div class=\"w-btn-wrapper align_none\"><a class=\"w-btn us-btn-style_2\" href=\"\/es_do\/about\/\"><span class=\"w-btn-label\">M\u00e1s informaci\u00f3n<\/span><\/a><\/div><\/div><\/div><div class=\"wpb_column vc_column_container us_custom_a156e83a has_bg_color\"><div class=\"vc_column-inner\"><\/div><\/div><\/div><\/div><\/div><\/div><\/div><\/section>","protected":false},"excerpt":{"rendered":"","protected":false},"author":1,"featured_media":0,"parent":0,"menu_order":0,"comment_status":"closed","ping_status":"closed","template":"","meta":{"om_disable_all_campaigns":false,"_monsterinsights_skip_tracking":false,"_monsterinsights_sitenote_active":false,"_monsterinsights_sitenote_note":"","_monsterinsights_sitenote_category":0,"footnotes":""},"class_list":["post-2330","page","type-page","status-publish","hentry"],"aioseo_notices":[],"_links":{"self":[{"href":"https:\/\/www.vmtc.net\/es_do\/wp-json\/wp\/v2\/pages\/2330","targetHints":{"allow":["GET"]}}],"collection":[{"href":"https:\/\/www.vmtc.net\/es_do\/wp-json\/wp\/v2\/pages"}],"about":[{"href":"https:\/\/www.vmtc.net\/es_do\/wp-json\/wp\/v2\/types\/page"}],"author":[{"embeddable":true,"href":"https:\/\/www.vmtc.net\/es_do\/wp-json\/wp\/v2\/users\/1"}],"replies":[{"embeddable":true,"href":"https:\/\/www.vmtc.net\/es_do\/wp-json\/wp\/v2\/comments?post=2330"}],"version-history":[{"count":0,"href":"https:\/\/www.vmtc.net\/es_do\/wp-json\/wp\/v2\/pages\/2330\/revisions"}],"wp:attachment":[{"href":"https:\/\/www.vmtc.net\/es_do\/wp-json\/wp\/v2\/media?parent=2330"}],"curies":[{"name":"wp","href":"https:\/\/api.w.org\/{rel}","templated":true}]}}