{"id":2237,"date":"2025-01-31T03:47:27","date_gmt":"2025-01-31T03:47:27","guid":{"rendered":"http:\/\/lbw.8f3.mytemp.website\/?page_id=2237"},"modified":"2025-04-13T20:24:49","modified_gmt":"2025-04-13T20:24:49","slug":"vmtc-ministro-de-oracion","status":"publish","type":"page","link":"https:\/\/www.vmtc.net\/es_do\/vmtc-prayer-minister\/","title":{"rendered":"Cualidades del Ministro de Oraci\u00f3n"},"content":{"rendered":"<section class=\"l-section wpb_row height_custom color_primary with_img\"><div class=\"l-section-img\" role=\"img\" aria-label=\"vmtc prayer ministers\" data-img-width=\"2560\" data-img-height=\"1708\" style=\"background-image: url(https:\/\/www.vmtc.net\/wp-content\/uploads\/2025\/02\/curated-lifestyle-nSf9hpy35Yw-unsplash-scaled.jpg);\"><\/div><div class=\"l-section-overlay\" style=\"background:rgba(0,0,0,0.35)\"><\/div><div class=\"l-section-h i-cf\"><div class=\"g-cols vc_row via_grid cols_1 laptops-cols_inherit tablets-cols_inherit mobiles-cols_1 valign_top type_default stacking_default\"><div class=\"wpb_column vc_column_container us_custom_10c6fbac\"><div class=\"vc_column-inner\"><div class=\"w-separator size_medium\"><\/div><h2 class=\"w-text us_custom_83e089d9\"><span class=\"w-text-h\"><span class=\"w-text-value\">Ministros de oraci\u00f3n<\/span><\/span><\/h2><div class=\"w-separator size_large\"><\/div><\/div><\/div><\/div><\/div><\/section><section class=\"l-section wpb_row height_auto\"><div class=\"l-section-h i-cf\"><div class=\"g-cols vc_row via_grid cols_1 laptops-cols_inherit tablets-cols_inherit mobiles-cols_1 valign_top type_default stacking_default\"><div class=\"wpb_column vc_column_container us_custom_97f97f54 has_bg_color\"><div class=\"vc_column-inner\"><div class=\"wpb_text_column us_custom_316b0327\"><div class=\"wpb_wrapper\"><h3 class=\"CjVfdc\"><span class=\"C9DxTc\">Cualidades de un ministro de la oraci\u00f3n<\/span><span class=\"C9DxTc\"><\/span><\/h3>\n<\/div><\/div><\/div><\/div><\/div><\/div><\/section><section class=\"l-section wpb_row height_large\"><div class=\"l-section-h i-cf\"><div class=\"g-cols vc_row via_grid cols_1 laptops-cols_inherit tablets-cols_inherit mobiles-cols_1 valign_top type_default stacking_default\"><div class=\"wpb_column vc_column_container\"><div class=\"vc_column-inner\"><div class=\"g-cols wpb_row via_grid cols_2 laptops-cols_inherit tablets-cols_inherit mobiles-cols_1 valign_middle type_default reversed stacking_default\" style=\"--columns-gap:4vw;\"><div class=\"wpb_column vc_column_container\"><div class=\"vc_column-inner\"><div class=\"w-image has_ratio align_none\"><div class=\"w-image-h\"><div style=\"padding-bottom:100%\"><\/div><img decoding=\"async\" width=\"1024\" height=\"683\" src=\"https:\/\/www.vmtc.net\/wp-content\/uploads\/2025\/04\/group-of-people-sitting-in-circle-on-therapy-meeti-2025-03-11-04-21-51-utc-1024x683.jpg\" class=\"attachment-large size-large\" alt=\"ministerio de liberaci\u00f3n, guerra espiritual, ministerio de oraci\u00f3n\" loading=\"lazy\" \/><\/div><\/div><\/div><\/div><div class=\"wpb_column vc_column_container\"><div class=\"vc_column-inner\"><div class=\"wpb_text_column us_custom_d98eb4eb\"><div class=\"wpb_wrapper\"><h3 class=\"CjVfdc\"><span class=\"C9DxTc\">Ministerio de Oraci\u00f3n<\/span><\/h3>\n<p class=\"zfr3Q CDt4Ke\" dir=\"ltr\"><span class=\"C9DxTc\">\u00bfSientes el deseo de ayudar a otros a experimentar la sanaci\u00f3n y la libertad en Cristo?  \u00a1Tal vez usted tiene un llamado para convertirse en un ministro de oraci\u00f3n!\u00a0<\/span><\/p>\n<p class=\"zfr3Q CDt4Ke\" dir=\"ltr\"><span class=\"C9DxTc\">Las Escuelas del Ministerio de Oraci\u00f3n de Vivir Plenamente ofrecen una oportunidad \u00fanica para profundizar en el coraz\u00f3n de este ministerio.  Explorar\u00e1s el poderoso patr\u00f3n de oraci\u00f3n \"C\u00edrculo del Amor de Dios\". Este enfoque integral incorpora elementos clave para la transformaci\u00f3n, incluyendo:<\/span><\/p>\n<ul class=\"n8H08c UVNKR\">\n<li class=\"zfr3Q TYR86d eD0Rn\" dir=\"ltr\">\n<p class=\"zfr3Q CDt4Ke\" dir=\"ltr\" role=\"presentation\"><span class=\"C9DxTc\">El perd\u00f3n:<\/span><span class=\"C9DxTc\"><span>\u00a0<\/span>Liberar las heridas y los resentimientos del pasado para allanar el camino hacia la curaci\u00f3n.<\/span><\/p>\n<\/li>\n<li class=\"zfr3Q TYR86d eD0Rn\" dir=\"ltr\">\n<p class=\"zfr3Q CDt4Ke\" dir=\"ltr\" role=\"presentation\"><span class=\"C9DxTc\">Cortar las ataduras<\/span><span class=\"C9DxTc\">: Identificar y liberarse de los obst\u00e1culos espirituales que limitan su crecimiento.<\/span><\/p>\n<\/li>\n<li class=\"zfr3Q TYR86d eD0Rn\" dir=\"ltr\">\n<p class=\"zfr3Q CDt4Ke\" dir=\"ltr\" role=\"presentation\"><span class=\"C9DxTc\">Liberaci\u00f3n<\/span><span class=\"C9DxTc\">: Liberarse de las influencias espirituales externas.<\/span><\/p>\n<\/li>\n<li class=\"zfr3Q TYR86d eD0Rn\" dir=\"ltr\">\n<p class=\"zfr3Q CDt4Ke\" dir=\"ltr\" role=\"presentation\"><span class=\"C9DxTc\">Curaci\u00f3n:<\/span><span class=\"C9DxTc\"><span>\u00a0<\/span>Experimentar la plenitud de mente, voluntad y emociones<\/span><\/p>\n<\/li>\n<\/ul>\n<p class=\"zfr3Q CDt4Ke\" dir=\"ltr\"><span class=\"C9DxTc\">\u00bfListo para responder a la llamada?  Living Fully Schools of Prayer Ministry te equipa para ser un recipiente del amor de Dios y llevar una poderosa sanaci\u00f3n a los dem\u00e1s.<\/span><\/p>\n<\/div><\/div><\/div><\/div><\/div><div class=\"w-separator size_small\"><\/div><div class=\"g-cols wpb_row via_grid cols_2 laptops-cols_inherit tablets-cols_inherit mobiles-cols_1 valign_middle type_default stacking_default\" style=\"--columns-gap:4vw;\"><div class=\"wpb_column vc_column_container\"><div class=\"vc_column-inner\"><div class=\"wpb_text_column us_custom_b818dcba\"><div class=\"wpb_wrapper\"><h3 class=\"CjVfdc\"><span class=\"jgG6ef C9DxTc\">\u00bfLe conviene el ministerio de la oraci\u00f3n?<\/span><\/h3>\n<div class=\"CjVfdc\"><strong><span class=\"C9DxTc\">Arraigados en la fe<\/span><\/strong><\/div>\n<ul class=\"n8H08c UVNKR\">\n<li class=\"zfr3Q TYR86d eD0Rn\" dir=\"ltr\">\n<p class=\"zfr3Q CDt4Ke\" dir=\"ltr\" role=\"presentation\"><span class=\"C9DxTc\">Enfoque centrado en Cristo:<\/span><span class=\"C9DxTc\">\u00a0 Un amor profundo y duradero por Jesucristo gu\u00eda tus acciones y motivaciones.<\/span><\/p>\n<\/li>\n<li class=\"zfr3Q TYR86d eD0Rn\" dir=\"ltr\">\n<p class=\"zfr3Q CDt4Ke\" dir=\"ltr\" role=\"presentation\"><span class=\"C9DxTc\">Discernimiento y sensibilidad:<span>\u00a0<\/span><\/span><span class=\"C9DxTc\"> Posees la capacidad de reconocer la gu\u00eda del Esp\u00edritu Santo y actuar en consecuencia. <\/span><\/p>\n<\/li>\n<\/ul>\n<div class=\"CjVfdc\"><strong><span class=\"C9DxTc\">Dispuestos a aprender<\/span><\/strong><\/div>\n<ul class=\"n8H08c UVNKR\">\n<li class=\"zfr3Q TYR86d eD0Rn\" dir=\"ltr\">\n<p class=\"zfr3Q CDt4Ke\" dir=\"ltr\" role=\"presentation\"><span class=\"C9DxTc\">Ministro dedicado a la oraci\u00f3n:<\/span><span class=\"C9DxTc\"><span>\u00a0<\/span>Est\u00e1s comprometido con el ministerio de la oraci\u00f3n personal continua y buscas activamente oportunidades para crecer en esta \u00e1rea.\u00a0<\/span><\/p>\n<\/li>\n<li class=\"zfr3Q TYR86d eD0Rn\" dir=\"ltr\">\n<p class=\"zfr3Q CDt4Ke\" dir=\"ltr\" role=\"presentation\"><span class=\"C9DxTc\">Aprendizaje permanente:<\/span><span class=\"C9DxTc\"><span>\u00a0<\/span><\/span><span class=\"C9DxTc\">Acepta el aprendizaje continuo y est\u00e1 deseoso de ampliar sus conocimientos y habilidades.<\/span><\/p>\n<\/li>\n<\/ul>\n<div class=\"CjVfdc\"><strong><span class=\"C9DxTc\">Siervo de coraz\u00f3n<\/span><\/strong><\/div>\n<ul class=\"n8H08c UVNKR\">\n<li class=\"zfr3Q TYR86d eD0Rn\" dir=\"ltr\">\n<p class=\"zfr3Q CDt4Ke\" dir=\"ltr\" role=\"presentation\"><span class=\"C9DxTc\">Compartir la visi\u00f3n:<\/span><span class=\"C9DxTc\"><span>\u00a0<\/span>Usted comparte<span>\u00a0<\/span><\/span><span class=\"C9DxTc\">La visi\u00f3n de VMTC<\/span><span class=\"C9DxTc\">En consonancia con los principios esbozados en Lucas 4:18-19 (llevar la buena noticia a los pobres, proclamar la liberaci\u00f3n a los cautivos<\/span><span class=\"C9DxTc\">,<\/span><span class=\"C9DxTc\"><span>\u00a0<\/span>devolver la vista a los ciegos y liberar a los oprimidos).<\/span><\/p>\n<\/li>\n<li class=\"zfr3Q TYR86d eD0Rn\" dir=\"ltr\">\n<p class=\"zfr3Q CDt4Ke\" dir=\"ltr\" role=\"presentation\"><span class=\"C9DxTc\">Actitud servil:<\/span><span class=\"C9DxTc\"><span>\u00a0<\/span>Te acercas al ministerio con humildad y un aut\u00e9ntico deseo de servir a los dem\u00e1s. <\/span><\/p>\n<\/li>\n<\/ul>\n<div class=\"CjVfdc\"><strong><span class=\"C9DxTc\">Trabajo en equipo<\/span><span class=\"C9DxTc\">\u00a0<\/span><\/strong><\/div>\n<ul class=\"n8H08c UVNKR\">\n<li class=\"zfr3Q TYR86d eD0Rn\" dir=\"ltr\">\n<p class=\"zfr3Q CDt4Ke\" dir=\"ltr\" role=\"presentation\"><span class=\"C9DxTc\">S\u00f3lidas habilidades interpersonales:\u00a0<span>\u00a0<\/span><\/span><span class=\"C9DxTc\">Posee buenas aptitudes para la comunicaci\u00f3n y las relaciones interpersonales, lo que le permite establecer v\u00ednculos positivos con sus interlocutores.<\/span><\/p>\n<\/li>\n<li class=\"zfr3Q TYR86d eD0Rn\" dir=\"ltr\">\n<p class=\"zfr3Q CDt4Ke\" dir=\"ltr\" role=\"presentation\"><span class=\"C9DxTc\">Sumisi\u00f3n al liderazgo:\u00a0<span>\u00a0<\/span><\/span><span class=\"C9DxTc\">Usted valora y respeta<\/span><span class=\"C9DxTc\"><span>\u00a0<\/span><\/span><span class=\"C9DxTc\">liderazgo y se comprometen a trabajar en colaboraci\u00f3n dentro de la estructura del ministerio.<\/span><\/p>\n<\/li>\n<\/ul>\n<div class=\"CjVfdc\"><span class=\"C9DxTc\"><strong>Compromiso<\/strong>\u00a0<\/span><\/div>\n<ul class=\"n8H08c UVNKR\">\n<li class=\"zfr3Q TYR86d eD0Rn\" dir=\"ltr\">\n<p class=\"zfr3Q CDt4Ke\" dir=\"ltr\" role=\"presentation\"><span class=\"C9DxTc\">El desarrollo lleva tiempo:<\/span><span class=\"C9DxTc\"><span>\u00a0<\/span><\/span><span class=\"C9DxTc\">Convertirse en un Ministro L\u00edder de Oraci\u00f3n normalmente requiere<span>\u00a0<\/span><\/span><span class=\"C9DxTc\">en<\/span><span class=\"C9DxTc\"><span>\u00a0<\/span>varios Vivir plenamente<span>\u00a0<\/span><\/span><span class=\"C9DxTc\">S<\/span><span class=\"C9DxTc\">chools de<span>\u00a0<\/span><\/span><span class=\"C9DxTc\">P<\/span><span class=\"C9DxTc\">rayer<span>\u00a0<\/span><\/span><span class=\"C9DxTc\">M<\/span><span class=\"C9DxTc\">inisterio. <\/span><span class=\"C9DxTc\">VMTC<\/span><span class=\"C9DxTc\"><span>\u00a0<\/span>se compromete a invertir en su crecimiento y equiparlo para este papel vital en el ministerio.<\/span><\/p>\n<\/li>\n<\/ul>\n<\/div><\/div><\/div><\/div><div class=\"wpb_column vc_column_container\"><div class=\"vc_column-inner\"><div class=\"w-image has_ratio align_none\"><div class=\"w-image-h\"><div style=\"padding-bottom:100%\"><\/div><img decoding=\"async\" width=\"1024\" height=\"683\" src=\"https:\/\/www.vmtc.net\/wp-content\/uploads\/2025\/04\/diverse-people-in-a-support-group-session-2025-02-10-10-06-47-utc-1024x683.jpg\" class=\"attachment-large size-large\" alt=\"vmtc unidad esp\u00edritu santo plomo\" loading=\"lazy\" \/><\/div><\/div><\/div><\/div><\/div><div class=\"w-separator size_small\"><\/div><\/div><\/div><\/div><\/div><\/section><section class=\"l-section wpb_row us_custom_10ed3c95 height_auto\"><div class=\"l-section-h i-cf\"><div class=\"g-cols vc_row via_grid cols_custom laptops-cols_inherit tablets-cols_inherit mobiles-cols_1 valign_middle type_default reversed stacking_default\"><\/div><\/div><\/section><div class=\"wpb_column vc_column_container\"><div class=\"vc_column-inner\"><div class=\"g-cols wpb_row via_grid cols_2 laptops-cols_inherit tablets-cols_inherit mobiles-cols_1 valign_middle type_default reversed stacking_default\" style=\"--columns-gap:0rem;\"><div class=\"wpb_column vc_column_container us_custom_b4843623 has_bg_color\"><div class=\"vc_column-inner\"><h4 class=\"w-text us_custom_6745946f has_text_color\"><span class=\"w-text-h\"><span class=\"w-text-value\">AQU\u00cd PARA AYUDAR<\/span><\/span><\/h4><h2 class=\"w-text\"><span class=\"w-text-h\"><span class=\"w-text-value\">\u00bfTiene alguna pregunta?<\/span><\/span><\/h2><div class=\"wpb_text_column us_custom_59aee68e\"><div class=\"wpb_wrapper\"><p>Aprenda las habilidades del ministerio de oraci\u00f3n que son escriturales, disciplinadas, dirigidas por el Esp\u00edritu Santo y aplique las promesas de Jes\u00fas a las personas que sufren. Entrenamiento de persona a persona se proporciona para que pueda ver a otros liberados.<\/p>\n<\/div><\/div><div class=\"w-separator size_custom\" style=\"height:40px\"><\/div><div class=\"w-btn-wrapper align_none\"><a class=\"w-btn us-btn-style_2\" href=\"\/es_do\/contact\/\"><span class=\"w-btn-label\">Contacte con nosotros<\/span><\/a><\/div><\/div><\/div><div class=\"wpb_column vc_column_container us_custom_02cf6073 has_bg_color\"><div class=\"vc_column-inner\"><\/div><\/div><\/div><\/div><\/div>","protected":false},"excerpt":{"rendered":"","protected":false},"author":1,"featured_media":0,"parent":0,"menu_order":0,"comment_status":"closed","ping_status":"closed","template":"","meta":{"om_disable_all_campaigns":false,"_monsterinsights_skip_tracking":false,"_monsterinsights_sitenote_active":false,"_monsterinsights_sitenote_note":"","_monsterinsights_sitenote_category":0,"footnotes":""},"class_list":["post-2237","page","type-page","status-publish","hentry"],"aioseo_notices":[],"_links":{"self":[{"href":"https:\/\/www.vmtc.net\/es_do\/wp-json\/wp\/v2\/pages\/2237","targetHints":{"allow":["GET"]}}],"collection":[{"href":"https:\/\/www.vmtc.net\/es_do\/wp-json\/wp\/v2\/pages"}],"about":[{"href":"https:\/\/www.vmtc.net\/es_do\/wp-json\/wp\/v2\/types\/page"}],"author":[{"embeddable":true,"href":"https:\/\/www.vmtc.net\/es_do\/wp-json\/wp\/v2\/users\/1"}],"replies":[{"embeddable":true,"href":"https:\/\/www.vmtc.net\/es_do\/wp-json\/wp\/v2\/comments?post=2237"}],"version-history":[{"count":0,"href":"https:\/\/www.vmtc.net\/es_do\/wp-json\/wp\/v2\/pages\/2237\/revisions"}],"wp:attachment":[{"href":"https:\/\/www.vmtc.net\/es_do\/wp-json\/wp\/v2\/media?parent=2237"}],"curies":[{"name":"wp","href":"https:\/\/api.w.org\/{rel}","templated":true}]}}