{"id":2221,"date":"2025-01-31T02:51:08","date_gmt":"2025-01-31T02:51:08","guid":{"rendered":"http:\/\/lbw.8f3.mytemp.website\/?page_id=2221"},"modified":"2025-04-14T00:43:34","modified_gmt":"2025-04-14T00:43:34","slug":"sesion-de-oracion-del-vmtc","status":"publish","type":"page","link":"https:\/\/www.vmtc.net\/es_do\/vmtc-prayer-session\/","title":{"rendered":"Sesi\u00f3n de oraci\u00f3n"},"content":{"rendered":"<section class=\"l-section wpb_row height_custom color_primary with_img\"><div class=\"l-section-img\" role=\"img\" aria-label=\"ministerio de liberaci\u00f3n, guerra espiritual, ministerio de oraci\u00f3n\" data-img-width=\"2560\" data-img-height=\"1707\" style=\"background-image: url(https:\/\/www.vmtc.net\/wp-content\/uploads\/2025\/04\/group-of-people-sitting-in-circle-on-therapy-meeti-2025-03-11-04-21-51-utc-scaled.jpg);background-position: top center;\"><\/div><div class=\"l-section-overlay\" style=\"background:rgba(0,0,0,0.35)\"><\/div><div class=\"l-section-h i-cf\"><div class=\"g-cols vc_row via_grid cols_1 laptops-cols_inherit tablets-cols_inherit mobiles-cols_1 valign_top type_default stacking_default\"><div class=\"wpb_column vc_column_container us_custom_10c6fbac\"><div class=\"vc_column-inner\"><h2 class=\"w-text us_custom_83e089d9\"><span class=\"w-text-h\"><span class=\"w-text-value\">Sesi\u00f3n de oraci\u00f3n personal<\/span><\/span><\/h2><div class=\"w-separator size_large\"><\/div><\/div><\/div><\/div><\/div><\/section><section class=\"l-section wpb_row height_auto\"><div class=\"l-section-h i-cf\"><div class=\"g-cols vc_row via_grid cols_1 laptops-cols_inherit tablets-cols_inherit mobiles-cols_1 valign_top type_default stacking_default\"><div class=\"wpb_column vc_column_container us_custom_97f97f54 has_bg_color\"><div class=\"vc_column-inner\"><div class=\"wpb_text_column us_custom_316b0327\"><div class=\"wpb_wrapper\"><p><em>\"\u00a1Pero gracias sean dadas a Dios! \u00c9l nos da la victoria por medio de nuestro Se\u00f1or Jesucristo\".<\/em> 1 Corintios 15:57<\/p>\n<\/div><\/div><\/div><\/div><\/div><\/div><\/section><section class=\"l-section wpb_row height_large\"><div class=\"l-section-h i-cf\"><div class=\"g-cols vc_row via_grid cols_1 laptops-cols_inherit tablets-cols_inherit mobiles-cols_1 valign_top type_default stacking_default\"><div class=\"wpb_column vc_column_container\"><div class=\"vc_column-inner\"><div class=\"wpb_text_column us_custom_2e9da019\"><div class=\"wpb_wrapper\"><h2 class=\"CjVfdc\" style=\"text-align: center;\"><span class=\"C9DxTc\"><strong>VMTC<\/strong> se basa en las palabras de Jes\u00fas<\/span><\/h2>\n<h5 class=\"zfr3Q CDt4Ke\" dir=\"ltr\" style=\"text-align: center;\"><em><span class=\"gBYvFf C9DxTc\">\"El Esp\u00edritu del Se\u00f1or est\u00e1 sobre m\u00ed <\/span><span class=\"gBYvFf C9DxTc\">porque me ha ungido para anunciar la buena nueva a los pobres.\u00a0<\/span><span class=\"gBYvFf C9DxTc\">Me ha enviado a proclamar la libertad de los prisioneros\u00a0<\/span><span class=\"gBYvFf C9DxTc\">y recuperaci\u00f3n de la vista para los ciegos,\u00a0<\/span><span class=\"gBYvFf C9DxTc\">para liberar a los oprimidos, para proclamar el a\u00f1o de gracia del Se\u00f1or\".<\/span><\/em><span class=\"gBYvFf C9DxTc\">\u00a0 <\/span><span class=\"gBYvFf C9DxTc\">Lucas 4:18-19\u00a0<span>\u00a0<\/span><\/span><\/h5>\n<\/div><\/div><div class=\"w-separator size_large\"><\/div><div class=\"g-cols wpb_row via_grid cols_2 laptops-cols_inherit tablets-cols_inherit mobiles-cols_1 valign_middle type_default reversed stacking_default\" style=\"--columns-gap:4vw;\"><div class=\"wpb_column vc_column_container\"><div class=\"vc_column-inner\"><div class=\"w-image has_ratio align_none\"><div class=\"w-image-h\"><div style=\"padding-bottom:75%\"><\/div><img decoding=\"async\" width=\"1024\" height=\"683\" src=\"https:\/\/www.vmtc.net\/wp-content\/uploads\/2025\/01\/getty-images-GpftgLqbB2k-unsplash-1024x683.jpg\" class=\"attachment-large size-large\" alt=\"vmtc ministerio personal de oracion liberar cautivos\" loading=\"lazy\" \/><\/div><\/div><\/div><\/div><div class=\"wpb_column vc_column_container\"><div class=\"vc_column-inner\"><div class=\"wpb_text_column us_custom_d98eb4eb\"><div class=\"wpb_wrapper\"><h3 class=\"CjVfdc\"><span class=\"C9DxTc\">Ministerio de Oraci\u00f3n Personal<\/span><\/h3>\n<p>En <strong>Ministerio victorioso a trav\u00e9s de Cristo<\/strong>Creemos en el poder transformador de la oraci\u00f3n para lograr una curaci\u00f3n profunda y una verdadera libertad. Jes\u00fas describi\u00f3 su ministerio con palabras como <strong>buenas noticias, libertad, recuperaci\u00f3n y favor<\/strong>-y eso es exactamente lo que tratamos de cultivar en las vidas de aquellos a quienes servimos.<\/p>\n<p>Nuestra <strong>Ministerio de Oraci\u00f3n Personal<\/strong> sigue un patr\u00f3n poderoso, guiado por el Esp\u00edritu, dise\u00f1ado para guiar a los creyentes hacia una mayor plenitud y libertad. Este proceso incluye:<\/p>\n<ul>\n<li><strong>El perd\u00f3n por la confesi\u00f3n<\/strong> - Soltar las heridas del pasado y recibir la gracia de Dios.<\/li>\n<li><strong>Curaci\u00f3n emocional<\/strong> - Permitir que Jes\u00fas restaure los corazones heridos.<\/li>\n<li><strong>Libertad de las fortalezas espirituales<\/strong> - Liberarse de influencias y h\u00e1bitos negativos.<\/li>\n<li><strong>Fortalecimiento en el Esp\u00edritu Santo<\/strong> - Vivir diariamente en Su presencia y poder.<\/li>\n<\/ul>\n<p>A trav\u00e9s de este viaje de oraci\u00f3n, las personas experimentan <strong>una renovaci\u00f3n profunda, una paz duradera y una mayor intimidad con Dios<\/strong>. Te invitamos a entrar en este proceso y descubrir la vida abundante que Jes\u00fas ha prometido.<\/p>\n<\/div><\/div><\/div><\/div><\/div><div class=\"w-separator size_large\"><\/div><div class=\"g-cols wpb_row via_grid cols_2 laptops-cols_inherit tablets-cols_inherit mobiles-cols_1 valign_middle type_default stacking_default\" style=\"--columns-gap:4vw;\"><div class=\"wpb_column vc_column_container\"><div class=\"vc_column-inner\"><div class=\"wpb_text_column us_custom_b818dcba\"><div class=\"wpb_wrapper\"><h3><strong>\u00bfLe conviene el ministerio de la oraci\u00f3n?<\/strong><\/h3>\n<p>\u00bfTe sientes atascado, abrumado o agobiado por los retos de la vida? Todos nos enfrentamos a luchas que pueden agobiarnos, pero no tienes por qu\u00e9 cargar con ellas t\u00fa solo.<\/p>\n<ul>\n<li><strong>Cargas emocionales<\/strong> - El dolor no resuelto puede resultar abrumador.<\/li>\n<li><strong>Luchas de pareja<\/strong> - Las heridas del pasado pueden afectar a nuestra forma de conectar con los dem\u00e1s.<\/li>\n<li><strong>Sobrecarga de estr\u00e9s<\/strong> - Las presiones de la vida cotidiana pueden dejarnos exhaustos.<\/li>\n<li><strong>Traumas del pasado<\/strong> - Las experiencias dolorosas pueden seguir afectando a su bienestar actual.<\/li>\n<li><strong>H\u00e1bitos nocivos<\/strong> - Los patrones poco saludables pueden hacer que te sientas atrapado.<\/li>\n<\/ul>\n<p>Si alguno de estos temas le resulta familiar, le invitamos a que se ponga en contacto con nosotros. <strong>Sesi\u00f3n del Ministerio de Oraci\u00f3n Personal<\/strong> puede ayudar. A trav\u00e9s de la oraci\u00f3n guiada por el Esp\u00edritu, puedes encontrar sanaci\u00f3n, libertad y renovaci\u00f3n en la presencia de Dios.<\/p>\n<p>\u00bfEst\u00e1s preparado para dar el siguiente paso hacia la plenitud?<\/p>\n<\/div><\/div><\/div><\/div><div class=\"wpb_column vc_column_container\"><div class=\"vc_column-inner\"><div class=\"w-image has_ratio align_none\"><div class=\"w-image-h\"><div style=\"padding-bottom:100%\"><\/div><img decoding=\"async\" width=\"1024\" height=\"683\" src=\"https:\/\/www.vmtc.net\/wp-content\/uploads\/2025\/04\/people-supporting-depressed-woman-at-psychotherapy-2025-03-10-00-52-11-utc-1024x683.jpg\" class=\"attachment-large size-large\" alt=\"vmtc\" loading=\"lazy\" \/><\/div><\/div><\/div><\/div><\/div><div class=\"w-separator size_large\"><\/div><div class=\"g-cols wpb_row via_grid cols_2 laptops-cols_inherit tablets-cols_inherit mobiles-cols_1 valign_middle type_default reversed stacking_default\" style=\"--columns-gap:4vw;\"><div class=\"wpb_column vc_column_container\"><div class=\"vc_column-inner\"><div class=\"w-image has_ratio align_none\"><div class=\"w-image-h\"><div style=\"padding-bottom:100%\"><\/div><img decoding=\"async\" width=\"683\" height=\"1024\" src=\"https:\/\/www.vmtc.net\/wp-content\/uploads\/2025\/01\/ave-calvar-6wfR3aKYyhU-unsplash-683x1024.jpg\" class=\"attachment-large size-large\" alt=\"vmtc depresi\u00f3n ansiedad\" loading=\"lazy\" \/><\/div><\/div><\/div><\/div><div class=\"wpb_column vc_column_container\"><div class=\"vc_column-inner\"><div class=\"wpb_text_column us_custom_d98eb4eb\"><div class=\"wpb_wrapper\"><div class=\"flex-shrink-0 flex flex-col relative items-end\">\n<div>\n<div class=\"pt-0\">\n<div class=\"gizmo-bot-avatar flex h-8 w-8 items-center justify-center overflow-hidden rounded-full\">\n<div class=\"relative p-1 rounded-sm flex items-center justify-center bg-token-main-surface-primary text-token-text-primary h-8 w-8\">\u00a0<\/div>\n<\/div>\n<\/div>\n<\/div>\n<\/div>\n<div class=\"group\/conversation-turn relative flex w-full min-w-0 flex-col agent-turn\">\n<div class=\"flex-col gap-1 md:gap-3\">\n<div class=\"flex max-w-full flex-col flex-grow\">\n<div class=\"min-h-8 text-message flex w-full flex-col items-end gap-2 whitespace-normal break-words text-start &#091;.text-message+&amp;&#093;:mt-5\" dir=\"auto\" data-message-author-role=\"assistant\" data-message-id=\"ee411f7d-4d24-44e9-b36e-4a6df5395964\" data-message-model-slug=\"gpt-4o\">\n<div class=\"flex w-full flex-col gap-1 empty:hidden first:pt-&#091;3px&#093;\">\n<div class=\"markdown prose w-full break-words dark:prose-invert light\">\n<p><strong>Lo que NO es el Ministerio de Oraci\u00f3n<\/strong><\/p>\n<p>Aunque el Ministerio de la Oraci\u00f3n es una herramienta poderosa para la curaci\u00f3n y la libertad, es importante entender lo que es <em>no<\/em>:<\/p>\n<ul>\n<li><strong>Intervenci\u00f3n en crisis<\/strong> - Nos centramos en curar las heridas del trauma y el dolor del pasado, m\u00e1s que en abordar las crisis inmediatas.<\/li>\n<li><strong>Asesoramiento<\/strong> - No ofrecemos consejos ni opiniones personales. En su lugar, creamos espacio para que el Esp\u00edritu Santo gu\u00ede y traiga revelaci\u00f3n.<\/li>\n<li><strong>Sesiones en curso<\/strong> - El Ministerio de Oraci\u00f3n es un <em>una sola vez<\/em> sesi\u00f3n, confiando en que el Esp\u00edritu Santo continuar\u00e1 Su obra m\u00e1s all\u00e1 de ese momento. Sin embargo, animamos a los individuos a recibir el ministerio de oraci\u00f3n <strong>anualmente<\/strong> para una renovaci\u00f3n espiritual continua.<\/li>\n<\/ul>\n<p>Nuestro objetivo es ayudarle a entrar <strong>curaci\u00f3n, libertad y plenitud<\/strong>Conf\u00eda en la obra continua de Dios en tu vida.<\/p>\n<\/div>\n<\/div>\n<\/div>\n<\/div>\n<\/div>\n<\/div>\n<\/div><\/div><\/div><\/div><\/div><\/div><\/div><\/div><\/div><\/section><section class=\"l-section wpb_row height_custom\"><div class=\"l-section-h i-cf\"><div class=\"g-cols vc_row via_grid cols_2 laptops-cols_inherit tablets-cols_inherit mobiles-cols_1 valign_top type_default stacking_default\"><div class=\"wpb_column vc_column_container\"><div class=\"vc_column-inner\"><div class=\"w-separator size_huge\"><\/div><div class=\"w-separator size_huge\"><\/div><div class=\"w-separator size_medium\"><\/div><div class=\"w-image align_none\"><div class=\"w-image-h\"><img decoding=\"async\" width=\"563\" height=\"1024\" src=\"https:\/\/www.vmtc.net\/wp-content\/uploads\/2025\/04\/IMG_7460-563x1024.jpg\" class=\"attachment-large size-large\" alt=\"VMTC Ministerio Victorioso a trav\u00e9s de Cristo usa\" loading=\"lazy\" srcset=\"https:\/\/www.vmtc.net\/wp-content\/uploads\/2025\/04\/IMG_7460-563x1024.jpg 563w, https:\/\/www.vmtc.net\/wp-content\/uploads\/2025\/04\/IMG_7460-165x300.jpg 165w, https:\/\/www.vmtc.net\/wp-content\/uploads\/2025\/04\/IMG_7460-7x12.jpg 7w, https:\/\/www.vmtc.net\/wp-content\/uploads\/2025\/04\/IMG_7460-600x1092.jpg 600w, https:\/\/www.vmtc.net\/wp-content\/uploads\/2025\/04\/IMG_7460.jpg 754w\" sizes=\"auto, (max-width: 563px) 100vw, 563px\" \/><\/div><\/div><\/div><\/div><div class=\"wpb_column vc_column_container us_custom_21c3ffa6 has_bg_color\"><div class=\"vc_column-inner\"><div class=\"wpb_text_column\"><div class=\"wpb_wrapper\"><h3 class=\"CjVfdc\"><span class=\"C9DxTc\">Qu\u00e9 esperar de una sesi\u00f3n del Ministerio de Oraci\u00f3n<\/span><\/h3>\n<\/div><\/div><div class=\"w-separator size_small\"><\/div><div class=\"wpb_text_column\"><div class=\"wpb_wrapper\"><h5><strong>Equipo formado<\/strong><\/h5>\n<p>Cada sesi\u00f3n est\u00e1 dirigida por dos ministros de oraci\u00f3n formados: un ministro principal y un ministro de apoyo. A veces, una tercera persona, llamada intercesor, tambi\u00e9n puede estar presente. Cada miembro del equipo ha recibido una amplia formaci\u00f3n a trav\u00e9s de Victorious Ministry Through Christ, incluyendo m\u00faltiples escuelas de ministerio de oraci\u00f3n y oportunidades de tutor\u00eda, lo que garantiza una experiencia eficaz y guiada por el Esp\u00edritu.<\/p>\n<p><strong>Transformaci\u00f3n a largo plazo<\/strong><\/p>\n<p>El Ministerio de Oraci\u00f3n no es una soluci\u00f3n r\u00e1pida para crisis inmediatas. Por el contrario, busca un cambio profundo y duradero ayudando a las personas a entregar sus cargas a la gracia sanadora de Dios, lo que conduce a una profunda libertad en Cristo.<\/p>\n<p><strong>Servicio Voluntario y Gratuito<\/strong><\/p>\n<p>Nuestros ministros de oraci\u00f3n sirven voluntariamente, y no hay ning\u00fan costo por recibir el ministerio de oraci\u00f3n. Las donaciones a VMTC son bienvenidas para apoyar el ministerio, y si los ministros de oraci\u00f3n han viajado para su sesi\u00f3n, una contribuci\u00f3n a sus gastos de transporte es apreciada.<\/p>\n<p><strong>Descubrir las causas profundas<\/strong><\/p>\n<p>El Ministerio de Oraci\u00f3n va m\u00e1s all\u00e1 de los problemas superficiales para abordar los problemas espirituales, emocionales y relacionales subyacentes que pueden estar obstaculizando su libertad y plenitud.<\/p>\n<p><strong>Apertura y perd\u00f3n<\/strong><\/p>\n<p>La curaci\u00f3n comienza con un coraz\u00f3n humilde y honesto. Usted tendr\u00e1 la oportunidad de:<\/p>\n<ul>\n<li>Recibe el perd\u00f3n de Dios por los pecados pasados.<\/li>\n<li>Perdona a los que te han hecho da\u00f1o.<\/li>\n<li>Permita que el Esp\u00edritu Santo traiga sanaci\u00f3n y libertad en las \u00e1reas donde sea necesario.<\/li>\n<\/ul>\n<h5><strong>Compromiso fiel<\/strong><\/h5>\n<p>Experimentar la sanaci\u00f3n es s\u00f3lo el principio. Para caminar en libertad duradera, es importante cooperar activamente con el Esp\u00edritu Santo m\u00e1s all\u00e1 de su sesi\u00f3n, comprometi\u00e9ndose a una vida de entrega y crecimiento en Cristo.<\/p>\n<h5><strong>Confidencialidad total<\/strong><\/h5>\n<p>Su sesi\u00f3n es completamente privada. No se toman notas ni se comparten detalles con nadie en ning\u00fan momento. Esto garantiza un espacio seguro y sagrado para tu viaje de sanaci\u00f3n.<\/p>\n<h5><strong>Log\u00edstica<\/strong><\/h5>\n<ul>\n<li>Lugar - Las sesiones tienen lugar en un entorno c\u00f3modo y privado, a menudo una iglesia local.<\/li>\n<li>Duraci\u00f3n - Dedique tres horas a su sesi\u00f3n de oraci\u00f3n para garantizar un tiempo de ministerio completo y sin prisas.<\/li>\n<\/ul>\n<\/div><\/div><div class=\"w-separator size_medium\"><\/div><div class=\"w-btn-wrapper align_none\"><a class=\"w-btn us-btn-style_1\" href=\"\/es_do\/formulario_de_entrada_de_sesion\/\"><span class=\"w-btn-label\">Formulario previo a la sesi\u00f3n<\/span><\/a><\/div><\/div><\/div><\/div><\/div><\/section><section class=\"l-section wpb_row us_custom_10ed3c95 height_auto\"><div class=\"l-section-h i-cf\"><div class=\"g-cols vc_row via_grid cols_custom laptops-cols_inherit tablets-cols_inherit mobiles-cols_1 valign_middle type_default reversed stacking_default\"><\/div><\/div><\/section><div class=\"wpb_column vc_column_container\"><div class=\"vc_column-inner\"><div class=\"g-cols wpb_row via_grid cols_2 laptops-cols_inherit tablets-cols_inherit mobiles-cols_1 valign_middle type_default reversed stacking_default\" style=\"--columns-gap:0rem;\"><div class=\"wpb_column vc_column_container us_custom_b4843623 has_bg_color\"><div class=\"vc_column-inner\"><h4 class=\"w-text us_custom_6745946f has_text_color\"><span class=\"w-text-h\"><span class=\"w-text-value\">AQU\u00cd PARA AYUDAR<\/span><\/span><\/h4><h2 class=\"w-text\"><span class=\"w-text-h\"><span class=\"w-text-value\">\u00bfTiene alguna pregunta?<\/span><\/span><\/h2><div class=\"wpb_text_column us_custom_59aee68e\"><div class=\"wpb_wrapper\"><h3><strong>Aprender a ministrar en la oraci\u00f3n<\/strong><\/h3>\n<p>Desarrollar <strong>b\u00edblico, disciplinado y guiado por el Esp\u00edritu Santo<\/strong> aptitudes para el ministerio de la oraci\u00f3n que se aplican <strong>Las promesas de Jes\u00fas<\/strong> a los que sufren. A trav\u00e9s de <strong>formaci\u00f3n presencial<\/strong>En el marco de este programa, adquirir\u00e1s experiencia pr\u00e1ctica y conocimiento espiritual, lo que te capacitar\u00e1 para ayudar a otros a encontrar la sanaci\u00f3n y la libertad en Cristo.<\/p>\n<p>\u00danase a nosotros en este <strong>viaje transformador<\/strong> y participa en el cambio de vidas gracias al poder de la oraci\u00f3n.<\/p>\n<\/div><\/div><div class=\"w-separator size_custom\" style=\"height:40px\"><\/div><div class=\"w-btn-wrapper align_none\"><a class=\"w-btn us-btn-style_2\" href=\"\/es_do\/formulario-de-contacto-general\/\"><span class=\"w-btn-label\">Contacte con nosotros<\/span><\/a><\/div><\/div><\/div><div class=\"wpb_column vc_column_container us_custom_a541fb6c has_bg_color\"><div class=\"vc_column-inner\"><\/div><\/div><\/div><\/div><\/div>","protected":false},"excerpt":{"rendered":"","protected":false},"author":1,"featured_media":0,"parent":0,"menu_order":0,"comment_status":"closed","ping_status":"closed","template":"","meta":{"om_disable_all_campaigns":false,"_monsterinsights_skip_tracking":false,"_monsterinsights_sitenote_active":false,"_monsterinsights_sitenote_note":"","_monsterinsights_sitenote_category":0,"footnotes":""},"class_list":["post-2221","page","type-page","status-publish","hentry"],"aioseo_notices":[],"_links":{"self":[{"href":"https:\/\/www.vmtc.net\/es_do\/wp-json\/wp\/v2\/pages\/2221","targetHints":{"allow":["GET"]}}],"collection":[{"href":"https:\/\/www.vmtc.net\/es_do\/wp-json\/wp\/v2\/pages"}],"about":[{"href":"https:\/\/www.vmtc.net\/es_do\/wp-json\/wp\/v2\/types\/page"}],"author":[{"embeddable":true,"href":"https:\/\/www.vmtc.net\/es_do\/wp-json\/wp\/v2\/users\/1"}],"replies":[{"embeddable":true,"href":"https:\/\/www.vmtc.net\/es_do\/wp-json\/wp\/v2\/comments?post=2221"}],"version-history":[{"count":0,"href":"https:\/\/www.vmtc.net\/es_do\/wp-json\/wp\/v2\/pages\/2221\/revisions"}],"wp:attachment":[{"href":"https:\/\/www.vmtc.net\/es_do\/wp-json\/wp\/v2\/media?parent=2221"}],"curies":[{"name":"wp","href":"https:\/\/api.w.org\/{rel}","templated":true}]}}