{"id":2389,"date":"2025-02-03T23:56:00","date_gmt":"2025-02-03T23:56:00","guid":{"rendered":"https:\/\/www.vmtc.net\/?page_id=2389"},"modified":"2025-02-05T04:22:53","modified_gmt":"2025-02-05T04:22:53","slug":"crear-un-equipo","status":"publish","type":"page","link":"https:\/\/www.vmtc.net\/es\/start-a-team\/","title":{"rendered":"En su iglesia"},"content":{"rendered":"<section class=\"l-section wpb_row height_custom color_primary with_img\"><div class=\"l-section-img\" role=\"img\" aria-label=\"vmtc prayer ministers\" data-img-width=\"2560\" data-img-height=\"1708\" style=\"background-image: url(https:\/\/www.vmtc.net\/wp-content\/uploads\/2025\/02\/curated-lifestyle-nSf9hpy35Yw-unsplash-scaled.jpg);\"><\/div><div class=\"l-section-overlay\" style=\"background:rgba(26,26,26,0.25)\"><\/div><div class=\"l-section-h i-cf\"><div class=\"g-cols vc_row via_grid cols_1 laptops-cols_inherit tablets-cols_inherit mobiles-cols_1 valign_top type_default stacking_default\"><div class=\"wpb_column vc_column_container us_custom_a2aeb65f\"><div class=\"vc_column-inner\"><h1 class=\"w-text us_custom_eb849559\"><span class=\"w-text-h\"><span class=\"w-text-value\">Pasos para establecer un equipo de ministerio de oraci\u00f3n en su iglesia<\/span><\/span><\/h1><\/div><\/div><\/div><\/div><\/section><section class=\"l-section wpb_row height_custom\"><div class=\"l-section-h i-cf\"><div class=\"g-cols vc_row via_grid cols_2 laptops-cols_inherit tablets-cols_1 mobiles-cols_1 valign_middle type_default reversed stacking_default\" style=\"--columns-gap:0rem;\"><div class=\"wpb_column vc_column_container us_custom_8a2a463d\"><div class=\"vc_column-inner\"><div class=\"wpb_text_column us_custom_3fdaf282\"><div class=\"wpb_wrapper\"><h2>Equipos de oraci\u00f3n<\/h2>\n<p>El objetivo de Victorious Ministry Through Christ es apoyar a las iglesias a establecer el Ministerio de Oraci\u00f3n como parte integral de su misi\u00f3n.<\/p>\n<p>Toda iglesia de un tama\u00f1o razonable puede beneficiarse de tener un equipo dedicado al ministerio de oraci\u00f3n, que garantice que las necesidades de oraci\u00f3n se satisfacen sin que toda la responsabilidad recaiga \u00fanicamente en el pastor. Adem\u00e1s, las iglesias de una comunidad pueden colaborar para formar un equipo combinado de ministerio de oraci\u00f3n, proporcionando un apoyo m\u00e1s amplio.<\/p>\n<p>Si su iglesia ya cuenta con un equipo del ministerio de oraci\u00f3n, considere la posibilidad de ofrecer formaci\u00f3n y desarrollo para reforzar su eficacia. Sin embargo, si a\u00fan no se ha formado un equipo, comience por identificar a personas con pasi\u00f3n por la oraci\u00f3n que puedan estar dispuestas a iniciar este ministerio.<\/p>\n<p>Jes\u00fas no s\u00f3lo predicaba, sino que tambi\u00e9n oraba con la gente para sanarla y liberarla. Equip\u00f3 a sus disc\u00edpulos para que hicieran lo mismo, demostrando que la predicaci\u00f3n por s\u00ed sola no es suficiente. La Palabra de Dios debe ser aplicada en nuestras vidas a trav\u00e9s del poder del Esp\u00edritu Santo, permitiendo que Dios produzca en nosotros la transformaci\u00f3n que desea.<\/p>\n<p>El objetivo, por lo tanto, es desarrollar un equipo que pueda acompa\u00f1ar al pastor en el seguimiento del ministerio de oraci\u00f3n. Al igual que la formaci\u00f3n es esencial para una predicaci\u00f3n eficaz, el ministerio de oraci\u00f3n tambi\u00e9n requiere una formaci\u00f3n adecuada para garantizar que se lleva a cabo con sabidur\u00eda, sensibilidad y la gu\u00eda del Esp\u00edritu Santo. Equipar a los individuos con el conocimiento y las habilidades para ministrar en oraci\u00f3n fortalece la capacidad de la iglesia para apoyar y nutrir espiritualmente a sus miembros.<\/p>\n<\/div><\/div><\/div><\/div><div class=\"wpb_column vc_column_container\"><div class=\"vc_column-inner\"><div class=\"w-image us_custom_447bff20 has_ratio align_none\"><div class=\"w-image-h\"><div style=\"padding-bottom:100%\"><\/div><img decoding=\"async\" width=\"2046\" height=\"2560\" src=\"https:\/\/www.vmtc.net\/wp-content\/uploads\/2025\/02\/VMTC2024-22-scaled.jpg\" class=\"attachment-full size-full\" alt=\"vmtc prayer teams, vmtc deliverance minsitry, vmtc redding, vmtc lodi, vmtc california, vmtc oregon\" loading=\"lazy\" \/><\/div><\/div><\/div><\/div><\/div><\/div><\/section><section class=\"l-section wpb_row height_auto\"><div class=\"l-section-h i-cf\"><div class=\"g-cols vc_row via_grid cols_2 laptops-cols_inherit tablets-cols_inherit mobiles-cols_1 valign_middle type_default stacking_default\" style=\"--columns-gap:0rem;\"><div class=\"wpb_column vc_column_container us_custom_022f1922 has_bg_color\"><div class=\"vc_column-inner\"><\/div><\/div><div class=\"wpb_column vc_column_container us_custom_72119110 has_bg_color\"><div class=\"vc_column-inner\"><h2 class=\"w-text us_custom_9ad16fb4 has_text_color\"><span class=\"w-text-h\"><span class=\"w-text-value\">Un equipo capacitado en el ministerio de oraci\u00f3n puede fortalecer enormemente a su iglesia:<\/span><\/span><\/h2><div class=\"wpb_text_column us_custom_f2f613e8 has_text_color\"><div class=\"wpb_wrapper\"><ul>\n<li><strong>Ministerio de Sanidad y Liberaci\u00f3n<\/strong> - Apoyar al p\u00e1rroco en el ministerio del altar durante los servicios de culto, asegur\u00e1ndose de que los necesitados reciban oraci\u00f3n y atenci\u00f3n.<\/li>\n<li><strong>Ofrecer sesiones privadas de oraci\u00f3n<\/strong> - Abordar cuestiones personales m\u00e1s profundas en un entorno confidencial cuando la oraci\u00f3n p\u00fablica no es adecuada.<\/li>\n<li><strong>Fomentar el crecimiento espiritual<\/strong> - Ayudar a las personas a superar las heridas del pasado y las luchas actuales, lo que lleva a una mayor madurez en Cristo.<\/li>\n<li><strong>Reforzar la protecci\u00f3n espiritual<\/strong> - Equipar a los miembros para resistir la tentaci\u00f3n y mantenerse firmes en su fe.<\/li>\n<li><strong>Desarrollar los dones de la oraci\u00f3n<\/strong> - Identificar y nutrir a aquellos con una vocaci\u00f3n especial en el ministerio de la oraci\u00f3n.<\/li>\n<li><strong>Ense\u00f1anza de Liberaci\u00f3n y Guerra Espiritual<\/strong> - Profundizar la comprensi\u00f3n de la iglesia sobre la autoridad espiritual y los principios b\u00edblicos de libertad.<\/li>\n<li><strong>Participaci\u00f3n en el ministerio interconfesional<\/strong> - Preparar a los miembros para servir eficazmente en entornos intereclesi\u00e1sticos.<\/li>\n<li><strong>Crear un ministerio de oraci\u00f3n intercesora<\/strong> - Organizar vigilias de oraci\u00f3n y momentos de intercesi\u00f3n por la Iglesia.<\/li>\n<li><strong>Liberar a la Iglesia de ataduras espirituales<\/strong> - Abordar las luchas espirituales corporativas, que conduzcan a una mayor libertad y renovaci\u00f3n en toda la iglesia.<\/li>\n<\/ul>\n<p>Un equipo ministerial de oraci\u00f3n bien formado no s\u00f3lo <strong>apoya a las personas<\/strong> sino que tambi\u00e9n contribuye a la <strong>salud espiritual y renacimiento<\/strong> de toda la iglesia.<\/p>\n<\/div><\/div><\/div><\/div><\/div><\/div><\/section><section class=\"l-section wpb_row height_custom\"><div class=\"l-section-h i-cf\"><div class=\"g-cols vc_row via_grid cols_1 laptops-cols_inherit tablets-cols_inherit mobiles-cols_1 valign_top type_default stacking_default\"><div class=\"wpb_column vc_column_container\"><div class=\"vc_column-inner\"><h2 class=\"w-text us_custom_eb849559\"><span class=\"w-text-h\"><span class=\"w-text-value\">Fase de introducci\u00f3n: C\u00f3mo implantar un ministerio de oraci\u00f3n en su iglesia<\/span><\/span><\/h2><div class=\"w-separator size_custom\" style=\"height:30px\" id=\"p0d4\"><style>@media(max-width:1024px){ #p0d4{height:50px!important}}@media(max-width:600px){ #p0d4{height:50px!important}}<\/style><\/div><div class=\"g-cols wpb_row us_custom_30ee0eb0 via_grid cols_2 laptops-cols_inherit tablets-cols_1 mobiles-cols_1 valign_top type_default stacking_default\" style=\"--columns-gap:3rem;\"><div class=\"wpb_column vc_column_container us_custom_1360a273 has_bg_color\"><div class=\"vc_column-inner\"><div class=\"w-iconbox iconpos_top style_default color_primary align_left\"><div class=\"w-iconbox-icon\" style=\"font-size:2.8rem;\"><\/div><div class=\"w-iconbox-meta\"><h4 class=\"w-iconbox-title\">1. Explorar c\u00f3mo establecer el ministerio<\/h4><div class=\"w-iconbox-text\"><p>Comience por comprender c\u00f3mo puede implementarse el ministerio de oraci\u00f3n VMTC en su iglesia y capacite al primer grupo de miembros. Este proceso puede ser iniciado por un l\u00edder de la iglesia, un pastor o una decisi\u00f3n de la junta, o puede comenzar con un miembro de la iglesia que ya haya recibido la formaci\u00f3n de VMTC.<\/p>\n<\/div><\/div><\/div><\/div><\/div><div class=\"wpb_column vc_column_container us_custom_1360a273 has_bg_color\"><div class=\"vc_column-inner\"><div class=\"w-iconbox iconpos_top style_default color_primary align_left\"><div class=\"w-iconbox-icon\" style=\"font-size:2.8rem;\"><\/div><div class=\"w-iconbox-meta\"><h4 class=\"w-iconbox-title\">2. Organizar una reuni\u00f3n informativa<\/h4><div class=\"w-iconbox-text\"><p>Organice una reuni\u00f3n introductoria en su iglesia o a trav\u00e9s de la asociaci\u00f3n ministerial de su iglesia local. Invite a un grupo de personas formadas en VMTC para que compartan ideas sobre el ministerio, ofrezcan testimonios de quienes se han beneficiado de \u00e9l y expliquen c\u00f3mo puede establecerse en su congregaci\u00f3n.<\/p>\n<\/div><\/div><\/div><\/div><\/div><div class=\"wpb_column vc_column_container us_custom_b1e66f27 has_bg_color\"><div class=\"vc_column-inner\"><div class=\"w-iconbox iconpos_top style_default color_primary align_left\"><div class=\"w-iconbox-icon\" style=\"font-size:2.8rem;\"><\/div><div class=\"w-iconbox-meta\"><h4 class=\"w-iconbox-title\">3. Organizar un seminario VMTC de fin de semana<\/h4><div class=\"w-iconbox-text\"><p>Organice un seminario de ense\u00f1anza en su iglesia para presentar los principios fundamentales del ministerio de oraci\u00f3n, la guerra espiritual y la libertad en Cristo. Este evento no es para entrenar sino para impartir conocimiento y equipar a los creyentes. Algunos asistentes tambi\u00e9n pueden recibir ministerio de oraci\u00f3n personal durante el seminario.<\/p>\n<\/div><\/div><\/div><\/div><\/div><div class=\"wpb_column vc_column_container us_custom_1360a273 has_bg_color\"><div class=\"vc_column-inner\"><div class=\"w-iconbox iconpos_top style_default color_primary align_left\"><div class=\"w-iconbox-icon\" style=\"font-size:2.8rem;\"><\/div><div class=\"w-iconbox-meta\"><h4 class=\"w-iconbox-title\">4. Formar un equipo dedicado al ministerio de oraci\u00f3n<\/h4><div class=\"w-iconbox-text\"><p>Seleccione a personas espiritualmente maduras que est\u00e9n dispuestas a participar en la guerra espiritual y en el ministerio de intercesi\u00f3n. Un equipo debe comenzar con al menos dos personas, aunque cuatro es lo ideal.<\/p>\n<p>Requisitos clave de formaci\u00f3n:<\/p>\n<ul>\n<li>Es necesario un equilibrio entre hombres y mujeres, ya que las sesiones de oraci\u00f3n son dirigidas por ambos sexos.<\/li>\n<li>Los matrimonios son candidatos ideales para la formaci\u00f3n.<\/li>\n<li>Lo ideal ser\u00eda que el ministro fuera uno de los formados, ya que suele ser el primer punto de contacto para las necesidades de oraci\u00f3n.<\/li>\n<li>La formaci\u00f3n implica asistir al menos a tres escuelas VMTC para convertirse en Ministro de Oraci\u00f3n de Apoyo y a cuatro escuelas para cualificarse como Ministro de Oraci\u00f3n L\u00edder.<\/li>\n<\/ul>\n<p>Una vez formados, los ministros de oraci\u00f3n ser\u00e1n capaces de:<\/p>\n<ul>\n<li>Dirigir sesiones privadas del ministerio de oraci\u00f3n para los miembros de la iglesia y otras personas necesitadas.<\/li>\n<li>Proveer oraci\u00f3n en el momento durante los servicios de la iglesia y reconocer a aquellos que requieren un ministerio de oraci\u00f3n adicional.<\/li>\n<li>Ofrecer orientaci\u00f3n espiritual e intercesi\u00f3n a las personas que buscan libertad y curaci\u00f3n.<\/li>\n<\/ul>\n<\/div><\/div><\/div><\/div><\/div><\/div><div class=\"w-separator size_medium\"><\/div><div class=\"g-cols wpb_row us_custom_30ee0eb0 via_grid cols_2 laptops-cols_inherit tablets-cols_1 mobiles-cols_1 valign_top type_default stacking_default\" style=\"--columns-gap:3rem;\"><div class=\"wpb_column vc_column_container us_custom_1360a273 has_bg_color\"><div class=\"vc_column-inner\"><div class=\"w-iconbox iconpos_top style_default color_primary align_left\"><div class=\"w-iconbox-icon\" style=\"font-size:2.8rem;\"><\/div><div class=\"w-iconbox-meta\"><h4 class=\"w-iconbox-title\">5. Obtener apoyo ministerial<\/h4><div class=\"w-iconbox-text\"><p>Para que el ministerio prospere, es esencial que el pastor principal apoye y comprenda el ministerio de oraci\u00f3n. El ministro debe:<\/p>\n<ul>\n<li>Asistir al menos a una escuela VMTC para adquirir experiencia de primera mano.<\/li>\n<li>Idealmente, ser un ministro de oraci\u00f3n plenamente capacitado y liberado para participar activamente en el ministerio.<\/li>\n<\/ul>\n<\/div><\/div><\/div><\/div><\/div><div class=\"wpb_column vc_column_container us_custom_1360a273 has_bg_color\"><div class=\"vc_column-inner\"><div class=\"w-iconbox iconpos_top style_default color_primary align_left\"><div class=\"w-iconbox-icon\" style=\"font-size:2.8rem;\"><\/div><div class=\"w-iconbox-meta\"><h4 class=\"w-iconbox-title\">6. Apoyo financiero a la formaci\u00f3n<\/h4><div class=\"w-iconbox-text\"><p>Una iglesia debe invertir en su gente subvencionando los costes de formaci\u00f3n como compromiso de crecimiento espiritual. Consid\u00e9relo:<\/p>\n<ul>\n<li>Cubrir 50% de gastos de formaci\u00f3n de los afiliados.<\/li>\n<li>Utilizar los fondos de inversi\u00f3n de la iglesia para apoyar iniciativas de formaci\u00f3n.<\/li>\n<li>Asignar subvenciones a la formaci\u00f3n como partida presupuestaria ordinaria para sostener y hacer crecer el ministerio.<\/li>\n<\/ul>\n<p>Siguiendo estos pasos, su iglesia puede establecer eficazmente un equipo de ministerio de oraci\u00f3n capacitado, asegurando que los creyentes reciban apoyo espiritual continuo, sanaci\u00f3n y liberaci\u00f3n.<\/p>\n<\/div><\/div><\/div><\/div><\/div><\/div><div class=\"w-separator size_medium\"><\/div><h2 class=\"w-text us_custom_eb849559\"><span class=\"w-text-h\"><span class=\"w-text-value\">Fase de construcci\u00f3n: C\u00f3mo establecer un s\u00f3lido ministerio de oraci\u00f3n en su iglesia<\/span><\/span><\/h2><div class=\"g-cols wpb_row us_custom_30ee0eb0 via_grid cols_2 laptops-cols_inherit tablets-cols_1 mobiles-cols_1 valign_top type_default stacking_default\" style=\"--columns-gap:3rem;\"><div class=\"wpb_column vc_column_container us_custom_1360a273 has_bg_color\"><div class=\"vc_column-inner\"><div class=\"w-iconbox iconpos_top style_default color_primary align_left\"><div class=\"w-iconbox-icon\" style=\"font-size:2.8rem;\"><\/div><div class=\"w-iconbox-meta\"><h4 class=\"w-iconbox-title\">1. Adoptar el Ministerio de Oraci\u00f3n de VMTC como Ministerio Oficial de la Iglesia<\/h4><div class=\"w-iconbox-text\"><p>En alg\u00fan momento, el liderazgo de la iglesia o la congregaci\u00f3n deben adoptar formalmente el ministerio de oraci\u00f3n VMTC como un ministerio oficial. Esto proporciona:<\/p>\n<ul>\n<li>Apropiaci\u00f3n y apoyo de toda la Iglesia.<\/li>\n<li>Animar a los miembros a seguir form\u00e1ndose.<\/li>\n<li>Compromiso de hacer del ministerio de la oraci\u00f3n una prioridad.<\/li>\n<\/ul>\n<p>Una decisi\u00f3n como esta:<br \/><em>\"Que la Junta apruebe que el Ministerio de Oraci\u00f3n VMTC sea ofrecido como un ministerio de esta iglesia\".<\/em><br \/>puede establecer una base s\u00f3lida para el crecimiento.<\/p>\n<p>Si toda la iglesia no est\u00e1 preparada, considere la posibilidad de empezar en un grupo m\u00e1s peque\u00f1o, como el equipo de oraci\u00f3n o el ministerio de j\u00f3venes.<\/p>\n<ul>\n<li>Asistir al menos a una escuela VMTC para adquirir experiencia de primera mano.<\/li>\n<li>Idealmente, ser un ministro de oraci\u00f3n plenamente capacitado y liberado para participar activamente en el ministerio.<\/li>\n<\/ul>\n<\/div><\/div><\/div><\/div><\/div><div class=\"wpb_column vc_column_container us_custom_b1e66f27 has_bg_color\"><div class=\"vc_column-inner\"><div class=\"w-iconbox iconpos_top style_default color_primary align_left\"><div class=\"w-iconbox-icon\" style=\"font-size:2.8rem;\"><\/div><div class=\"w-iconbox-meta\"><h4 class=\"w-iconbox-title\">2. Celebrar reuniones peri\u00f3dicas con ministros formados<\/h4><div class=\"w-iconbox-text\"><ul>\n<li>Pida permiso al pastor o a la junta directiva de la iglesia para celebrar reuniones del ministerio de oraci\u00f3n para personas capacitadas.<\/li>\n<li>Designar un Coordinador del Ministerio de Oraci\u00f3n de VMTC para supervisar las reuniones y organizar el desarrollo del ministerio.<\/li>\n<li>Incluso una reuni\u00f3n anual puede ayudar a abordar las necesidades de formaci\u00f3n, debatir los progresos del ministerio y planificar el crecimiento futuro.<\/li>\n<\/ul>\n<\/div><\/div><\/div><\/div><\/div><\/div><div class=\"w-separator size_medium\"><\/div><div class=\"g-cols wpb_row us_custom_30ee0eb0 via_grid cols_2 laptops-cols_inherit tablets-cols_1 mobiles-cols_1 valign_top type_default stacking_default\" style=\"--columns-gap:3rem;\"><div class=\"wpb_column vc_column_container us_custom_1360a273 has_bg_color\"><div class=\"vc_column-inner\"><div class=\"w-iconbox iconpos_top style_default color_primary align_left\"><div class=\"w-iconbox-icon\" style=\"font-size:2.8rem;\"><\/div><div class=\"w-iconbox-meta\"><h4 class=\"w-iconbox-title\">3. Forme al equipo del ministerio de oraci\u00f3n de su iglesia<\/h4><div class=\"w-iconbox-text\"><p>Si su iglesia ya tiene un equipo de oraci\u00f3n, introduzca la formaci\u00f3n VMTC como m\u00e9todo fundamental. Objetivo:<\/p>\n<ul>\n<li>Hacer que el mayor n\u00famero posible de miembros del equipo de oraci\u00f3n asista al menos a una escuela.<\/li>\n<li>Formar a los miembros del equipo para que sean ministros de oraci\u00f3n liberados.<\/li>\n<li>Una decisi\u00f3n pol\u00edtica de la iglesia que apoya el VMTC como m\u00e9todo principal de formaci\u00f3n para el ministerio de la oraci\u00f3n.<\/li>\n<\/ul>\n<\/div><\/div><\/div><\/div><\/div><div class=\"wpb_column vc_column_container us_custom_b1e66f27 has_bg_color\"><div class=\"vc_column-inner\"><div class=\"w-iconbox iconpos_top style_default color_primary align_left\"><div class=\"w-iconbox-icon\" style=\"font-size:2.8rem;\"><\/div><div class=\"w-iconbox-meta\"><h4 class=\"w-iconbox-title\">4. Ejecutar un m\u00f3dulo de formaci\u00f3n del Ministerio de Oraci\u00f3n<\/h4><div class=\"w-iconbox-text\"><ul>\n<li>Para que la formaci\u00f3n sea m\u00e1s accesible, organice en su iglesia un m\u00f3dulo de formaci\u00f3n VMTC de seis a siete semanas de duraci\u00f3n. Este curso proporciona una ense\u00f1anza b\u00e1sica sobre el ministerio de la oraci\u00f3n y una experiencia pr\u00e1ctica. Un equipo de oraci\u00f3n capacitado es esencial para este paso.<\/li>\n<\/ul>\n<\/div><\/div><\/div><\/div><\/div><\/div><div class=\"w-separator size_medium\"><\/div><div class=\"g-cols wpb_row us_custom_30ee0eb0 via_grid cols_2 laptops-cols_inherit tablets-cols_1 mobiles-cols_1 valign_top type_default stacking_default\" style=\"--columns-gap:3rem;\"><div class=\"wpb_column vc_column_container us_custom_1360a273 has_bg_color\"><div class=\"vc_column-inner\"><div class=\"w-iconbox iconpos_top style_default color_primary align_left\"><div class=\"w-iconbox-icon\" style=\"font-size:2.8rem;\"><\/div><div class=\"w-iconbox-meta\"><h4 class=\"w-iconbox-title\">5. Promover el Ministerio de Oraci\u00f3n VMTC a la Congregaci\u00f3n<\/h4><div class=\"w-iconbox-text\"><ul>\n<li>Anuncie su disponibilidad en los servicios religiosos, boletines, boletines informativos y tablones de anuncios.<\/li>\n<li>Publicar testimonios de personas que han experimentado avances a trav\u00e9s de VMTC en revistas de la iglesia.<\/li>\n<li>Permitir que se compartan testimonios durante los servicios para fomentar la participaci\u00f3n.<\/li>\n<\/ul>\n<\/div><\/div><\/div><\/div><\/div><div class=\"wpb_column vc_column_container us_custom_b1e66f27 has_bg_color\"><div class=\"vc_column-inner\"><div class=\"w-iconbox iconpos_top style_default color_primary align_left\"><div class=\"w-iconbox-icon\" style=\"font-size:2.8rem;\"><\/div><div class=\"w-iconbox-meta\"><h4 class=\"w-iconbox-title\">6. Animar a los L\u00edderes de la Iglesia a Recibir el Ministerio de Oraci\u00f3n<\/h4><div class=\"w-iconbox-text\"><ul>\n<li>\n<p>Equipar a los l\u00edderes asegur\u00e1ndose de que han recibido un ministerio de oraci\u00f3n personal antes o durante su compromiso de liderazgo.<\/p>\n<ul>\n<li>Una pol\u00edtica eclesi\u00e1stica podr\u00eda decir: <em>\"Esta iglesia anima a todos los l\u00edderes a recibir el Ministerio de Oraci\u00f3n VMTC para fortalecerlos espiritualmente y hacerlos m\u00e1s eficaces en el ministerio\".<\/em><\/li>\n<li>Esto garantiza que los l\u00edderes est\u00e9n espiritualmente \u00edntegros y libres de luchas pasadas.<\/li>\n<\/ul>\n<\/li>\n<\/ul>\n<\/div><\/div><\/div><\/div><\/div><\/div><div class=\"w-separator size_medium\"><\/div><div class=\"g-cols wpb_row us_custom_30ee0eb0 via_grid cols_2 laptops-cols_inherit tablets-cols_1 mobiles-cols_1 valign_top type_default stacking_default\" style=\"--columns-gap:3rem;\"><div class=\"wpb_column vc_column_container us_custom_1360a273 has_bg_color\"><div class=\"vc_column-inner\"><div class=\"w-iconbox iconpos_top style_default color_primary align_left\"><div class=\"w-iconbox-icon\" style=\"font-size:2.8rem;\"><\/div><div class=\"w-iconbox-meta\"><h4 class=\"w-iconbox-title\">7. Integrar las ense\u00f1anzas de VMTC en la predicaci\u00f3n<\/h4><div class=\"w-iconbox-text\"><ul>\n<li>\n<p>Si el pastor ha recibido la formaci\u00f3n VMTC, puede utilizar estos principios en sermones sobre temas como:<\/p>\n<ul>\n<li>Esclavitudes espirituales y libertad en Cristo<\/li>\n<li>Guerra espiritual y superaci\u00f3n de lo oculto<\/li>\n<li>Curaci\u00f3n y liberaci\u00f3n mediante la oraci\u00f3n<\/li>\n<\/ul>\n<\/li>\n<\/ul>\n<\/div><\/div><\/div><\/div><\/div><div class=\"wpb_column vc_column_container us_custom_b1e66f27 has_bg_color\"><div class=\"vc_column-inner\"><div class=\"w-iconbox iconpos_top style_default color_primary align_left\"><div class=\"w-iconbox-icon\" style=\"font-size:2.8rem;\"><\/div><div class=\"w-iconbox-meta\"><h4 class=\"w-iconbox-title\">8. Usar VMTC en la guerra de oraci\u00f3n intercesora<\/h4><div class=\"w-iconbox-text\"><ul>\n<li>\n<ul>\n<li>Nombrar l\u00edderes capacitados para el grupo de intercesi\u00f3n de la iglesia.<\/li>\n<li>Formar a los intercesores en los m\u00e9todos de oraci\u00f3n VMTC, garantizando un enfoque estructurado y b\u00edblicamente s\u00f3lido.<\/li>\n<li>Alinear las oraciones de intercesi\u00f3n con el trabajo del equipo del ministerio de oraci\u00f3n.<\/li>\n<\/ul>\n<\/li>\n<\/ul>\n<\/div><\/div><\/div><\/div><\/div><\/div><div class=\"w-separator size_medium\"><\/div><div class=\"g-cols wpb_row us_custom_30ee0eb0 via_grid cols_2 laptops-cols_inherit tablets-cols_1 mobiles-cols_1 valign_top type_default stacking_default\" style=\"--columns-gap:3rem;\"><div class=\"wpb_column vc_column_container us_custom_1360a273 has_bg_color\"><div class=\"vc_column-inner\"><div class=\"w-iconbox iconpos_top style_default color_primary align_left\"><div class=\"w-iconbox-icon\" style=\"font-size:2.8rem;\"><\/div><div class=\"w-iconbox-meta\"><h4 class=\"w-iconbox-title\">9. Red con otras iglesias<\/h4><div class=\"w-iconbox-text\"><ul>\n<li>\n<p>Informar a las iglesias locales sobre la disponibilidad del Ministerio de Oraci\u00f3n de VMTC, para que las personas necesitadas puedan recibir apoyo en forma de oraci\u00f3n de un equipo capacitado. Esto puede fomentar la cooperaci\u00f3n entre iglesias y la renovaci\u00f3n espiritual en toda la comunidad.<\/p>\n<\/li>\n<\/ul>\n<\/div><\/div><\/div><\/div><\/div><div class=\"wpb_column vc_column_container us_custom_b1e66f27 has_bg_color\"><div class=\"vc_column-inner\"><div class=\"w-iconbox iconpos_top style_default color_primary align_left\"><div class=\"w-iconbox-icon\" style=\"font-size:2.8rem;\"><\/div><div class=\"w-iconbox-meta\"><h4 class=\"w-iconbox-title\">Una base s\u00f3lida<\/h4><div class=\"w-iconbox-text\"><p>Siguiendo estos pasos, su iglesia puede construir un ministerio de oraci\u00f3n fuerte, guiado por el Esp\u00edritu, que transforme vidas y fortalezca el cuerpo de Cristo.<\/p>\n<\/div><\/div><\/div><\/div><\/div><\/div><\/div><\/div><\/div><\/div><\/section><section class=\"l-section wpb_row height_auto\"><div class=\"l-section-h i-cf\"><div class=\"g-cols vc_row via_grid cols_1-2 laptops-cols_inherit tablets-cols_inherit mobiles-cols_1 valign_middle type_default stacking_default\"><div class=\"wpb_column vc_column_container us_custom_7d871805 has_bg_color\"><div class=\"vc_column-inner\"><div class=\"w-iconbox us_custom_9ad16fb4 has_text_color iconpos_top style_default color_contrast align_left\"><div class=\"w-iconbox-icon\" style=\"font-size:3.8rem;\"><\/div><div class=\"w-iconbox-meta\"><h2 class=\"w-iconbox-title\">Un equipo de ministerio de oraci\u00f3n puede bendecir a su iglesia<\/h2><div class=\"w-iconbox-text\"><p>Un equipo del ministerio de oraci\u00f3n no es s\u00f3lo un sistema de apoyo; es un instrumento del poder de Dios para traer transformaci\u00f3n, sanaci\u00f3n y renovaci\u00f3n espiritual a los individuos y a todo el cuerpo de la iglesia.<\/p>\n<p>Un equipo de ministerio de oraci\u00f3n capacitado puede tener un impacto poderoso en su iglesia al:<\/p>\n<\/div><\/div><\/div><\/div><\/div><div class=\"wpb_column vc_column_container us_custom_a120d893\"><div class=\"vc_column-inner\"><div class=\"g-cols wpb_row via_grid cols_3 laptops-cols_inherit tablets-cols_inherit mobiles-cols_1 valign_top type_default stacking_default\" style=\"--columns-gap:3rem;\"><div class=\"wpb_column vc_column_container us_custom_695d6eff\"><div class=\"vc_column-inner\"><div class=\"w-image us_custom_9763d61b align_none\"><div class=\"w-image-h\"><img decoding=\"async\" width=\"582\" height=\"1024\" src=\"https:\/\/www.vmtc.net\/wp-content\/uploads\/2025\/02\/IMG_7458-582x1024.jpg\" class=\"attachment-large size-large\" alt=\"\" loading=\"lazy\" srcset=\"https:\/\/www.vmtc.net\/wp-content\/uploads\/2025\/02\/IMG_7458-582x1024.jpg 582w, https:\/\/www.vmtc.net\/wp-content\/uploads\/2025\/02\/IMG_7458-170x300.jpg 170w, https:\/\/www.vmtc.net\/wp-content\/uploads\/2025\/02\/IMG_7458-600x1056.jpg 600w, https:\/\/www.vmtc.net\/wp-content\/uploads\/2025\/02\/IMG_7458.jpg 970w\" sizes=\"auto, (max-width: 582px) 100vw, 582px\" \/><\/div><\/div><div class=\"w-separator size_small\"><\/div><h5 class=\"w-text us_custom_eb849559\"><span class=\"w-text-h\"><span class=\"w-text-value\">Fomentar el crecimiento espiritual<\/span><\/span><\/h5><div class=\"wpb_text_column us_custom_eb849559\"><div class=\"wpb_wrapper\"><p style=\"text-align: left;\">Ayudar a los creyentes a superar heridas del pasado y fortalezas espirituales, conduci\u00e9ndoles a una mayor madurez en Cristo.<\/p>\n<\/div><\/div><\/div><\/div><div class=\"wpb_column vc_column_container us_custom_695d6eff\"><div class=\"vc_column-inner\"><div class=\"w-image us_custom_9763d61b align_none\"><div class=\"w-image-h\"><img decoding=\"async\" width=\"563\" height=\"1024\" src=\"https:\/\/www.vmtc.net\/wp-content\/uploads\/2025\/02\/IMG_7460-563x1024.jpg\" class=\"attachment-large size-large\" alt=\"vmtc sesi\u00f3n de oraci\u00f3n, vmtc\" loading=\"lazy\" srcset=\"https:\/\/www.vmtc.net\/wp-content\/uploads\/2025\/02\/IMG_7460-563x1024.jpg 563w, https:\/\/www.vmtc.net\/wp-content\/uploads\/2025\/02\/IMG_7460-165x300.jpg 165w, https:\/\/www.vmtc.net\/wp-content\/uploads\/2025\/02\/IMG_7460-600x1092.jpg 600w, https:\/\/www.vmtc.net\/wp-content\/uploads\/2025\/02\/IMG_7460.jpg 754w\" sizes=\"auto, (max-width: 563px) 100vw, 563px\" \/><\/div><\/div><div class=\"w-separator size_small\"><\/div><h5 class=\"w-text us_custom_eb849559\"><span class=\"w-text-h\"><span class=\"w-text-value\">Equipamiento para la guerra espiritual<\/span><\/span><\/h5><div class=\"wpb_text_column us_custom_eb849559\"><div class=\"wpb_wrapper\"><p style=\"text-align: left;\">Fortalecer a los miembros para resistir la tentaci\u00f3n, mantenerse firmes en la fe y caminar en victoria sobre el pecado.<\/p>\n<\/div><\/div><\/div><\/div><div class=\"wpb_column vc_column_container\"><div class=\"vc_column-inner\"><div class=\"w-image us_custom_9763d61b align_none\"><div class=\"w-image-h\"><img decoding=\"async\" width=\"575\" height=\"1024\" src=\"https:\/\/www.vmtc.net\/wp-content\/uploads\/2025\/02\/Kat-575x1024.jpg\" class=\"attachment-large size-large\" alt=\"VMTC, Victorious Ministry Through Christ una familia de ministros de la oraci\u00f3n\" loading=\"lazy\" srcset=\"https:\/\/www.vmtc.net\/wp-content\/uploads\/2025\/02\/Kat-575x1024.jpg 575w, https:\/\/www.vmtc.net\/wp-content\/uploads\/2025\/02\/Kat-168x300.jpg 168w, https:\/\/www.vmtc.net\/wp-content\/uploads\/2025\/02\/Kat-600x1069.jpg 600w, https:\/\/www.vmtc.net\/wp-content\/uploads\/2025\/02\/Kat.jpg 658w\" sizes=\"auto, (max-width: 575px) 100vw, 575px\" \/><\/div><\/div><div class=\"w-separator size_small\"><\/div><h5 class=\"w-text us_custom_eb849559\"><span class=\"w-text-h\"><span class=\"w-text-value\">Sanaci\u00f3n y liberaci\u00f3n<\/span><\/span><\/h5><div class=\"wpb_text_column us_custom_eb849559\"><div class=\"wpb_wrapper\"><p style=\"text-align: left;\">Proporcionar sanaci\u00f3n y liberaci\u00f3n a trav\u00e9s de la oraci\u00f3n guiada por el Esp\u00edritu.<\/p>\n<\/div><\/div><\/div><\/div><\/div><\/div><\/div><\/div><\/div><\/section><section class=\"l-section wpb_row us_custom_1a4ccfc7 height_auto\"><div class=\"l-section-h i-cf\"><div class=\"g-cols vc_row via_grid cols_1 laptops-cols_inherit tablets-cols_inherit mobiles-cols_1 valign_middle type_default reversed stacking_default\"><div class=\"wpb_column vc_column_container\"><div class=\"vc_column-inner\"><div class=\"g-cols wpb_row us_custom_f8d90600 via_grid cols_2 laptops-cols_inherit tablets-cols_inherit mobiles-cols_1 valign_middle type_default reversed stacking_default\" style=\"--columns-gap:0rem;\"><div class=\"wpb_column vc_column_container us_custom_0e1fc3dd has_bg_color\"><div class=\"vc_column-inner\"><h2 class=\"w-text\"><span class=\"w-text-h\"><span class=\"w-text-value\">\u00bfTiene alguna pregunta?<\/span><\/span><\/h2><div class=\"wpb_text_column us_custom_59aee68e\"><div class=\"wpb_wrapper\"><p><span>Aprenda\u00a0<\/span><strong>habilidades para el ministerio de la oraci\u00f3n<\/strong><span>\u00a0que son\u00a0<\/span><strong>b\u00edblico, disciplinado y guiado por el Esp\u00edritu Santo<\/strong><span>, aplicando\u00a0<\/span><strong>Las promesas de curaci\u00f3n y libertad de Jes\u00fas<\/strong><span>\u00a0a los que sufren. A trav\u00e9s de\u00a0<\/span><strong>formaci\u00f3n pr\u00e1ctica, de persona a persona<\/strong><span>ser\u00e1 testigo de la\u00a0<\/span><strong>el poder transformador de Cristo<\/strong><span>equip\u00e1ndote para ayudar a los dem\u00e1s\u00a0<\/span><strong>lib\u00e9rate y camina hacia la victoria<\/strong><span>.<\/span><\/p>\n<\/div><\/div><div class=\"w-separator size_custom\" style=\"height:40px\"><\/div><div class=\"w-btn-wrapper align_none\"><a class=\"w-btn us-btn-style_2\" href=\"\/es\/about\/\"><span class=\"w-btn-label\">M\u00e1s informaci\u00f3n<\/span><\/a><\/div><\/div><\/div><div class=\"wpb_column vc_column_container us_custom_73dfff53 has_bg_color\"><div class=\"vc_column-inner\"><\/div><\/div><\/div><\/div><\/div><\/div><\/div><\/section>","protected":false},"excerpt":{"rendered":"","protected":false},"author":1,"featured_media":0,"parent":0,"menu_order":0,"comment_status":"closed","ping_status":"closed","template":"","meta":{"om_disable_all_campaigns":false,"_monsterinsights_skip_tracking":false,"_monsterinsights_sitenote_active":false,"_monsterinsights_sitenote_note":"","_monsterinsights_sitenote_category":0,"footnotes":""},"class_list":["post-2389","page","type-page","status-publish","hentry"],"aioseo_notices":[],"_links":{"self":[{"href":"https:\/\/www.vmtc.net\/es\/wp-json\/wp\/v2\/pages\/2389","targetHints":{"allow":["GET"]}}],"collection":[{"href":"https:\/\/www.vmtc.net\/es\/wp-json\/wp\/v2\/pages"}],"about":[{"href":"https:\/\/www.vmtc.net\/es\/wp-json\/wp\/v2\/types\/page"}],"author":[{"embeddable":true,"href":"https:\/\/www.vmtc.net\/es\/wp-json\/wp\/v2\/users\/1"}],"replies":[{"embeddable":true,"href":"https:\/\/www.vmtc.net\/es\/wp-json\/wp\/v2\/comments?post=2389"}],"version-history":[{"count":0,"href":"https:\/\/www.vmtc.net\/es\/wp-json\/wp\/v2\/pages\/2389\/revisions"}],"wp:attachment":[{"href":"https:\/\/www.vmtc.net\/es\/wp-json\/wp\/v2\/media?parent=2389"}],"curies":[{"name":"wp","href":"https:\/\/api.w.org\/{rel}","templated":true}]}}