{"id":2163,"date":"2025-01-30T00:57:43","date_gmt":"2025-01-30T00:57:43","guid":{"rendered":"http:\/\/lbw.8f3.mytemp.website\/?page_id=2163"},"modified":"2025-02-12T23:57:38","modified_gmt":"2025-02-12T23:57:38","slug":"vmtc-prayer-ministry-america","status":"publish","type":"page","link":"https:\/\/www.vmtc.net\/es\/vmtc-prayer-ministry-america\/","title":{"rendered":"VMTC"},"content":{"rendered":"<section class=\"l-section wpb_row height_custom color_primary with_img\"><div class=\"l-section-img\" role=\"img\" aria-label=\"Imagen\" data-img-width=\"2560\" data-img-height=\"1183\" style=\"background-image: url(https:\/\/www.vmtc.net\/wp-content\/uploads\/2025\/02\/VMTC2024-7-3-scaled.jpg);\"><\/div><div class=\"l-section-overlay\" style=\"background:rgba(26,26,26,0.25)\"><\/div><div class=\"l-section-h i-cf\"><div class=\"g-cols vc_row via_grid cols_1 laptops-cols_inherit tablets-cols_inherit mobiles-cols_1 valign_top type_default stacking_default\"><div class=\"wpb_column vc_column_container us_custom_a2aeb65f\"><div class=\"vc_column-inner\"><h1 class=\"w-text us_custom_eb849559\"><span class=\"w-text-h\"><span class=\"w-text-value\">VMTC Qui\u00e9nes somos<\/span><\/span><\/h1><\/div><\/div><\/div><\/div><\/section><section class=\"l-section wpb_row height_custom\"><div class=\"l-section-h i-cf\"><div class=\"g-cols vc_row via_grid cols_2 laptops-cols_inherit tablets-cols_1 mobiles-cols_1 valign_middle type_default reversed stacking_default\" style=\"--columns-gap:0rem;\"><div class=\"wpb_column vc_column_container us_custom_8a2a463d\"><div class=\"vc_column-inner\"><div class=\"wpb_text_column us_custom_3fdaf282\"><div class=\"wpb_wrapper\"><div class=\"flex-shrink-0 flex flex-col relative items-end\">\n<div>\n<div class=\"pt-0\">\n<div class=\"gizmo-bot-avatar flex h-8 w-8 items-center justify-center overflow-hidden rounded-full\">\n<h2 class=\"relative p-1 rounded-sm flex items-center justify-center bg-token-main-surface-primary text-token-text-primary h-8 w-8\"><strong>Nuestra visi\u00f3n<\/strong><\/h2>\n<\/div>\n<\/div>\n<\/div>\n<\/div>\n<div class=\"group\/conversation-turn relative flex w-full min-w-0 flex-col agent-turn\">\n<div class=\"flex-col gap-1 md:gap-3\">\n<div class=\"flex max-w-full flex-col flex-grow\">\n<div class=\"min-h-8 text-message flex w-full flex-col items-end gap-2 whitespace-normal break-words text-start &#091;.text-message+&amp;&#093;:mt-5\" dir=\"auto\" data-message-author-role=\"assistant\" data-message-id=\"aa48efa0-e260-4cd1-a0f6-4167de13f66f\" data-message-model-slug=\"gpt-4o\">\n<div class=\"flex w-full flex-col gap-1 empty:hidden first:pt-&#091;3px&#093;\">\n<div class=\"markdown prose w-full break-words dark:prose-invert light\">\n<p>Nos imaginamos a la gente encontrando <strong>verdadera sanidad -esp\u00edritu, alma y cuerpo- a trav\u00e9s de la obra consumada de Jesucristo<\/strong> y el <strong>el poder transformador del Esp\u00edritu Santo<\/strong>.<\/p>\n<p>Estamos profundamente convencidos de que <strong>todo creyente est\u00e1 llamado a vivir en la plenitud de la libertad de Cristo<\/strong>Caminando en Su amor, gracia y restauraci\u00f3n. A trav\u00e9s de <strong>oraci\u00f3n, entrega y el poder de la Palabra de Dios<\/strong>buscamos ver vidas <strong>curado, renovado y liberado<\/strong> para Su gloria.<\/p>\n<\/div>\n<\/div>\n<\/div>\n<\/div>\n<\/div>\n<\/div>\n<h2>Nuestra misi\u00f3n<\/h2>\n<p>Arraigada en la <strong>el poder de la oraci\u00f3n<\/strong>Nuestra misi\u00f3n es crear un espacio para <strong>Esp\u00edritu Santo para traer sanaci\u00f3n profunda y libertad plena<\/strong> a los seguidores de Jesucristo.<\/p>\n<p>A trav\u00e9s de <strong>VMTC Vivir plenamente<\/strong>Formamos y equipamos a creyentes para ministrar en <strong>Oraci\u00f3n guiada por el Esp\u00edritu<\/strong>siguiendo el modelo de Jes\u00fas. A trav\u00e9s de <strong>ministerio de escuelas de oraci\u00f3n<\/strong>preparamos al pueblo de Dios para que camine en su poder sanador y ayude a otros a encontrar <strong>libertad, restauraci\u00f3n y plenitud<\/strong> en Cristo.<\/p>\n<p><strong>\"Para la libertad nos ha liberado Cristo\".<\/strong> - G\u00e1latas 5:1<\/p>\n<\/div><\/div><\/div><\/div><div class=\"wpb_column vc_column_container\"><div class=\"vc_column-inner\"><div class=\"w-image us_custom_447bff20 align_none\"><div class=\"w-image-h\"><img decoding=\"async\" width=\"1600\" height=\"1824\" src=\"https:\/\/www.vmtc.net\/wp-content\/uploads\/2025\/02\/vmtc_blessing.jpg\" class=\"attachment-full size-full\" alt=\"\" loading=\"lazy\" srcset=\"https:\/\/www.vmtc.net\/wp-content\/uploads\/2025\/02\/vmtc_blessing.jpg 1600w, https:\/\/www.vmtc.net\/wp-content\/uploads\/2025\/02\/vmtc_blessing-263x300.jpg 263w, https:\/\/www.vmtc.net\/wp-content\/uploads\/2025\/02\/vmtc_blessing-898x1024.jpg 898w, https:\/\/www.vmtc.net\/wp-content\/uploads\/2025\/02\/vmtc_blessing-600x684.jpg 600w\" sizes=\"auto, (max-width: 1600px) 100vw, 1600px\" \/><\/div><\/div><\/div><\/div><\/div><\/div><\/section><section class=\"l-section wpb_row height_auto\"><div class=\"l-section-h i-cf\"><div class=\"g-cols vc_row via_grid cols_2 laptops-cols_inherit tablets-cols_inherit mobiles-cols_1 valign_middle type_default stacking_default\" style=\"--columns-gap:0rem;\"><div class=\"wpb_column vc_column_container us_custom_5fbca1b4 has_bg_color\"><div class=\"vc_column-inner\"><\/div><\/div><div class=\"wpb_column vc_column_container us_custom_72119110 has_bg_color\"><div class=\"vc_column-inner\"><h2 class=\"w-text us_custom_9ad16fb4 has_text_color\"><span class=\"w-text-h\"><span class=\"w-text-value\">Nuestros valores fundamentales<\/span><\/span><\/h2><div class=\"wpb_text_column us_custom_f2f613e8 has_text_color\"><div class=\"wpb_wrapper\"><ul class=\"n8H08c UVNKR\">\n<li class=\"zfr3Q TYR86d eD0Rn\" dir=\"ltr\">\n<p>Como ministerio, nos dedicamos a servir en el amor y la verdad de Jesucristo, guiados por el Esp\u00edritu Santo. Nuestros valores fundamentales reflejan Su llamado para nosotros:<\/p>\n<ul>\n<li><strong>Caminar en el amor, el poder y la gu\u00eda del Esp\u00edritu Santo<\/strong> - Ministrando bajo la direcci\u00f3n del Esp\u00edritu, confiando en Su sabidur\u00eda y poder sanador.<\/li>\n<li><strong>Servir con compasi\u00f3n, integridad y humildad cristiana<\/strong> - Reflejar el coraz\u00f3n de Jes\u00fas tratando a cada persona con amor, dignidad y gracia.<\/li>\n<li><strong>Mantener la confidencialidad y la \u00e9tica b\u00edblica en el ministerio de la oraci\u00f3n<\/strong> - Crear un espacio sagrado de confianza donde la obra de Dios pueda desarrollarse libremente.<\/li>\n<li><strong>Fomentar el crecimiento espiritual y el discipulado de los ministros de la oraci\u00f3n<\/strong> - Comprometerse con el aprendizaje permanente, una fe m\u00e1s profunda y una relaci\u00f3n creciente con Cristo.<\/li>\n<\/ul>\n<p><strong>\"Todo lo que hag\u00e1is, trabajad de coraz\u00f3n, como para el Se\u00f1or y no para los hombres\".<\/strong> - Colosenses 3:23<\/p>\n<p>\u00bfDesea introducir mejoras o adiciones para ajustarlo mejor a la visi\u00f3n de su ministerio?<\/p>\n<\/li>\n<\/ul>\n<\/div><\/div><\/div><\/div><\/div><\/div><\/section><section class=\"l-section wpb_row height_custom\"><div class=\"l-section-h i-cf\"><div class=\"g-cols vc_row via_grid cols_1 laptops-cols_inherit tablets-cols_inherit mobiles-cols_1 valign_top type_default stacking_default\"><div class=\"wpb_column vc_column_container\"><div class=\"vc_column-inner\"><h2 class=\"w-text us_custom_eb849559\"><span class=\"w-text-h\"><span class=\"w-text-value\">En VMTC creemos<\/span><\/span><\/h2><div class=\"w-separator size_custom\" style=\"height:30px\" id=\"l465\"><style>@media(max-width:1024px){ #l465{height:50px!important}}@media(max-width:600px){ #l465{height:50px!important}}<\/style><\/div><div class=\"g-cols wpb_row us_custom_30ee0eb0 via_grid cols_2 laptops-cols_inherit tablets-cols_1 mobiles-cols_1 valign_top type_default stacking_default\" style=\"--columns-gap:3rem;\"><div class=\"wpb_column vc_column_container us_custom_1360a273 has_bg_color\"><div class=\"vc_column-inner\"><div class=\"w-iconbox iconpos_top style_default color_primary align_left\"><div class=\"w-iconbox-icon\" style=\"font-size:2.8rem;\"><\/div><div class=\"w-iconbox-meta\"><h3 class=\"w-iconbox-title\">El Dios de la Biblia<\/h3><div class=\"w-iconbox-text\"><p>Creemos en<span>\u00a0<\/span><strong>un Dios verdadero<\/strong>que existe eternamente en<span>\u00a0<\/span><strong>tres personas<\/strong>:<\/p>\n<ul>\n<li><strong>Dios Padre<\/strong><span>\u00a0<\/span>- El Creador y Sustentador de todas las cosas.<\/li>\n<li><strong>Dios Hijo, Jesucristo<\/strong><span>\u00a0<\/span>- El Salvador y Redentor, plenamente Dios y plenamente hombre.<\/li>\n<li><strong>Dios Esp\u00edritu Santo<\/strong><span>\u00a0<\/span>- El Consolador y Gu\u00eda, que capacita a los creyentes para una vida santa.<\/li>\n<\/ul>\n<p><em>\"Escucha, Israel: El Se\u00f1or nuestro Dios, el Se\u00f1or es uno\".<\/em><span>\u00a0<\/span>- Deuteronomio 6:4<br \/><em>\"Id, pues, y haced disc\u00edpulos a todas las gentes, bautiz\u00e1ndolas en el nombre del Padre y del Hijo y del Esp\u00edritu Santo\".<\/em><span>\u00a0<\/span>- Mateo 28:19<\/p>\n<p><span>\u00a0<\/span><\/p>\n<\/div><\/div><\/div><\/div><\/div><div class=\"wpb_column vc_column_container us_custom_1360a273 has_bg_color\"><div class=\"vc_column-inner\"><div class=\"w-iconbox iconpos_top style_default color_primary align_left\"><div class=\"w-iconbox-icon\" style=\"font-size:2.8rem;\"><\/div><div class=\"w-iconbox-meta\"><h3 class=\"w-iconbox-title\">La autoridad de las Escrituras<\/h3><div class=\"w-iconbox-text\"><p>Creemos que <strong>la Biblia es la Palabra inspirada de Dios<\/strong>, plenamente autorizada en <strong>todas las cuestiones de fe y pr\u00e1ctica<\/strong>. Es el <strong>revelaci\u00f3n divina<\/strong> de la verdad de Dios, sirviendo de base para la vida cristiana y el crecimiento espiritual.<\/p>\n<ul>\n<li><strong>Creado por Dios e infalible<\/strong> - Las Escrituras est\u00e1n inspiradas por Dios y son totalmente fiables. (<strong>2 Timoteo 3:16-17<\/strong>)<\/li>\n<li><strong>La autoridad final<\/strong> - La Biblia es la norma suprema para la fe, la doctrina y la conducta moral. (<strong>Salmo 19:7-11<\/strong>)<\/li>\n<li><strong>Transformar y dar vida<\/strong> - La Palabra de Dios renueva las mentes, equipa a los creyentes y conduce a la madurez espiritual. (<strong>Hebreos 4:12<\/strong>)<\/li>\n<\/ul>\n<p><em>\"Toda la Escritura es inspirada por Dios y \u00fatil para ense\u00f1ar, reprender, corregir y formar en la justicia, a fin de que el siervo de Dios est\u00e9 enteramente preparado para toda buena obra.\"<\/em> - 2 Timoteo 3:16-17<\/p>\n<p><span>\u00a0<\/span><\/p>\n<\/div><\/div><\/div><\/div><\/div><div class=\"wpb_column vc_column_container us_custom_b1e66f27 has_bg_color\"><div class=\"vc_column-inner\"><div class=\"w-iconbox iconpos_top style_default color_primary align_left\"><div class=\"w-iconbox-icon\" style=\"font-size:2.8rem;\"><\/div><div class=\"w-iconbox-meta\"><h3 class=\"w-iconbox-title\">Jesucristo: Plenamente Dios, plenamente hombre y \u00fanico camino de salvaci\u00f3n<\/h3><div class=\"w-iconbox-text\"><div class=\"group\/conversation-turn relative flex w-full min-w-0 flex-col agent-turn\">\n<div class=\"flex-col gap-1 md:gap-3\">\n<div class=\"flex max-w-full flex-col flex-grow\">\n<div class=\"min-h-8 text-message flex w-full flex-col items-end gap-2 whitespace-normal break-words text-start &#091;.text-message+&amp;&#093;:mt-5\" dir=\"auto\" data-message-author-role=\"assistant\" data-message-id=\"6391429d-650e-497f-bc7e-c769b40f7b29\" data-message-model-slug=\"gpt-4o\">\n<div class=\"flex w-full flex-col gap-1 empty:hidden first:pt-&#091;3px&#093;\">\n<div class=\"markdown prose w-full break-words dark:prose-invert light\">\n<p>Creemos que <strong>Jesucristo es plenamente Dios y plenamente hombre<\/strong>El Hijo eterno de Dios, que se encarn\u00f3 para redimir a la humanidad. \u00c9l es el \u00fanico camino de salvaci\u00f3n y reconciliaci\u00f3n con Dios.<\/p>\n<ul>\n<li><strong>Todo Dios, todo hombre<\/strong> - Jes\u00fas es el Verbo hecho carne, la representaci\u00f3n exacta de la naturaleza de Dios. (<strong>Juan 1:1-4, Colosenses 2:9<\/strong>)<\/li>\n<li><strong>El \u00fanico Salvador<\/strong> - A trav\u00e9s de Su vida perfecta, muerte sacrificial y resurrecci\u00f3n victoriosa, Jes\u00fas proporciona el \u00fanico camino a la salvaci\u00f3n. (<strong>Juan 14:6, Hechos 4:12<\/strong>)<\/li>\n<li><strong>Se\u00f1or y Rey<\/strong> - \u00c9l reina en gloria y regresar\u00e1 para establecer Su Reino eterno. (<strong>Filipenses 2:9-11, Apocalipsis 19:16<\/strong>)<\/li>\n<\/ul>\n<p><em>\"En el principio era el Verbo, y el Verbo estaba con Dios, y el Verbo era Dios. Por medio de \u00c9l se hicieron todas las cosas; sin \u00c9l no se hizo nada de lo que se ha hecho. En \u00c9l estaba la vida, y esa vida era la luz de toda la humanidad\".<\/em> - Juan 1:1-4<\/p>\n<p><em>\"Porque en Cristo vive corporalmente toda la plenitud de la Deidad\".<\/em> - Colosenses 2:9<\/p>\n<\/div>\n<\/div>\n<\/div>\n<\/div>\n<\/div>\n<\/div>\n<p><span>\u00a0<\/span><\/p>\n<\/div><\/div><\/div><\/div><\/div><div class=\"wpb_column vc_column_container us_custom_b1e66f27 has_bg_color\"><div class=\"vc_column-inner\"><div class=\"w-iconbox iconpos_top style_default color_primary align_left\"><div class=\"w-iconbox-icon\" style=\"font-size:2.8rem;\"><\/div><div class=\"w-iconbox-meta\"><h3 class=\"w-iconbox-title\">El poder del Esp\u00edritu Santo<\/h3><div class=\"w-iconbox-text\"><p>Creemos que la <strong>El Esp\u00edritu Santo capacita a los creyentes<\/strong> para vivir victoriosamente, ministrar eficazmente y caminar en la plenitud del prop\u00f3sito de Dios. \u00c9l equipa y fortalece a los seguidores de Jes\u00fas a trav\u00e9s de Su presencia, poder y dones espirituales.<\/p>\n<ul>\n<li><strong>Capacitados para el ministerio<\/strong> - El Esp\u00edritu Santo capacita a los creyentes para proclamar con valent\u00eda el Evangelio, ministrar mediante la oraci\u00f3n y sanar a los dem\u00e1s. (<strong>Hechos 1:8<\/strong>)<\/li>\n<li><strong>Dotados para el servicio<\/strong> - Distribuye <strong>dones espirituales<\/strong> para animar, edificar y fortalecer el cuerpo de Cristo. (<strong>1 Corintios 12:7-11<\/strong>)<\/li>\n<li><strong>Guiados por el Esp\u00edritu<\/strong> - El Esp\u00edritu Santo gu\u00eda, convence y capacita a los creyentes para vivir una vida de santidad y victoria. (<strong>Romanos 8:14, G\u00e1latas 5:16<\/strong>)<\/li>\n<\/ul>\n<p><em>\"Pero recibir\u00e9is poder, cuando venga sobre vosotros el Esp\u00edritu Santo, y ser\u00e9is mis testigos en Jerusal\u00e9n, en toda Judea, en Samar\u00eda y hasta los confines de la tierra\".<\/em> - Hechos 1:8<\/p>\n<p><em>\"Ahora bien, a cada uno le es dada la manifestaci\u00f3n del Esp\u00edritu para el bien com\u00fan\". <\/em>- 1 Corintios 12:7<\/p>\n<p><span>\u00a0<\/span><\/p>\n<\/div><\/div><\/div><\/div><\/div><\/div><div class=\"w-separator size_medium\"><\/div><div class=\"g-cols wpb_row us_custom_30ee0eb0 via_grid cols_2 laptops-cols_inherit tablets-cols_1 mobiles-cols_1 valign_top type_default stacking_default\" style=\"--columns-gap:3rem;\"><div class=\"wpb_column vc_column_container us_custom_1360a273 has_bg_color\"><div class=\"vc_column-inner\"><div class=\"w-iconbox iconpos_top style_default color_primary align_left\"><div class=\"w-iconbox-icon\" style=\"font-size:2.8rem;\"><\/div><div class=\"w-iconbox-meta\"><h3 class=\"w-iconbox-title\">La necesidad de salvaci\u00f3n:<\/h3><div class=\"w-iconbox-text\"><p>Creemos que <strong>todas las personas son pecadoras y necesitan el perd\u00f3n de Dios<\/strong> y que la salvaci\u00f3n viene <strong>s\u00f3lo mediante la fe en Jesucristo<\/strong>. Sin \u00c9l, estamos separados de Dios, pero a trav\u00e9s de Su gracia, somos redimidos y restaurados.<\/p>\n<ul>\n<li><strong>Todos han pecado<\/strong> - Toda persona est\u00e1 destituida de la norma perfecta de Dios y necesita la salvaci\u00f3n. (<strong>Romanos 3:23<\/strong>)<\/li>\n<li><strong>La salvaci\u00f3n s\u00f3lo por Cristo<\/strong> - Jes\u00fas es el \u00fanico camino al Padre, que ofrece perd\u00f3n, redenci\u00f3n y vida eterna. (<strong>Juan 14:6<\/strong>)<\/li>\n<li><strong>Gracia a trav\u00e9s de la fe<\/strong> - La salvaci\u00f3n no se gana, sino que es un don de la gracia de Dios, recibido por la fe en Jes\u00fas. (<strong>Efesios 2:8-9<\/strong>)<\/li>\n<\/ul>\n<p><em>\"Por cuanto todos pecaron y est\u00e1n destituidos de la gloria de Dios\".<\/em> - Romanos 3:23<\/p>\n<p><em>Jes\u00fas respondi\u00f3: \"Yo soy el camino, la verdad y la vida. Nadie viene al Padre sino por m\u00ed'\".<\/em> - Juan 14:6<\/p>\n<p><span>\u00a0<\/span><\/p>\n<\/div><\/div><\/div><\/div><\/div><div class=\"wpb_column vc_column_container us_custom_1360a273 has_bg_color\"><div class=\"vc_column-inner\"><div class=\"w-iconbox iconpos_top style_default color_primary align_left\"><div class=\"w-iconbox-icon\" style=\"font-size:2.8rem;\"><\/div><div class=\"w-iconbox-meta\"><h3 class=\"w-iconbox-title\">El poder de la oraci\u00f3n:<\/h3><div class=\"w-iconbox-text\"><p>Creemos que <strong>oraci\u00f3n de fe<\/strong> es una poderosa herramienta para <strong>transformaci\u00f3n, curaci\u00f3n y liberaci\u00f3n<\/strong>. A trav\u00e9s de la oraci\u00f3n, nos conectamos con Dios, alineamos nuestros corazones con Su voluntad y experimentamos Su milagroso poder obrando en nuestras vidas.<\/p>\n<ul>\n<li><strong>Poder de transformaci\u00f3n<\/strong> - La oraci\u00f3n aporta renovaci\u00f3n espiritual y profundiza nuestra relaci\u00f3n con Dios. (<strong>Filipenses 4:6-7<\/strong>)<\/li>\n<li><strong>Curaci\u00f3n y restauraci\u00f3n<\/strong> - Dios se mueve a trav\u00e9s de la oraci\u00f3n para traer sanaci\u00f3n f\u00edsica, emocional y espiritual. (<strong>Santiago 5:16<\/strong>)<\/li>\n<li><strong>Liberaci\u00f3n y victoria<\/strong> - La oraci\u00f3n fortalece a los creyentes en las batallas espirituales, rompiendo cadenas y liberando la libertad de Dios. (<strong>Efesios 6:18<\/strong>)<\/li>\n<\/ul>\n<p><em>\"La oraci\u00f3n de una persona justa es poderosa y eficaz\".<\/em> - Santiago 5:16<\/p>\n<p>\u00bfLe gustar\u00eda destacar la oraci\u00f3n de intercesi\u00f3n, la oraci\u00f3n corporativa o cualquier otro aspecto espec\u00edfico del ministerio de la oraci\u00f3n?<\/p>\n<p><span>\u00a0<\/span><\/p>\n<\/div><\/div><\/div><\/div><\/div><div class=\"wpb_column vc_column_container us_custom_1360a273 has_bg_color\"><div class=\"vc_column-inner\"><div class=\"w-iconbox iconpos_top style_default color_primary align_left\"><div class=\"w-iconbox-icon\" style=\"font-size:2.8rem;\"><\/div><div class=\"w-iconbox-meta\"><h3 class=\"w-iconbox-title\">El Ministerio de Sanidad<\/h3><div class=\"w-iconbox-text\"><p>Creemos que <strong>Jes\u00fas demostr\u00f3 y orden\u00f3 la curaci\u00f3n de los enfermos<\/strong>revelando el coraz\u00f3n de Dios para la restauraci\u00f3n y la integridad. Este ministerio contin\u00faa hoy <strong>por el poder del Esp\u00edritu Santo<\/strong>sanar el cuerpo, la mente y el alma.<\/p>\n<ul>\n<li><strong>El ejemplo de Jes\u00fas<\/strong> - Cristo cur\u00f3 a los enfermos como se\u00f1al del reino de Dios e instruy\u00f3 a sus seguidores para que hicieran lo mismo. (<strong>Mateo 10:8<\/strong>)<\/li>\n<li><strong>La curaci\u00f3n por la fe<\/strong> - La oraci\u00f3n y la fe en Jes\u00fas liberan Su poder sanador en nuestras vidas. (<strong>Marcos 16:18<\/strong>)<\/li>\n<li><strong>La obra del Esp\u00edritu Santo hoy<\/strong> - El ministerio de sanaci\u00f3n contin\u00faa a medida que el Esp\u00edritu Santo capacita a los creyentes para orar por sanaci\u00f3n y restauraci\u00f3n. (<strong>Santiago 5:14-15<\/strong>)<\/li>\n<\/ul>\n<p><em>\"Curad a los enfermos, resucitad a los muertos, limpiad a los que tienen lepra, expulsad a los demonios. Gratis hab\u00e9is recibido; dad gratis\".<\/em> - Mateo 10:8<\/p>\n<p><em>\"Pondr\u00e1n sus manos sobre los enfermos y sanar\u00e1n\". <\/em>- Marcos 16:18<\/p>\n<p>\u00bfLe gustar\u00eda hacer hincapi\u00e9 en aspectos espec\u00edficos, como la curaci\u00f3n emocional, la curaci\u00f3n interior o la conexi\u00f3n entre curaci\u00f3n y fe?<\/p>\n<p><span>\u00a0<\/span><\/p>\n<\/div><\/div><\/div><\/div><\/div><div class=\"wpb_column vc_column_container us_custom_1360a273 has_bg_color\"><div class=\"vc_column-inner\"><div class=\"w-iconbox iconpos_top style_default color_primary align_left\"><div class=\"w-iconbox-icon\" style=\"font-size:2.8rem;\"><\/div><div class=\"w-iconbox-meta\"><h3 class=\"w-iconbox-title\">La importancia de la confesi\u00f3n y el perd\u00f3n<\/h3><div class=\"w-iconbox-text\"><p>Como seguidores de Cristo, creemos que <strong>la confesi\u00f3n y el perd\u00f3n son esenciales para la curaci\u00f3n espiritual y la libertad<\/strong>. Aferrarse al pecado o a la falta de perd\u00f3n puede obstaculizar nuestra relaci\u00f3n con Dios y bloquear la obra del Esp\u00edritu Santo en nuestras vidas. Pero cuando <strong>confesar nuestros pecados y perdonar a los dem\u00e1s<\/strong>Abrimos la puerta a la gracia, la curaci\u00f3n y la restauraci\u00f3n de Dios.<\/p>\n<ul>\n<li><strong>La confesi\u00f3n trae limpieza<\/strong> - Cuando <strong>arrepi\u00e9ntete humildemente<\/strong>Dios es fiel para perdonarnos y purificarnos. (<strong>1 Juan 1:9<\/strong>)<\/li>\n<li><strong>El perd\u00f3n libera<\/strong> - La falta de perd\u00f3n crea una fortaleza espiritual, pero perdonar a los dem\u00e1s permite a Dios sanar nuestros corazones. (<strong>Mateo 6:14-15<\/strong>)<\/li>\n<li><strong>Caminar en el amor de Cristo<\/strong> - Como Dios nos ha perdonado por medio de Cristo, estamos llamados a extender esa misma gracia a los dem\u00e1s. (<strong>Efesios 4:31-32<\/strong>)<\/li>\n<\/ul>\n<p><em>\"Si confesamos nuestros pecados, \u00c9l es fiel y justo y nos los perdonar\u00e1 y nos purificar\u00e1 de toda maldad\". <\/em>- 1 Juan 1:9<\/p>\n<p><em>\"Porque si perdon\u00e1is a los dem\u00e1s cuando pecan contra vosotros, tambi\u00e9n vuestro Padre celestial os perdonar\u00e1 a vosotros. Pero si no perdon\u00e1is a los dem\u00e1s sus pecados, vuestro Padre no os perdonar\u00e1 los vuestros.\"<\/em> - Mateo 6:14-15<\/p>\n<p><strong>\"Sed amables y compasivos unos con otros, perdon\u00e1ndoos mutuamente, como Dios os perdon\u00f3 a vosotros en Cristo\".<\/strong> - Efesios 4:31-32<\/p>\n<p>El perd\u00f3n no es opcional: es un mandamiento de Jes\u00fas y una clave para caminar en <strong>libertad espiritual, sanaci\u00f3n emocional e intimidad m\u00e1s profunda con Dios<\/strong>.<\/p>\n<p>\u00a0<\/p>\n<p><span>\u00a0<\/span><\/p>\n<\/div><\/div><\/div><\/div><\/div><\/div><div class=\"w-separator size_medium\"><\/div><div class=\"g-cols wpb_row us_custom_30ee0eb0 via_grid cols_2 laptops-cols_inherit tablets-cols_1 mobiles-cols_1 valign_top type_default stacking_default\" style=\"--columns-gap:3rem;\"><div class=\"wpb_column vc_column_container us_custom_1360a273 has_bg_color\"><div class=\"vc_column-inner\"><div class=\"w-iconbox iconpos_top style_default color_primary align_left\"><div class=\"w-iconbox-icon\" style=\"font-size:2.8rem;\"><\/div><div class=\"w-iconbox-meta\"><h3 class=\"w-iconbox-title\">La transformaci\u00f3n de los creyentes<\/h3><div class=\"w-iconbox-text\"><p>Como seguidores de Cristo, somos <strong>llamados a una vida de crecimiento y santificaci\u00f3n continuos<\/strong>. A trav\u00e9s del poder de la <strong>Esp\u00edritu Santo<\/strong>Dios trabaja continuamente en nosotros para <strong>renovar nuestra mente, moldear nuestro car\u00e1cter y parecernos m\u00e1s a Jes\u00fas<\/strong>. La transformaci\u00f3n no es un acontecimiento aislado, sino un proceso continuo. <strong>un viaje de toda la vida para llegar a ser santo, apartado para los prop\u00f3sitos de Dios<\/strong>.<\/p>\n<ul>\n<li><strong>Una mente y una vida renovadas<\/strong> - Estamos llamados a <strong>ofrecernos plenamente a Dios<\/strong>Permitiendo que \u00c9l transforme nuestros pensamientos, deseos y acciones. (<strong>Romanos 12:1-2<\/strong>)<\/li>\n<li><strong>La obra continua de Dios en nosotros<\/strong> - Nuestra santificaci\u00f3n es <strong>un proceso<\/strong>y Dios promete <strong>completar la buena obra que \u00c9l ha comenzado en nosotros<\/strong>. (<strong>Filipenses 1:6<\/strong>)<\/li>\n<li><strong>Ser como Cristo<\/strong> - Por el Esp\u00edritu Santo, somos <strong>conformado a la imagen de Jes\u00fas<\/strong>reflejando Su amor, gracia y santidad. (<strong>2 Corintios 3:18<\/strong>)<\/li>\n<\/ul>\n<p><em>\"No os conform\u00e9is a los designios de este mundo, sino transformaos por medio de la renovaci\u00f3n de vuestro entendimiento. Entonces podr\u00e9is probar y aprobar cu\u00e1l es la voluntad de Dios: Su voluntad buena, agradable y perfecta.\"<\/em> - Romanos 12:2<\/p>\n<p><em>\"Confiando en esto, que el que comenz\u00f3 en vosotros la buena obra, la perfeccionar\u00e1 hasta el d\u00eda de Cristo Jes\u00fas\". <\/em>- Filipenses 1:6<\/p>\n<p><em>\"Y todos nosotros, que con el rostro descubierto contemplamos la gloria del Se\u00f1or, nos vamos transformando a su imagen con creciente gloria, la cual procede del Se\u00f1or, que es el Esp\u00edritu\". <\/em>- 2 Corintios 3:18<\/p>\n<p>A trav\u00e9s de <strong>oraci\u00f3n, obediencia y confianza en el Esp\u00edritu Santo<\/strong>los creyentes son <strong>continuamente transformado<\/strong>Creciendo en la fe, la santidad y el amor a Cristo.<\/p>\n<p>\u00bfLe gustar\u00eda hacer hincapi\u00e9 en las formas pr\u00e1cticas en que los creyentes pueden buscar la santificaci\u00f3n, como las disciplinas espirituales o el discipulado?<\/p>\n<p><span>\u00a0<\/span><\/p>\n<\/div><\/div><\/div><\/div><\/div><div class=\"wpb_column vc_column_container us_custom_1360a273 has_bg_color\"><div class=\"vc_column-inner\"><div class=\"w-iconbox iconpos_top style_default color_primary align_left\"><div class=\"w-iconbox-icon\" style=\"font-size:2.8rem;\"><\/div><div class=\"w-iconbox-meta\"><h3 class=\"w-iconbox-title\">La esperanza de la vida eterna<\/h3><div class=\"w-iconbox-text\"><p>Creemos en la <strong>bendita esperanza<\/strong> de la <strong>regreso de Jesucristo<\/strong> y el cumplimiento de la promesa de Dios de <strong>vida eterna<\/strong>. Como creyentes, esperamos el d\u00eda en que Cristo regrese, trayendo <strong>victoria final sobre el pecado y la muerte<\/strong>y establecer <strong>un cielo nuevo y una tierra nueva<\/strong>donde moraremos con \u00c9l para siempre.<\/p>\n<ul>\n<li><strong>El retorno de Cristo<\/strong> - Jes\u00fas vendr\u00e1 de nuevo para <strong>reunir\u00e1 a Su pueblo, juzgar\u00e1 al mundo y establecer\u00e1 Su reino eterno<\/strong>. (<strong>1 Tesalonicenses 4:13-18<\/strong>)<\/li>\n<li><strong>Un cielo nuevo y una tierra nueva<\/strong> - Dios <strong>renueva todas las cosas<\/strong>y no habr\u00e1 m\u00e1s sufrimiento, dolor ni muerte. (<strong>Apocalipsis 21:1-5<\/strong>)<\/li>\n<li><strong>La vida eterna con Dios<\/strong> - Los que conf\u00edan en Cristo vivir\u00e1n en su presencia para siempre, experimentando <strong>perfecta alegr\u00eda, paz y rectitud<\/strong>. (<strong>Juan 14:2-3<\/strong>)<\/li>\n<\/ul>\n<p><em>\"Porque el Se\u00f1or mismo descender\u00e1 del cielo con gran voz de mando, con voz de arc\u00e1ngel y con trompeta de Dios, y los muertos en Cristo resucitar\u00e1n primero. Despu\u00e9s, nosotros, los que a\u00fan estemos vivos y hayamos quedado, seremos arrebatados juntamente con ellos en las nubes para recibir al Se\u00f1or en el aire. Y as\u00ed estaremos con el Se\u00f1or para siempre\".<\/em> - 1 Tesalonicenses 4:16-17<\/p>\n<p><em>\"Entonces vi un cielo nuevo y una tierra nueva, porque el primer cielo y la primera tierra hab\u00edan desaparecido... Enjugar\u00e1 toda l\u00e1grima de sus ojos. Ya no habr\u00e1 muerte, ni luto, ni llanto, ni dolor, porque el antiguo orden de cosas ha pasado.\" <\/em>- Apocalipsis 21:1, 4<\/p>\n<p>Este <strong>esperanza gloriosa<\/strong> nos da <strong>fuerza, perseverancia y alegr\u00eda<\/strong>sabiendo que <strong>nuestro futuro est\u00e1 asegurado en Cristo<\/strong>.<\/p>\n<p>\u00bfLe gustar\u00eda ampliar la <strong>recompensas de la vida eterna, la resurrecci\u00f3n de los creyentes o vivir a la luz del regreso de Cristo.<\/strong>?<\/p>\n<p><span>\u00a0<\/span><\/p>\n<\/div><\/div><\/div><\/div><\/div><div class=\"wpb_column vc_column_container us_custom_1360a273 has_bg_color\"><div class=\"vc_column-inner\"><div class=\"w-iconbox iconpos_top style_default color_primary align_left\"><div class=\"w-iconbox-icon\" style=\"font-size:2.8rem;\"><\/div><div class=\"w-iconbox-meta\"><h3 class=\"w-iconbox-title\">El valor de la familia y el matrimonio<\/h3><div class=\"w-iconbox-text\"><p>Creemos que <strong>Dios estableci\u00f3 la familia como instituci\u00f3n fundacional de la sociedad<\/strong>...dise\u00f1ado para reflejar Su amor y prop\u00f3sito. <strong>El matrimonio es un pacto sagrado<\/strong> entre un hombre y una mujer, ordenada por Dios como piedra angular de una familia sana y testimonio vivo del amor de Cristo a su Iglesia.<\/p>\n<ul>\n<li><strong>El dise\u00f1o de Dios para la familia<\/strong> - La familia est\u00e1 arraigada en el orden divino de Dios, donde se alimenta la fe y se da a conocer Su amor a trav\u00e9s de las generaciones. (<strong>Efesios 3:14-15<\/strong>)<\/li>\n<li><strong>El matrimonio como pacto sagrado<\/strong> - El matrimonio es una uni\u00f3n para toda la vida, ordenada por Dios, entre <strong>un hombre y una mujer<\/strong>La Iglesia, establecida para el compa\u00f1erismo, el amor y la crianza de hijos piadosos. (<strong>G\u00e9nesis 2:24, Mateo 19:4-6<\/strong>)<\/li>\n<li><strong>Un reflejo de Cristo y de la Iglesia<\/strong> - El matrimonio simboliza <strong>El amor desinteresado de Cristo por su Iglesia<\/strong>Llamando a esposos y esposas al amor mutuo, al honor y al compromiso. (<strong>Efesios 5:22-25<\/strong>)<\/li>\n<\/ul>\n<p><em>\"Por eso dejar\u00e1 el hombre a su padre y a su madre y se unir\u00e1 a su mujer, y los dos ser\u00e1n una sola carne\". <\/em>- G\u00e9nesis 2:24<\/p>\n<p><em>\"\u00bfNo has le\u00eddo -replic\u00f3- que al principio el Creador 'los hizo var\u00f3n y mujer', y dijo: 'Por eso dejar\u00e1 el hombre a su padre y a su madre y se unir\u00e1 a su mujer, y los dos se har\u00e1n una sola carne'? As\u00ed que ya no son dos, sino una sola carne. Por tanto, lo que Dios ha unido, que no lo separe nadie\". <\/em>- Mateo 19:4-6<\/p>\n<p>A <strong>Familia centrada en Cristo<\/strong> es un lugar de amor, discipulado y fidelidad, donde los ni\u00f1os son educados en los caminos del Se\u00f1or y las generaciones son fortalecidas en Su verdad.<\/p>\n<p>\u00bfLe gustar\u00eda ampliar <strong>paternidad, el papel de la familia en el discipulado o las responsabilidades b\u00edblicas en el matrimonio.<\/strong>?<\/p>\n<p><span>\u00a0<\/span><\/p>\n<\/div><\/div><\/div><\/div><\/div><div class=\"wpb_column vc_column_container us_custom_1360a273 has_bg_color\"><div class=\"vc_column-inner\"><div class=\"w-iconbox iconpos_top style_default color_primary align_left\"><div class=\"w-iconbox-icon\" style=\"font-size:2.8rem;\"><\/div><div class=\"w-iconbox-meta\"><h3 class=\"w-iconbox-title\">el poder redentor de jes\u00fas<\/h3><div class=\"w-iconbox-text\"><p>Creemos que <strong>Jesucristo es el Redentor<\/strong>y a trav\u00e9s de <strong>Su sangre, recibimos el perd\u00f3n, la libertad y una nueva vida<\/strong>. Su sacrificio en la cruz pag\u00f3 el precio de nuestros pecados, restaur\u00e1ndonos a una relaci\u00f3n correcta con Dios y concedi\u00e9ndonos la esperanza de la vida eterna.<\/p>\n<ul>\n<li><strong>Redenci\u00f3n por su sangre<\/strong> - El sacrificio de Jes\u00fas nos limpia del pecado y nos introduce en la gracia de Dios. (<strong>Efesios 1:7<\/strong>)<\/li>\n<li><strong>Liberarse del poder del pecado<\/strong> - Por Cristo, ya no somos esclavos del pecado, sino que caminamos en la <strong>la novedad de la vida<\/strong>. (<strong>Romanos 6:6-7<\/strong>)<\/li>\n<li><strong>Restauraci\u00f3n de la relaci\u00f3n con Dios<\/strong> - Su obra redentora nos reconcilia con el Padre, haci\u00e9ndonos sus hijos amados. (<strong>Colosenses 1:13-14<\/strong>)<\/li>\n<\/ul>\n<p><strong>\"<\/strong><em>En \u00c9l tenemos redenci\u00f3n por su sangre, el perd\u00f3n de los pecados, conforme a las riquezas de la gracia de Dios.\"<\/em> - Efesios 1:7<\/p>\n<p><em>\"Porque nos ha rescatado del dominio de las tinieblas y nos ha introducido en el reino del Hijo que ama, en quien tenemos redenci\u00f3n, el perd\u00f3n de los pecados\".<\/em> - Colosenses 1:13-14<\/p>\n<p>A trav\u00e9s de <strong>fe en Jesucristo<\/strong>experimentamos <strong>la redenci\u00f3n completa, el poder de la gracia y la esperanza de la gloria eterna<\/strong>.<\/p>\n<p>\u00bfDesea incluir m\u00e1s informaci\u00f3n sobre <strong>vivir en la redenci\u00f3n, el papel de la gracia o la victoria que tenemos en Cristo<\/strong>?<\/p>\n<p><span>\u00a0<\/span><\/p>\n<\/div><\/div><\/div><\/div><\/div><\/div><\/div><\/div><\/div><\/div><\/section><section class=\"l-section wpb_row height_auto\"><div class=\"l-section-h i-cf\"><div class=\"g-cols vc_row via_grid cols_1-2 laptops-cols_inherit tablets-cols_inherit mobiles-cols_1 valign_middle type_default stacking_default\"><div class=\"wpb_column vc_column_container us_custom_7d871805 has_bg_color\"><div class=\"vc_column-inner\"><div class=\"w-iconbox us_custom_9ad16fb4 has_text_color iconpos_top style_default color_contrast align_left\"><div class=\"w-iconbox-icon\" style=\"font-size:3.8rem;\"><\/div><div class=\"w-iconbox-meta\"><h4 class=\"w-iconbox-title\">VMTC Ministros de Oraci\u00f3n: Formaci\u00f3n, acreditaci\u00f3n y servicio<\/h4><div class=\"w-iconbox-text\"><p>Todos <strong>Ministros de oraci\u00f3n del VMTC<\/strong> son <strong>formados y acreditados<\/strong> por el <strong>Junta australiana de VMTC<\/strong> y debe someterse a <strong>reacreditaci\u00f3n bienal<\/strong> para garantizar que sigan ejerciendo eficazmente su ministerio bajo la gu\u00eda del Esp\u00edritu Santo.<\/p>\n<ul>\n<li><strong>Formaci\u00f3n y acreditaci\u00f3n rigurosas<\/strong> - Los ministros de oraci\u00f3n reciben una formaci\u00f3n y tutor\u00eda exhaustivas para mantener los est\u00e1ndares de VMTC de <strong>integridad b\u00edblica, excelencia en el ministerio de la oraci\u00f3n y discernimiento espiritual<\/strong>.<\/li>\n<li><strong>Desarrollo continuo<\/strong> - Cada dos a\u00f1os, los ministros reciben una nueva acreditaci\u00f3n para mantener su <strong>preparaci\u00f3n espiritual, pr\u00e1cticas \u00e9ticas y eficacia<\/strong> en la direcci\u00f3n del ministerio de la oraci\u00f3n.<\/li>\n<li><strong>Completamente voluntario<\/strong> - El ministerio de oraci\u00f3n de VMTC es <strong>ofrecido gratuitamente<\/strong>. Todos los ministros de la oraci\u00f3n <strong>servir voluntariamente<\/strong>En los \u00faltimos a\u00f1os, las organizaciones de la sociedad civil de todo el mundo han dedicado su tiempo y sus esfuerzos a la b\u00fasqueda de la sanaci\u00f3n y la libertad, ofreciendo libremente su tiempo como un acto de obediencia y amor a Cristo.<\/li>\n<\/ul>\n<p><em>\"Gratis hab\u00e9is recibido; dad gratis\".<\/em> - Mateo 10:8<\/p>\n<\/div><\/div><\/div><\/div><\/div><div class=\"wpb_column vc_column_container us_custom_a120d893\"><div class=\"vc_column-inner\"><div class=\"g-cols wpb_row via_grid cols_3 laptops-cols_inherit tablets-cols_inherit mobiles-cols_1 valign_top type_default stacking_default\" style=\"--columns-gap:3rem;\"><div class=\"wpb_column vc_column_container us_custom_695d6eff\"><div class=\"vc_column-inner\"><div class=\"w-image us_custom_9763d61b align_none\"><div class=\"w-image-h\"><img decoding=\"async\" width=\"683\" height=\"1024\" src=\"https:\/\/www.vmtc.net\/wp-content\/uploads\/2025\/01\/VMTC2024-54-683x1024.jpg\" class=\"attachment-large size-large\" alt=\"VMTC Ministerio Victorioso a Trav\u00e9s de Cristo, escuela de oraci\u00f3n, ministros ordenados, fundamento b\u00edblico, Esp\u00edritu Santo, poder sanador de Jesucristo\" loading=\"lazy\" srcset=\"https:\/\/www.vmtc.net\/wp-content\/uploads\/2025\/01\/VMTC2024-54-683x1024.jpg 683w, https:\/\/www.vmtc.net\/wp-content\/uploads\/2025\/01\/VMTC2024-54-200x300.jpg 200w, https:\/\/www.vmtc.net\/wp-content\/uploads\/2025\/01\/VMTC2024-54-600x900.jpg 600w, https:\/\/www.vmtc.net\/wp-content\/uploads\/2025\/01\/VMTC2024-54-scaled.jpg 1707w\" sizes=\"auto, (max-width: 683px) 100vw, 683px\" \/><\/div><\/div><div class=\"w-separator size_small\"><\/div><h5 class=\"w-text us_custom_eb849559\"><span class=\"w-text-h\"><span class=\"w-text-value\">Bill Westlund<\/span><\/span><\/h5><div class=\"w-text us_custom_819600a9 has_text_color\"><span class=\"w-text-h\"><span class=\"w-text-value\">Pastor<\/span><\/span><\/div><div class=\"wpb_text_column us_custom_eb849559\"><div class=\"wpb_wrapper\"><p>Presidente de VMTC USA de 1998 a 2024<\/p>\n<p>Actual Vicepresidente mundial de VMTC<\/p>\n<\/div><\/div><\/div><\/div><div class=\"wpb_column vc_column_container us_custom_695d6eff\"><div class=\"vc_column-inner\"><div class=\"w-image us_custom_9763d61b align_none\"><div class=\"w-image-h\"><img decoding=\"async\" width=\"683\" height=\"1024\" src=\"https:\/\/www.vmtc.net\/wp-content\/uploads\/2025\/01\/VMTC2024-52-683x1024.jpg\" class=\"attachment-large size-large\" alt=\"Thomas Schrock fue Vicepresidente de VMTC\" loading=\"lazy\" srcset=\"https:\/\/www.vmtc.net\/wp-content\/uploads\/2025\/01\/VMTC2024-52-683x1024.jpg 683w, https:\/\/www.vmtc.net\/wp-content\/uploads\/2025\/01\/VMTC2024-52-200x300.jpg 200w, https:\/\/www.vmtc.net\/wp-content\/uploads\/2025\/01\/VMTC2024-52-600x900.jpg 600w, https:\/\/www.vmtc.net\/wp-content\/uploads\/2025\/01\/VMTC2024-52-scaled.jpg 1707w\" sizes=\"auto, (max-width: 683px) 100vw, 683px\" \/><\/div><\/div><div class=\"w-separator size_small\"><\/div><h5 class=\"w-text us_custom_eb849559\"><span class=\"w-text-h\"><span class=\"w-text-value\">Thomas Schrock<\/span><\/span><\/h5><div class=\"w-text us_custom_819600a9 has_text_color\"><span class=\"w-text-h\"><span class=\"w-text-value\">Pastor<\/span><\/span><\/div><div class=\"wpb_text_column us_custom_eb849559\"><div class=\"wpb_wrapper\"><p>Form\u00f3 parte de la Junta de VMTC durante 20 a\u00f1os y actualmente forma a los futuros ministros del ministerio preservando su legado.<\/p>\n<\/div><\/div><\/div><\/div><div class=\"wpb_column vc_column_container\"><div class=\"vc_column-inner\"><div class=\"w-image us_custom_9763d61b align_none\"><div class=\"w-image-h\"><img decoding=\"async\" width=\"683\" height=\"1024\" src=\"https:\/\/www.vmtc.net\/wp-content\/uploads\/2025\/01\/VMTC2024-50-683x1024.jpg\" class=\"attachment-large size-large\" alt=\"Gris Waters, Ministra de Oraci\u00f3n del VMTC\" loading=\"lazy\" srcset=\"https:\/\/www.vmtc.net\/wp-content\/uploads\/2025\/01\/VMTC2024-50-683x1024.jpg 683w, https:\/\/www.vmtc.net\/wp-content\/uploads\/2025\/01\/VMTC2024-50-200x300.jpg 200w, https:\/\/www.vmtc.net\/wp-content\/uploads\/2025\/01\/VMTC2024-50-600x900.jpg 600w, https:\/\/www.vmtc.net\/wp-content\/uploads\/2025\/01\/VMTC2024-50-scaled.jpg 1707w\" sizes=\"auto, (max-width: 683px) 100vw, 683px\" \/><\/div><\/div><div class=\"w-separator size_small\"><\/div><h5 class=\"w-text us_custom_eb849559\"><span class=\"w-text-h\"><span class=\"w-text-value\">Aguas grises<\/span><\/span><\/h5><div class=\"w-text us_custom_819600a9 has_text_color\"><span class=\"w-text-h\"><span class=\"w-text-value\">Pastor<\/span><\/span><\/div><div class=\"wpb_text_column us_custom_eb849559\"><div class=\"wpb_wrapper\"><p>M\u00e1s de 25 a\u00f1os sirviendo como ministro de oraci\u00f3n de VMTC <\/p>\n<\/div><\/div><\/div><\/div><\/div><\/div><\/div><\/div><\/div><\/section><section class=\"l-section wpb_row us_custom_3e1eb913 height_auto\"><div class=\"l-section-h i-cf\"><div class=\"g-cols vc_row via_grid cols_1 laptops-cols_inherit tablets-cols_inherit mobiles-cols_1 valign_middle type_default reversed stacking_default\"><div class=\"wpb_column vc_column_container\"><div class=\"vc_column-inner\"><div class=\"g-cols wpb_row us_custom_f8d90600 via_grid cols_2 laptops-cols_inherit tablets-cols_inherit mobiles-cols_1 valign_middle type_default reversed stacking_default\" style=\"--columns-gap:0rem;\"><div class=\"wpb_column vc_column_container us_custom_0e1fc3dd has_bg_color\"><div class=\"vc_column-inner\"><h4 class=\"w-text us_custom_6745946f has_text_color\"><span class=\"w-text-h\"><span class=\"w-text-value\">ESTAMOS EN CONTACTO<\/span><\/span><\/h4><h2 class=\"w-text\"><span class=\"w-text-h\"><span class=\"w-text-value\">\u00bfTiene alguna pregunta?<\/span><\/span><\/h2><div class=\"wpb_text_column us_custom_59aee68e\"><div class=\"wpb_wrapper\"><p class=\"zfr3Q CDt4Ke\" dir=\"ltr\"><span class=\"gBYvFf C9DxTc\"><span>Aprenda\u00a0<\/span><strong>habilidades para el ministerio de la oraci\u00f3n<\/strong><span>\u00a0que son\u00a0<\/span><strong>b\u00edblico, disciplinado y guiado por el Esp\u00edritu Santo<\/strong><span>, aplicando\u00a0<\/span><strong>Las promesas de curaci\u00f3n y libertad de Jes\u00fas<\/strong><span>\u00a0a los que sufren. A trav\u00e9s de\u00a0<\/span><strong>formaci\u00f3n pr\u00e1ctica, de persona a persona<\/strong><span>ser\u00e1 testigo de la\u00a0<\/span><strong>el poder transformador de Cristo<\/strong><span>equip\u00e1ndote para ayudar a los dem\u00e1s\u00a0<\/span><strong>lib\u00e9rate y camina hacia la victoria<\/strong><span>.<\/span><\/span><\/p>\n<p class=\"zfr3Q CDt4Ke\" dir=\"ltr\"><span class=\"gBYvFf C9DxTc\">\u00a0<\/span><\/p>\n<\/div><\/div><div class=\"w-separator size_custom\" style=\"height:40px\"><\/div><div class=\"w-btn-wrapper align_none\"><a class=\"w-btn us-btn-style_2\" href=\"\/es\/about\/\"><span class=\"w-btn-label\">M\u00e1s informaci\u00f3n<\/span><\/a><\/div><\/div><\/div><div class=\"wpb_column vc_column_container us_custom_1e4d41cf has_bg_color\"><div class=\"vc_column-inner\"><\/div><\/div><\/div><\/div><\/div><\/div><\/div><\/section>","protected":false},"excerpt":{"rendered":"","protected":false},"author":1,"featured_media":0,"parent":0,"menu_order":0,"comment_status":"closed","ping_status":"closed","template":"","meta":{"om_disable_all_campaigns":false,"_monsterinsights_skip_tracking":false,"_monsterinsights_sitenote_active":false,"_monsterinsights_sitenote_note":"","_monsterinsights_sitenote_category":0,"footnotes":""},"class_list":["post-2163","page","type-page","status-publish","hentry"],"aioseo_notices":[],"_links":{"self":[{"href":"https:\/\/www.vmtc.net\/es\/wp-json\/wp\/v2\/pages\/2163","targetHints":{"allow":["GET"]}}],"collection":[{"href":"https:\/\/www.vmtc.net\/es\/wp-json\/wp\/v2\/pages"}],"about":[{"href":"https:\/\/www.vmtc.net\/es\/wp-json\/wp\/v2\/types\/page"}],"author":[{"embeddable":true,"href":"https:\/\/www.vmtc.net\/es\/wp-json\/wp\/v2\/users\/1"}],"replies":[{"embeddable":true,"href":"https:\/\/www.vmtc.net\/es\/wp-json\/wp\/v2\/comments?post=2163"}],"version-history":[{"count":0,"href":"https:\/\/www.vmtc.net\/es\/wp-json\/wp\/v2\/pages\/2163\/revisions"}],"wp:attachment":[{"href":"https:\/\/www.vmtc.net\/es\/wp-json\/wp\/v2\/media?parent=2163"}],"curies":[{"name":"wp","href":"https:\/\/api.w.org\/{rel}","templated":true}]}}