{"id":1672,"date":"2024-08-17T21:50:19","date_gmt":"2024-08-17T21:50:19","guid":{"rendered":"https:\/\/vmtc.us\/?page_id=1672"},"modified":"2025-04-13T20:40:59","modified_gmt":"2025-04-13T20:40:59","slug":"oracion_y_libertad","status":"publish","type":"page","link":"https:\/\/www.vmtc.net\/es\/prayer_and_freedom\/","title":{"rendered":"Oraci\u00f3n"},"content":{"rendered":"<section class=\"l-section wpb_row height_custom color_primary with_img\"><div class=\"l-section-img\" role=\"img\" aria-label=\"VMTC Ministerio Victorioso a trav\u00e9s de Cristo\" data-img-width=\"2560\" data-img-height=\"1707\" style=\"background-image: url(https:\/\/www.vmtc.net\/wp-content\/uploads\/2025\/04\/friends-huddling-in-art-class-2025-04-05-02-54-48-utc-1-1-scaled.jpg);background-position: top center;\"><\/div><div class=\"l-section-overlay\" style=\"background:rgba(26,26,26,0.25)\"><\/div><div class=\"l-section-h i-cf\"><div class=\"g-cols vc_row via_grid cols_1 laptops-cols_inherit tablets-cols_inherit mobiles-cols_1 valign_top type_default stacking_default\"><div class=\"wpb_column vc_column_container us_custom_a2aeb65f\"><div class=\"vc_column-inner\"><div class=\"w-separator size_medium\"><\/div><h2 class=\"w-text us_custom_eb849559\"><span class=\"w-text-h\"><span class=\"w-text-value\">Recursos para la oraci\u00f3n<\/span><\/span><\/h2><\/div><\/div><\/div><\/div><\/section><section class=\"l-section wpb_row height_custom\"><div class=\"l-section-h i-cf\"><div class=\"g-cols vc_row via_grid cols_2 laptops-cols_inherit tablets-cols_1 mobiles-cols_1 valign_middle type_default reversed stacking_default\" style=\"--columns-gap:0rem;\"><div class=\"wpb_column vc_column_container us_custom_8a2a463d\"><div class=\"vc_column-inner\"><div class=\"wpb_text_column us_custom_3fdaf282\"><div class=\"wpb_wrapper\"><h3 style=\"text-align: center;\"><strong>El poder de la oraci\u00f3n en Ministerio Victorioso a trav\u00e9s de Cristo<\/strong><\/h3>\n<p>La oraci\u00f3n es nuestra conexi\u00f3n directa con Dios: un momento para escuchar, hablar, buscar sabidur\u00eda y recibir curaci\u00f3n. Es a trav\u00e9s de la oraci\u00f3n como clamamos en nombre de los dem\u00e1s y experimentamos el consuelo de saber que Dios escucha y responde.<\/p>\n<p>En VMTC, creemos en el poder de la oraci\u00f3n y ofrecemos m\u00faltiples oportunidades para que usted pueda recibir el ministerio personal o interceder por los dem\u00e1s:<\/p>\n<ul>\n<li>Ministerio de Oraci\u00f3n Despu\u00e9s del Servicio - Despu\u00e9s de cada servicio de fin de semana de Lighthouse Redding, nuestro equipo de oraci\u00f3n est\u00e1 disponible en los escalones delanteros para orar con usted.<\/li>\n<li>Citas semanales de oraci\u00f3n - Programe un tiempo de oraci\u00f3n dedicado con ministros capacitados para recibir aliento personal, avance y sanaci\u00f3n.<\/li>\n<li>Reuniones de Oraci\u00f3n Corporativa - \u00danase a tiempos prolongados de intercesi\u00f3n corporativa y oraci\u00f3n de guerra espiritual a lo largo del a\u00f1o.<\/li>\n<li>Ministerio de Oraci\u00f3n en Eventos - Despu\u00e9s de cada evento programado de Lighthouse Redding, nuestro equipo est\u00e1 disponible en la parte delantera de la sala para cualquier persona que necesite oraci\u00f3n.<\/li>\n<li>Citas de \"Sesi\u00f3n de Oraci\u00f3n\" - Experimente una sesi\u00f3n de oraci\u00f3n personal en profundidad, de una hora de duraci\u00f3n, dirigida por un peque\u00f1o equipo de ministros capacitados, centrada en la sanaci\u00f3n profunda y la renovaci\u00f3n espiritual.<\/li>\n<\/ul>\n<p>\"La oraci\u00f3n del justo es poderosa y eficaz\". - Santiago 5:16<\/p>\n<p>Ya sea que necesites un avance, sanaci\u00f3n o aliento, te invitamos a entrar en el poder de la oraci\u00f3n y experimentar la presencia de Dios de una manera nueva.<\/p>\n<\/div><\/div><\/div><\/div><div class=\"wpb_column vc_column_container\"><div class=\"vc_column-inner\"><div class=\"w-image us_custom_447bff20 align_none\"><div class=\"w-image-h\"><img decoding=\"async\" width=\"1707\" height=\"2560\" src=\"https:\/\/www.vmtc.net\/wp-content\/uploads\/2025\/02\/daiga-ellaby-xZhdKYZkO3w-unsplash-scaled.jpg\" class=\"attachment-full size-full\" alt=\"equipos de oraci\u00f3n petici\u00f3n de oraci\u00f3n en l\u00ednea\" loading=\"lazy\" srcset=\"https:\/\/www.vmtc.net\/wp-content\/uploads\/2025\/02\/daiga-ellaby-xZhdKYZkO3w-unsplash-scaled.jpg 1707w, https:\/\/www.vmtc.net\/wp-content\/uploads\/2025\/02\/daiga-ellaby-xZhdKYZkO3w-unsplash-200x300.jpg 200w, https:\/\/www.vmtc.net\/wp-content\/uploads\/2025\/02\/daiga-ellaby-xZhdKYZkO3w-unsplash-683x1024.jpg 683w, https:\/\/www.vmtc.net\/wp-content\/uploads\/2025\/02\/daiga-ellaby-xZhdKYZkO3w-unsplash-600x900.jpg 600w\" sizes=\"auto, (max-width: 1707px) 100vw, 1707px\" \/><\/div><\/div><\/div><\/div><\/div><\/div><\/section><section class=\"l-section wpb_row height_custom\"><div class=\"l-section-h i-cf\"><div class=\"g-cols vc_row via_grid cols_1 laptops-cols_inherit tablets-cols_2 mobiles-cols_1 valign_top type_default stacking_default\" style=\"--columns-gap:30px;\"><div class=\"wpb_column vc_column_container\"><div class=\"vc_column-inner\"><div class=\"wpb_text_column\"><div class=\"wpb_wrapper\"><h2 class=\"fl-heading\" style=\"text-align: center;\"><span class=\"fl-heading-text\">\u00a0Oportunidades del Ministerio de Oraci\u00f3n<\/span><\/h2>\n<\/div><\/div><div class=\"w-separator size_large\"><\/div><div class=\"g-cols wpb_row via_grid cols_3 laptops-cols_inherit tablets-cols_inherit mobiles-cols_1 valign_top type_default stacking_default\" style=\"--columns-gap:2rem;\"><div class=\"wpb_column vc_column_container us_custom_cd895498\"><div class=\"vc_column-inner\"><div class=\"w-text us_custom_f81a1754 has_text_color\"><span class=\"w-text-h\"><span class=\"w-text-value\">Conseguir la oraci\u00f3n<\/span><\/span><\/div><div class=\"wpb_text_column\"><div class=\"wpb_wrapper\"><h3>Sala de oraci\u00f3n<\/h3>\n<p><span>Individuos y equipos est\u00e1n disponibles para orar por ti y por las necesidades de tu vida.<\/span><\/p>\n<\/div><\/div><div class=\"w-separator size_small\"><\/div><div class=\"w-btn-wrapper align_none\"><a class=\"w-btn us-btn-style_1\" href=\"\/es\/formulario-de-solicitud-de-sesion-de-oracion-fecha\/\"><span class=\"w-btn-label\">Petici\u00f3n de oraci\u00f3n<\/span><\/a><\/div><\/div><\/div><div class=\"wpb_column vc_column_container us_custom_cd895498\"><div class=\"vc_column-inner\"><div class=\"w-text us_custom_f81a1754 has_text_color\"><span class=\"w-text-h\"><span class=\"w-text-value\"> Intercesi\u00f3n<\/span><\/span><\/div><div class=\"wpb_text_column\"><div class=\"wpb_wrapper\"><h3>Equipos de oraci\u00f3n<\/h3>\n<p><span>Comparte con nosotros cualquier necesidad, y el equipo de oraci\u00f3n te cubrir\u00e1 a lo largo de la semana.<\/span><\/p>\n<\/div><\/div><div class=\"w-separator size_small\"><\/div><div class=\"w-btn-wrapper align_none\"><a class=\"w-btn us-btn-style_1\" href=\"\/es\/prayer-request-form\/\"><span class=\"w-btn-label\">Petici\u00f3n de oraci\u00f3n<\/span><\/a><\/div><\/div><\/div><div class=\"wpb_column vc_column_container us_custom_cd895498\"><div class=\"vc_column-inner\"><div class=\"w-text us_custom_f81a1754 has_text_color\"><span class=\"w-text-h\"><span class=\"w-text-value\">Lib\u00e9rese<\/span><\/span><\/div><div class=\"wpb_text_column\"><div class=\"wpb_wrapper\"><h3 class=\"fl-heading\">Sesi\u00f3n de oraci\u00f3n<\/h3>\n<p><span>Encuentra la libertad de la opresi\u00f3n espiritual persistente en tu vida.<\/span><\/p>\n<\/div><\/div><div class=\"w-separator size_small\"><\/div><div class=\"w-btn-wrapper align_none\"><a class=\"w-btn us-btn-style_1\" href=\"\/es\/deliverance_intake_form\/\"><span class=\"w-btn-label\">Solicitar una sesi\u00f3n<\/span><\/a><\/div><\/div><\/div><\/div><\/div><\/div><\/div><\/div><\/section><section class=\"l-section wpb_row us_custom_1a4ccfc7 height_auto\"><div class=\"l-section-h i-cf\"><div class=\"g-cols vc_row via_grid cols_1 laptops-cols_inherit tablets-cols_inherit mobiles-cols_1 valign_middle type_default reversed stacking_default\"><div class=\"wpb_column vc_column_container\"><div class=\"vc_column-inner\"><div class=\"g-cols wpb_row us_custom_f8d90600 via_grid cols_2 laptops-cols_inherit tablets-cols_inherit mobiles-cols_1 valign_middle type_default reversed stacking_default\" style=\"--columns-gap:0rem;\"><div class=\"wpb_column vc_column_container us_custom_0e1fc3dd has_bg_color\"><div class=\"vc_column-inner\"><h4 class=\"w-text us_custom_6745946f has_text_color\"><span class=\"w-text-h\"><span class=\"w-text-value\">Convi\u00e9rtase en un Ministro de Oraci\u00f3n Victorioso a trav\u00e9s de Cristo<\/span><\/span><\/h4><h2 class=\"w-text\"><span class=\"w-text-h\"><span class=\"w-text-value\">Escuela de oraci\u00f3n<\/span><\/span><\/h2><div class=\"wpb_text_column us_custom_59aee68e\"><div class=\"wpb_wrapper\"><p><span>Aprenda\u00a0<\/span><strong>habilidades para el ministerio de la oraci\u00f3n<\/strong><span>\u00a0que son\u00a0<\/span><strong>b\u00edblico, disciplinado y guiado por el Esp\u00edritu Santo<\/strong><span>, aplicando\u00a0<\/span><strong>Las promesas de curaci\u00f3n y libertad de Jes\u00fas<\/strong><span>\u00a0a los que sufren. A trav\u00e9s de\u00a0<\/span><strong>formaci\u00f3n pr\u00e1ctica, de persona a persona<\/strong><span>ser\u00e1 testigo de la\u00a0<\/span><strong>el poder transformador de Cristo<\/strong><span>equip\u00e1ndote para ayudar a los dem\u00e1s\u00a0<\/span><strong>lib\u00e9rate y camina hacia la victoria<\/strong><span>.<\/span><\/p>\n<\/div><\/div><div class=\"w-separator size_custom\" style=\"height:40px\"><\/div><div class=\"w-btn-wrapper align_none\"><a class=\"w-btn us-btn-style_2\" href=\"\/es\/formulario-de-contacto-general\/\"><span class=\"w-btn-label\">Contacte con nosotros<\/span><\/a><\/div><\/div><\/div><div class=\"wpb_column vc_column_container us_custom_a13b5385 has_bg_color\"><div class=\"vc_column-inner\"><\/div><\/div><\/div><\/div><\/div><\/div><\/div><\/section>","protected":false},"excerpt":{"rendered":"","protected":false},"author":1,"featured_media":0,"parent":0,"menu_order":0,"comment_status":"closed","ping_status":"closed","template":"","meta":{"om_disable_all_campaigns":false,"_monsterinsights_skip_tracking":false,"_monsterinsights_sitenote_active":false,"_monsterinsights_sitenote_note":"","_monsterinsights_sitenote_category":0,"footnotes":""},"class_list":["post-1672","page","type-page","status-publish","hentry"],"aioseo_notices":[],"_links":{"self":[{"href":"https:\/\/www.vmtc.net\/es\/wp-json\/wp\/v2\/pages\/1672","targetHints":{"allow":["GET"]}}],"collection":[{"href":"https:\/\/www.vmtc.net\/es\/wp-json\/wp\/v2\/pages"}],"about":[{"href":"https:\/\/www.vmtc.net\/es\/wp-json\/wp\/v2\/types\/page"}],"author":[{"embeddable":true,"href":"https:\/\/www.vmtc.net\/es\/wp-json\/wp\/v2\/users\/1"}],"replies":[{"embeddable":true,"href":"https:\/\/www.vmtc.net\/es\/wp-json\/wp\/v2\/comments?post=1672"}],"version-history":[{"count":0,"href":"https:\/\/www.vmtc.net\/es\/wp-json\/wp\/v2\/pages\/1672\/revisions"}],"wp:attachment":[{"href":"https:\/\/www.vmtc.net\/es\/wp-json\/wp\/v2\/media?parent=1672"}],"curies":[{"name":"wp","href":"https:\/\/api.w.org\/{rel}","templated":true}]}}